{"id":1352,"date":"2023-08-08T11:49:21","date_gmt":"2023-08-08T11:49:21","guid":{"rendered":"https:\/\/nuevalibertad.org\/?page_id=1352"},"modified":"2024-03-06T11:49:36","modified_gmt":"2024-03-06T11:49:36","slug":"publicaciones","status":"publish","type":"page","link":"https:\/\/nuevalibertad.org\/en\/publicaciones\/","title":{"rendered":"Posts"},"content":{"rendered":"<div data-elementor-type=\"wp-page\" data-elementor-id=\"1352\" class=\"elementor elementor-1352\" data-elementor-post-type=\"page\">\n\t\t\t\t\t\t<section class=\"elementor-section elementor-top-section elementor-element elementor-element-6d9a90b elementor-section-height-min-height elementor-section-boxed elementor-section-height-default elementor-section-items-middle\" data-id=\"6d9a90b\" data-element_type=\"section\" data-e-type=\"section\" data-settings=\"{&quot;background_background&quot;:&quot;classic&quot;}\">\n\t\t\t\t\t\t\t<div class=\"elementor-background-overlay\"><\/div>\n\t\t\t\t\t\t\t<div class=\"elementor-container elementor-column-gap-no\">\n\t\t\t\t\t<div class=\"elementor-column elementor-col-100 elementor-top-column elementor-element elementor-element-2eebc89\" data-id=\"2eebc89\" data-element_type=\"column\" data-e-type=\"column\">\n\t\t\t<div class=\"elementor-widget-wrap elementor-element-populated\">\n\t\t\t\t\t\t<div class=\"elementor-element elementor-element-4631ff8 elementor-widget-divider--view-line elementor-widget elementor-widget-divider\" data-id=\"4631ff8\" data-element_type=\"widget\" data-e-type=\"widget\" data-widget_type=\"divider.default\">\n\t\t\t\t<div class=\"elementor-widget-container\">\n\t\t\t\t\t\t\t<div class=\"elementor-divider\">\n\t\t\t<span class=\"elementor-divider-separator\">\n\t\t\t\t\t\t<\/span>\n\t\t<\/div>\n\t\t\t\t\t\t<\/div>\n\t\t\t\t<\/div>\n\t\t\t\t<div class=\"elementor-element elementor-element-ea74c4b elementor-widget elementor-widget-heading\" data-id=\"ea74c4b\" data-element_type=\"widget\" data-e-type=\"widget\" data-widget_type=\"heading.default\">\n\t\t\t\t<div class=\"elementor-widget-container\">\n\t\t\t\t\t<h1 class=\"elementor-heading-title elementor-size-default\">POSTS<\/h1>\t\t\t\t<\/div>\n\t\t\t\t<\/div>\n\t\t\t\t\t<\/div>\n\t\t<\/div>\n\t\t\t\t\t<\/div>\n\t\t<\/section>\n\t\t\t\t<section class=\"elementor-section elementor-top-section elementor-element elementor-element-9a92740 elementor-section-boxed elementor-section-height-default elementor-section-height-default\" data-id=\"9a92740\" data-element_type=\"section\" data-e-type=\"section\" data-settings=\"{&quot;background_background&quot;:&quot;classic&quot;}\">\n\t\t\t\t\t\t<div class=\"elementor-container elementor-column-gap-no\">\n\t\t\t\t\t<div class=\"elementor-column elementor-col-100 elementor-top-column elementor-element elementor-element-7d6afba\" data-id=\"7d6afba\" data-element_type=\"column\" data-e-type=\"column\">\n\t\t\t<div class=\"elementor-widget-wrap elementor-element-populated\">\n\t\t\t\t\t\t<section class=\"elementor-section elementor-inner-section elementor-element elementor-element-f3a2c22 elementor-section-boxed elementor-section-height-default elementor-section-height-default\" data-id=\"f3a2c22\" data-element_type=\"section\" data-e-type=\"section\">\n\t\t\t\t\t\t<div class=\"elementor-container elementor-column-gap-no\">\n\t\t\t\t\t<div class=\"elementor-column elementor-col-50 elementor-inner-column elementor-element elementor-element-be51ca6\" data-id=\"be51ca6\" data-element_type=\"column\" data-e-type=\"column\" data-settings=\"{&quot;background_background&quot;:&quot;classic&quot;}\">\n\t\t\t<div class=\"elementor-widget-wrap elementor-element-populated\">\n\t\t\t\t\t\t<div class=\"elementor-element elementor-element-76fc848 elementor-widget elementor-widget-heading\" data-id=\"76fc848\" data-element_type=\"widget\" data-e-type=\"widget\" data-widget_type=\"heading.default\">\n\t\t\t\t<div class=\"elementor-widget-container\">\n\t\t\t\t\t<h2 class=\"elementor-heading-title elementor-size-default\">Books<\/h2>\t\t\t\t<\/div>\n\t\t\t\t<\/div>\n\t\t\t\t<div class=\"elementor-element elementor-element-1e38a9e elementor-widget-divider--view-line elementor-widget elementor-widget-divider\" data-id=\"1e38a9e\" data-element_type=\"widget\" data-e-type=\"widget\" data-widget_type=\"divider.default\">\n\t\t\t\t<div class=\"elementor-widget-container\">\n\t\t\t\t\t\t\t<div class=\"elementor-divider\">\n\t\t\t<span class=\"elementor-divider-separator\">\n\t\t\t\t\t\t<\/span>\n\t\t<\/div>\n\t\t\t\t\t\t<\/div>\n\t\t\t\t<\/div>\n\t\t\t\t\t<\/div>\n\t\t<\/div>\n\t\t\t\t<div class=\"elementor-column elementor-col-50 elementor-inner-column elementor-element elementor-element-4bfed59\" data-id=\"4bfed59\" data-element_type=\"column\" data-e-type=\"column\" data-settings=\"{&quot;background_background&quot;:&quot;classic&quot;}\">\n\t\t\t<div class=\"elementor-widget-wrap elementor-element-populated\">\n\t\t\t\t\t\t<div class=\"elementor-element elementor-element-b7cd7b0 elementor-align-right elementor-mobile-align-center elementor-widget elementor-widget-button\" data-id=\"b7cd7b0\" data-element_type=\"widget\" data-e-type=\"widget\" data-widget_type=\"button.default\">\n\t\t\t\t<div class=\"elementor-widget-container\">\n\t\t\t\t\t\t\t\t\t<div class=\"elementor-button-wrapper\">\n\t\t\t\t\t<a class=\"elementor-button elementor-button-link elementor-size-sm\" href=\"https:\/\/nuevalibertad.org\/en\/libros\/\">\n\t\t\t\t\t\t<span class=\"elementor-button-content-wrapper\">\n\t\t\t\t\t\t\t\t\t<span class=\"elementor-button-text\">See all<\/span>\n\t\t\t\t\t<\/span>\n\t\t\t\t\t<\/a>\n\t\t\t\t<\/div>\n\t\t\t\t\t\t\t\t<\/div>\n\t\t\t\t<\/div>\n\t\t\t\t\t<\/div>\n\t\t<\/div>\n\t\t\t\t\t<\/div>\n\t\t<\/section>\n\t\t\t\t<section class=\"elementor-section elementor-inner-section elementor-element elementor-element-fce945f elementor-section-boxed elementor-section-height-default elementor-section-height-default\" data-id=\"fce945f\" data-element_type=\"section\" data-e-type=\"section\">\n\t\t\t\t\t\t<div class=\"elementor-container elementor-column-gap-no\">\n\t\t\t\t\t<div class=\"elementor-column elementor-col-100 elementor-inner-column elementor-element elementor-element-9a86a2a\" data-id=\"9a86a2a\" data-element_type=\"column\" data-e-type=\"column\" data-settings=\"{&quot;background_background&quot;:&quot;classic&quot;}\">\n\t\t\t<div class=\"elementor-widget-wrap elementor-element-populated\">\n\t\t\t\t\t\t<div class=\"elementor-element elementor-element-a8e988d elementor-grid-4 elementor-posts--align-center elementor-grid-tablet-2 elementor-grid-mobile-1 elementor-posts--thumbnail-top elementor-widget elementor-widget-posts\" data-id=\"a8e988d\" data-element_type=\"widget\" data-e-type=\"widget\" data-settings=\"{&quot;classic_columns&quot;:&quot;4&quot;,&quot;classic_columns_tablet&quot;:&quot;2&quot;,&quot;classic_columns_mobile&quot;:&quot;1&quot;,&quot;classic_row_gap&quot;:{&quot;unit&quot;:&quot;px&quot;,&quot;size&quot;:35,&quot;sizes&quot;:[]},&quot;classic_row_gap_tablet&quot;:{&quot;unit&quot;:&quot;px&quot;,&quot;size&quot;:&quot;&quot;,&quot;sizes&quot;:[]},&quot;classic_row_gap_mobile&quot;:{&quot;unit&quot;:&quot;px&quot;,&quot;size&quot;:&quot;&quot;,&quot;sizes&quot;:[]}}\" data-widget_type=\"posts.classic\">\n\t\t\t\t<div class=\"elementor-widget-container\">\n\t\t\t\t\t\t\t<div class=\"elementor-posts-container elementor-posts elementor-posts--skin-classic elementor-grid\">\n\t\t\t\t<article class=\"elementor-post elementor-grid-item post-2629 post type-post status-publish format-standard has-post-thumbnail hentry category-libros tag-actualidad tag-educacion tag-educacionmoderna tag-libertad\">\n\t\t\t\t<a class=\"elementor-post__thumbnail__link\" href=\"https:\/\/nuevalibertad.org\/en\/la-falacia-moderna-de-la-educacion-pensamiento-magico-o-pensamiento-debil\/\" tabindex=\"-1\" >\n\t\t\t<div class=\"elementor-post__thumbnail\"><img fetchpriority=\"high\" decoding=\"async\" width=\"768\" height=\"981\" src=\"https:\/\/nuevalibertad.org\/wp-content\/uploads\/2025\/09\/PortadaPabloEducacion-768x981.jpeg\" class=\"attachment-medium_large size-medium_large wp-image-2632\" alt=\"\" srcset=\"https:\/\/nuevalibertad.org\/wp-content\/uploads\/2025\/09\/PortadaPabloEducacion-768x981.jpeg 768w, https:\/\/nuevalibertad.org\/wp-content\/uploads\/2025\/09\/PortadaPabloEducacion-626x800.jpeg 626w, https:\/\/nuevalibertad.org\/wp-content\/uploads\/2025\/09\/PortadaPabloEducacion-801x1024.jpeg 801w, https:\/\/nuevalibertad.org\/wp-content\/uploads\/2025\/09\/PortadaPabloEducacion-9x12.jpeg 9w, https:\/\/nuevalibertad.org\/wp-content\/uploads\/2025\/09\/PortadaPabloEducacion.jpeg 1080w\" sizes=\"(max-width: 768px) 100vw, 768px\" \/><\/div>\n\t\t<\/a>\n\t\t\t\t<div class=\"elementor-post__text\">\n\t\t\t\t<h3 class=\"elementor-post__title\">\n\t\t\t<a href=\"https:\/\/nuevalibertad.org\/en\/la-falacia-moderna-de-la-educacion-pensamiento-magico-o-pensamiento-debil\/\" >\n\t\t\t\tLa Falacia Moderna de la Educaci\u00f3n: \u00bfpensamiento m\u00e1gico o pensamiento d\u00e9bil?\t\t\t<\/a>\n\t\t<\/h3>\n\t\t\t\t\t<div class=\"elementor-post__read-more-wrapper\">\n\t\t\n\t\t<a class=\"elementor-post__read-more\" href=\"https:\/\/nuevalibertad.org\/en\/la-falacia-moderna-de-la-educacion-pensamiento-magico-o-pensamiento-debil\/\" aria-label=\"Read more about La Falacia Moderna de la Educaci\u00f3n: \u00bfpensamiento m\u00e1gico o pensamiento d\u00e9bil?\" tabindex=\"-1\" >\n\t\t\tLeer m\u00e1s \u00bb\t\t<\/a>\n\n\t\t\t\t\t<\/div>\n\t\t\t\t<\/div>\n\t\t\t\t<\/article>\n\t\t\t\t<article class=\"elementor-post elementor-grid-item post-2420 post type-post status-publish format-standard has-post-thumbnail hentry category-libros category-publicaciones-digitales category-sin-categoria tag-empresas tag-empresasfamiliares tag-gobierno-corporativo tag-internacional tag-libertad\">\n\t\t\t\t<a class=\"elementor-post__thumbnail__link\" href=\"https:\/\/nuevalibertad.org\/en\/larga-vida-a-la-empresa-familiar-guia-practica-para-poner-a-punto-tu-negocio\/\" tabindex=\"-1\" >\n\t\t\t<div class=\"elementor-post__thumbnail\"><img decoding=\"async\" width=\"768\" height=\"1085\" src=\"https:\/\/nuevalibertad.org\/wp-content\/uploads\/2024\/06\/WhatsApp-Image-2024-06-15-at-08.19.33-768x1085.jpeg\" class=\"attachment-medium_large size-medium_large wp-image-2421\" alt=\"\" srcset=\"https:\/\/nuevalibertad.org\/wp-content\/uploads\/2024\/06\/WhatsApp-Image-2024-06-15-at-08.19.33-768x1085.jpeg 768w, https:\/\/nuevalibertad.org\/wp-content\/uploads\/2024\/06\/WhatsApp-Image-2024-06-15-at-08.19.33-566x800.jpeg 566w, https:\/\/nuevalibertad.org\/wp-content\/uploads\/2024\/06\/WhatsApp-Image-2024-06-15-at-08.19.33-725x1024.jpeg 725w, https:\/\/nuevalibertad.org\/wp-content\/uploads\/2024\/06\/WhatsApp-Image-2024-06-15-at-08.19.33-8x12.jpeg 8w, https:\/\/nuevalibertad.org\/wp-content\/uploads\/2024\/06\/WhatsApp-Image-2024-06-15-at-08.19.33.jpeg 858w\" sizes=\"(max-width: 768px) 100vw, 768px\" \/><\/div>\n\t\t<\/a>\n\t\t\t\t<div class=\"elementor-post__text\">\n\t\t\t\t<h3 class=\"elementor-post__title\">\n\t\t\t<a href=\"https:\/\/nuevalibertad.org\/en\/larga-vida-a-la-empresa-familiar-guia-practica-para-poner-a-punto-tu-negocio\/\" >\n\t\t\t\tLarga vida a la empresa familiar. Gu\u00eda practica para poner a punto tu negocio.\t\t\t<\/a>\n\t\t<\/h3>\n\t\t\t\t\t<div class=\"elementor-post__read-more-wrapper\">\n\t\t\n\t\t<a class=\"elementor-post__read-more\" href=\"https:\/\/nuevalibertad.org\/en\/larga-vida-a-la-empresa-familiar-guia-practica-para-poner-a-punto-tu-negocio\/\" aria-label=\"Read more about Larga vida a la empresa familiar. Gu\u00eda practica para poner a punto tu negocio.\" tabindex=\"-1\" >\n\t\t\tLeer m\u00e1s \u00bb\t\t<\/a>\n\n\t\t\t\t\t<\/div>\n\t\t\t\t<\/div>\n\t\t\t\t<\/article>\n\t\t\t\t<article class=\"elementor-post elementor-grid-item post-2288 post type-post status-publish format-standard has-post-thumbnail hentry category-articulos category-libros tag-actualidad tag-cultura tag-empresarios tag-exportandotalento tag-internacional tag-negocios\">\n\t\t\t\t<a class=\"elementor-post__thumbnail__link\" href=\"https:\/\/nuevalibertad.org\/en\/antioxydants-pour-lentreprise-familiale-debuta-internacionalmente-en-paris-de-la-mano-de-su-autor-pablo-alamo\/\" tabindex=\"-1\" >\n\t\t\t<div class=\"elementor-post__thumbnail\"><img decoding=\"async\" width=\"768\" height=\"768\" src=\"https:\/\/nuevalibertad.org\/wp-content\/uploads\/2024\/02\/WhatsApp-Image-2024-02-06-at-18.23.56-768x768.jpeg\" class=\"attachment-medium_large size-medium_large wp-image-2302\" alt=\"\" srcset=\"https:\/\/nuevalibertad.org\/wp-content\/uploads\/2024\/02\/WhatsApp-Image-2024-02-06-at-18.23.56-768x768.jpeg 768w, https:\/\/nuevalibertad.org\/wp-content\/uploads\/2024\/02\/WhatsApp-Image-2024-02-06-at-18.23.56-300x300.jpeg 300w, https:\/\/nuevalibertad.org\/wp-content\/uploads\/2024\/02\/WhatsApp-Image-2024-02-06-at-18.23.56-1024x1024.jpeg 1024w, https:\/\/nuevalibertad.org\/wp-content\/uploads\/2024\/02\/WhatsApp-Image-2024-02-06-at-18.23.56-150x150.jpeg 150w, https:\/\/nuevalibertad.org\/wp-content\/uploads\/2024\/02\/WhatsApp-Image-2024-02-06-at-18.23.56-12x12.jpeg 12w, https:\/\/nuevalibertad.org\/wp-content\/uploads\/2024\/02\/WhatsApp-Image-2024-02-06-at-18.23.56.jpeg 1080w\" sizes=\"(max-width: 768px) 100vw, 768px\" \/><\/div>\n\t\t<\/a>\n\t\t\t\t<div class=\"elementor-post__text\">\n\t\t\t\t<h3 class=\"elementor-post__title\">\n\t\t\t<a href=\"https:\/\/nuevalibertad.org\/en\/antioxydants-pour-lentreprise-familiale-debuta-internacionalmente-en-paris-de-la-mano-de-su-autor-pablo-alamo\/\" >\n\t\t\t\tAntioxydants pour l\u2019entreprise familiale, debuta internacionalmente en Paris de la mano de su autor Pablo Alamo.\t\t\t<\/a>\n\t\t<\/h3>\n\t\t\t\t\t<div class=\"elementor-post__read-more-wrapper\">\n\t\t\n\t\t<a class=\"elementor-post__read-more\" href=\"https:\/\/nuevalibertad.org\/en\/antioxydants-pour-lentreprise-familiale-debuta-internacionalmente-en-paris-de-la-mano-de-su-autor-pablo-alamo\/\" aria-label=\"Read more about Antioxydants pour l\u2019entreprise familiale, debuta internacionalmente en Paris de la mano de su autor Pablo Alamo.\" tabindex=\"-1\" >\n\t\t\tLeer m\u00e1s \u00bb\t\t<\/a>\n\n\t\t\t\t\t<\/div>\n\t\t\t\t<\/div>\n\t\t\t\t<\/article>\n\t\t\t\t<article class=\"elementor-post elementor-grid-item post-1583 post type-post status-publish format-standard has-post-thumbnail hentry category-libros\">\n\t\t\t\t<a class=\"elementor-post__thumbnail__link\" href=\"https:\/\/nuevalibertad.org\/en\/larga-vida-a-la-empresa-familiar\/\" tabindex=\"-1\" >\n\t\t\t<div class=\"elementor-post__thumbnail\"><img loading=\"lazy\" decoding=\"async\" width=\"640\" height=\"903\" src=\"https:\/\/nuevalibertad.org\/wp-content\/uploads\/2023\/08\/Larga-Vida-a-la-Empresa-Familiar-Portada.jpg\" class=\"attachment-medium_large size-medium_large wp-image-1586\" alt=\"\" srcset=\"https:\/\/nuevalibertad.org\/wp-content\/uploads\/2023\/08\/Larga-Vida-a-la-Empresa-Familiar-Portada.jpg 640w, https:\/\/nuevalibertad.org\/wp-content\/uploads\/2023\/08\/Larga-Vida-a-la-Empresa-Familiar-Portada-213x300.jpg 213w\" sizes=\"(max-width: 640px) 100vw, 640px\" \/><\/div>\n\t\t<\/a>\n\t\t\t\t<div class=\"elementor-post__text\">\n\t\t\t\t<h3 class=\"elementor-post__title\">\n\t\t\t<a href=\"https:\/\/nuevalibertad.org\/en\/larga-vida-a-la-empresa-familiar\/\" >\n\t\t\t\t\u00a1Larga Vida a la Empresa Familiar!\t\t\t<\/a>\n\t\t<\/h3>\n\t\t\t\t\t<div class=\"elementor-post__read-more-wrapper\">\n\t\t\n\t\t<a class=\"elementor-post__read-more\" href=\"https:\/\/nuevalibertad.org\/en\/larga-vida-a-la-empresa-familiar\/\" aria-label=\"Read more about \u00a1Larga Vida a la Empresa Familiar!\" tabindex=\"-1\" >\n\t\t\tLeer m\u00e1s \u00bb\t\t<\/a>\n\n\t\t\t\t\t<\/div>\n\t\t\t\t<\/div>\n\t\t\t\t<\/article>\n\t\t\t\t<article class=\"elementor-post elementor-grid-item post-1508 post type-post status-publish format-standard has-post-thumbnail hentry category-libros\">\n\t\t\t\t<a class=\"elementor-post__thumbnail__link\" href=\"https:\/\/nuevalibertad.org\/en\/el-fenomeno-trump\/\" tabindex=\"-1\" >\n\t\t\t<div class=\"elementor-post__thumbnail\"><img loading=\"lazy\" decoding=\"async\" width=\"652\" height=\"897\" src=\"https:\/\/nuevalibertad.org\/wp-content\/uploads\/2023\/08\/Fenomeno-Trump.jpg\" class=\"attachment-medium_large size-medium_large wp-image-1510\" alt=\"\" srcset=\"https:\/\/nuevalibertad.org\/wp-content\/uploads\/2023\/08\/Fenomeno-Trump.jpg 652w, https:\/\/nuevalibertad.org\/wp-content\/uploads\/2023\/08\/Fenomeno-Trump-218x300.jpg 218w\" sizes=\"(max-width: 652px) 100vw, 652px\" \/><\/div>\n\t\t<\/a>\n\t\t\t\t<div class=\"elementor-post__text\">\n\t\t\t\t<h3 class=\"elementor-post__title\">\n\t\t\t<a href=\"https:\/\/nuevalibertad.org\/en\/el-fenomeno-trump\/\" >\n\t\t\t\tEl Fen\u00f3meno Trump\t\t\t<\/a>\n\t\t<\/h3>\n\t\t\t\t\t<div class=\"elementor-post__read-more-wrapper\">\n\t\t\n\t\t<a class=\"elementor-post__read-more\" href=\"https:\/\/nuevalibertad.org\/en\/el-fenomeno-trump\/\" aria-label=\"Read more about El Fen\u00f3meno Trump\" tabindex=\"-1\" >\n\t\t\tLeer m\u00e1s \u00bb\t\t<\/a>\n\n\t\t\t\t\t<\/div>\n\t\t\t\t<\/div>\n\t\t\t\t<\/article>\n\t\t\t\t<article class=\"elementor-post elementor-grid-item post-1437 post type-post status-publish format-standard has-post-thumbnail hentry category-libros\">\n\t\t\t\t<a class=\"elementor-post__thumbnail__link\" href=\"https:\/\/nuevalibertad.org\/en\/la-solucion-pekerman\/\" tabindex=\"-1\" >\n\t\t\t<div class=\"elementor-post__thumbnail\"><img loading=\"lazy\" decoding=\"async\" width=\"768\" height=\"1101\" src=\"https:\/\/nuevalibertad.org\/wp-content\/uploads\/2023\/08\/La-solucion-Pekerman-768x1101.jpg\" class=\"attachment-medium_large size-medium_large wp-image-1420\" alt=\"\" srcset=\"https:\/\/nuevalibertad.org\/wp-content\/uploads\/2023\/08\/La-solucion-Pekerman-768x1101.jpg 768w, https:\/\/nuevalibertad.org\/wp-content\/uploads\/2023\/08\/La-solucion-Pekerman-209x300.jpg 209w, https:\/\/nuevalibertad.org\/wp-content\/uploads\/2023\/08\/La-solucion-Pekerman-715x1024.jpg 715w, https:\/\/nuevalibertad.org\/wp-content\/uploads\/2023\/08\/La-solucion-Pekerman-1072x1536.jpg 1072w, https:\/\/nuevalibertad.org\/wp-content\/uploads\/2023\/08\/La-solucion-Pekerman-1429x2048.jpg 1429w, https:\/\/nuevalibertad.org\/wp-content\/uploads\/2023\/08\/La-solucion-Pekerman-scaled.jpg 1786w\" sizes=\"(max-width: 768px) 100vw, 768px\" \/><\/div>\n\t\t<\/a>\n\t\t\t\t<div class=\"elementor-post__text\">\n\t\t\t\t<h3 class=\"elementor-post__title\">\n\t\t\t<a href=\"https:\/\/nuevalibertad.org\/en\/la-solucion-pekerman\/\" >\n\t\t\t\tLa soluci\u00f3n P\u00e9kerman\t\t\t<\/a>\n\t\t<\/h3>\n\t\t\t\t\t<div class=\"elementor-post__read-more-wrapper\">\n\t\t\n\t\t<a class=\"elementor-post__read-more\" href=\"https:\/\/nuevalibertad.org\/en\/la-solucion-pekerman\/\" aria-label=\"Read more about La soluci\u00f3n P\u00e9kerman\" tabindex=\"-1\" >\n\t\t\tLeer m\u00e1s \u00bb\t\t<\/a>\n\n\t\t\t\t\t<\/div>\n\t\t\t\t<\/div>\n\t\t\t\t<\/article>\n\t\t\t\t<\/div>\n\t\t\n\t\t\t\t\t\t<\/div>\n\t\t\t\t<\/div>\n\t\t\t\t\t<\/div>\n\t\t<\/div>\n\t\t\t\t\t<\/div>\n\t\t<\/section>\n\t\t\t\t<section class=\"elementor-section elementor-inner-section elementor-element elementor-element-f846e17 elementor-section-boxed elementor-section-height-default elementor-section-height-default\" data-id=\"f846e17\" data-element_type=\"section\" data-e-type=\"section\">\n\t\t\t\t\t\t<div class=\"elementor-container elementor-column-gap-no\">\n\t\t\t\t\t<div class=\"elementor-column elementor-col-50 elementor-inner-column elementor-element elementor-element-e339b2e\" data-id=\"e339b2e\" data-element_type=\"column\" data-e-type=\"column\" data-settings=\"{&quot;background_background&quot;:&quot;classic&quot;}\">\n\t\t\t<div class=\"elementor-widget-wrap elementor-element-populated\">\n\t\t\t\t\t\t<div class=\"elementor-element elementor-element-0a79492 elementor-widget elementor-widget-heading\" data-id=\"0a79492\" data-element_type=\"widget\" data-e-type=\"widget\" data-widget_type=\"heading.default\">\n\t\t\t\t<div class=\"elementor-widget-container\">\n\t\t\t\t\t<h2 class=\"elementor-heading-title elementor-size-default\">Articles<\/h2>\t\t\t\t<\/div>\n\t\t\t\t<\/div>\n\t\t\t\t<div class=\"elementor-element elementor-element-732d1e7 elementor-widget-divider--view-line elementor-widget elementor-widget-divider\" data-id=\"732d1e7\" data-element_type=\"widget\" data-e-type=\"widget\" data-widget_type=\"divider.default\">\n\t\t\t\t<div class=\"elementor-widget-container\">\n\t\t\t\t\t\t\t<div class=\"elementor-divider\">\n\t\t\t<span class=\"elementor-divider-separator\">\n\t\t\t\t\t\t<\/span>\n\t\t<\/div>\n\t\t\t\t\t\t<\/div>\n\t\t\t\t<\/div>\n\t\t\t\t\t<\/div>\n\t\t<\/div>\n\t\t\t\t<div class=\"elementor-column elementor-col-50 elementor-inner-column elementor-element elementor-element-cd97cac\" data-id=\"cd97cac\" data-element_type=\"column\" data-e-type=\"column\" data-settings=\"{&quot;background_background&quot;:&quot;classic&quot;}\">\n\t\t\t<div class=\"elementor-widget-wrap elementor-element-populated\">\n\t\t\t\t\t\t<div class=\"elementor-element elementor-element-00a5d11 elementor-align-right elementor-mobile-align-center elementor-widget elementor-widget-button\" data-id=\"00a5d11\" data-element_type=\"widget\" data-e-type=\"widget\" data-widget_type=\"button.default\">\n\t\t\t\t<div class=\"elementor-widget-container\">\n\t\t\t\t\t\t\t\t\t<div class=\"elementor-button-wrapper\">\n\t\t\t\t\t<a class=\"elementor-button elementor-button-link elementor-size-sm\" href=\"https:\/\/nuevalibertad.org\/en\/articulos\/\">\n\t\t\t\t\t\t<span class=\"elementor-button-content-wrapper\">\n\t\t\t\t\t\t\t\t\t<span class=\"elementor-button-text\">See all<\/span>\n\t\t\t\t\t<\/span>\n\t\t\t\t\t<\/a>\n\t\t\t\t<\/div>\n\t\t\t\t\t\t\t\t<\/div>\n\t\t\t\t<\/div>\n\t\t\t\t\t<\/div>\n\t\t<\/div>\n\t\t\t\t\t<\/div>\n\t\t<\/section>\n\t\t\t\t<section class=\"elementor-section elementor-inner-section elementor-element elementor-element-ae231b9 elementor-section-boxed elementor-section-height-default elementor-section-height-default\" data-id=\"ae231b9\" data-element_type=\"section\" data-e-type=\"section\">\n\t\t\t\t\t\t<div class=\"elementor-container elementor-column-gap-no\">\n\t\t\t\t\t<div class=\"elementor-column elementor-col-100 elementor-inner-column elementor-element elementor-element-d693090\" data-id=\"d693090\" data-element_type=\"column\" data-e-type=\"column\" data-settings=\"{&quot;background_background&quot;:&quot;classic&quot;}\">\n\t\t\t<div class=\"elementor-widget-wrap elementor-element-populated\">\n\t\t\t\t\t\t<div class=\"elementor-element elementor-element-4efd186 elementor-grid-4 elementor-posts--align-center elementor-grid-tablet-2 elementor-grid-mobile-1 elementor-posts--thumbnail-top elementor-widget elementor-widget-posts\" data-id=\"4efd186\" data-element_type=\"widget\" data-e-type=\"widget\" data-settings=\"{&quot;classic_columns&quot;:&quot;4&quot;,&quot;classic_columns_tablet&quot;:&quot;2&quot;,&quot;classic_columns_mobile&quot;:&quot;1&quot;,&quot;classic_row_gap&quot;:{&quot;unit&quot;:&quot;px&quot;,&quot;size&quot;:35,&quot;sizes&quot;:[]},&quot;classic_row_gap_tablet&quot;:{&quot;unit&quot;:&quot;px&quot;,&quot;size&quot;:&quot;&quot;,&quot;sizes&quot;:[]},&quot;classic_row_gap_mobile&quot;:{&quot;unit&quot;:&quot;px&quot;,&quot;size&quot;:&quot;&quot;,&quot;sizes&quot;:[]}}\" data-widget_type=\"posts.classic\">\n\t\t\t\t<div class=\"elementor-widget-container\">\n\t\t\t\t\t\t\t<div class=\"elementor-posts-container elementor-posts elementor-posts--skin-classic elementor-grid\">\n\t\t\t\t<article class=\"elementor-post elementor-grid-item post-2653 post type-post status-publish format-standard has-post-thumbnail hentry category-articulos tag-gobierno-corporativo tag-politica\">\n\t\t\t\t<a class=\"elementor-post__thumbnail__link\" href=\"https:\/\/nuevalibertad.org\/en\/el-dilema-del-fundador\/\" tabindex=\"-1\" >\n\t\t\t<div class=\"elementor-post__thumbnail\"><img loading=\"lazy\" decoding=\"async\" width=\"768\" height=\"512\" src=\"https:\/\/nuevalibertad.org\/wp-content\/uploads\/2026\/03\/HOMBREempresa-768x512.jpg\" class=\"attachment-medium_large size-medium_large wp-image-2654\" alt=\"banco de imagenes\" srcset=\"https:\/\/nuevalibertad.org\/wp-content\/uploads\/2026\/03\/HOMBREempresa-768x512.jpg 768w, https:\/\/nuevalibertad.org\/wp-content\/uploads\/2026\/03\/HOMBREempresa-800x533.jpg 800w, https:\/\/nuevalibertad.org\/wp-content\/uploads\/2026\/03\/HOMBREempresa-1024x683.jpg 1024w, https:\/\/nuevalibertad.org\/wp-content\/uploads\/2026\/03\/HOMBREempresa-1536x1024.jpg 1536w, https:\/\/nuevalibertad.org\/wp-content\/uploads\/2026\/03\/HOMBREempresa-2048x1365.jpg 2048w, https:\/\/nuevalibertad.org\/wp-content\/uploads\/2026\/03\/HOMBREempresa-18x12.jpg 18w\" sizes=\"(max-width: 768px) 100vw, 768px\" \/><\/div>\n\t\t<\/a>\n\t\t\t\t<div class=\"elementor-post__text\">\n\t\t\t\t<h3 class=\"elementor-post__title\">\n\t\t\t<a href=\"https:\/\/nuevalibertad.org\/en\/el-dilema-del-fundador\/\" >\n\t\t\t\tEl Dilema del Fundador\t\t\t<\/a>\n\t\t<\/h3>\n\t\t\t\t\t<div class=\"elementor-post__read-more-wrapper\">\n\t\t\n\t\t<a class=\"elementor-post__read-more\" href=\"https:\/\/nuevalibertad.org\/en\/el-dilema-del-fundador\/\" aria-label=\"Read more about El Dilema del Fundador\" tabindex=\"-1\" >\n\t\t\tLeer m\u00e1s \u00bb\t\t<\/a>\n\n\t\t\t\t\t<\/div>\n\t\t\t\t<\/div>\n\t\t\t\t<\/article>\n\t\t\t\t<article class=\"elementor-post elementor-grid-item post-2642 post type-post status-publish format-standard has-post-thumbnail hentry category-articulos tag-acuerdo-ue-mercosur tag-internacional\">\n\t\t\t\t<a class=\"elementor-post__thumbnail__link\" href=\"https:\/\/nuevalibertad.org\/en\/por-que-francia-paso-del-apoyo-al-rechazo-del-acuerdo-ue-mercosur\/\" tabindex=\"-1\" >\n\t\t\t<div class=\"elementor-post__thumbnail\"><img loading=\"lazy\" decoding=\"async\" width=\"768\" height=\"512\" src=\"https:\/\/nuevalibertad.org\/wp-content\/uploads\/2026\/01\/pexels-ieva-brinkmane-1052950035-20432167-768x512.jpg\" class=\"attachment-medium_large size-medium_large wp-image-2643\" alt=\"Foto Banco Imagenes autoria: Ieva Brinkmane\" srcset=\"https:\/\/nuevalibertad.org\/wp-content\/uploads\/2026\/01\/pexels-ieva-brinkmane-1052950035-20432167-768x512.jpg 768w, https:\/\/nuevalibertad.org\/wp-content\/uploads\/2026\/01\/pexels-ieva-brinkmane-1052950035-20432167-800x533.jpg 800w, https:\/\/nuevalibertad.org\/wp-content\/uploads\/2026\/01\/pexels-ieva-brinkmane-1052950035-20432167-1024x683.jpg 1024w, https:\/\/nuevalibertad.org\/wp-content\/uploads\/2026\/01\/pexels-ieva-brinkmane-1052950035-20432167-1536x1024.jpg 1536w, https:\/\/nuevalibertad.org\/wp-content\/uploads\/2026\/01\/pexels-ieva-brinkmane-1052950035-20432167-2048x1365.jpg 2048w, https:\/\/nuevalibertad.org\/wp-content\/uploads\/2026\/01\/pexels-ieva-brinkmane-1052950035-20432167-18x12.jpg 18w\" sizes=\"(max-width: 768px) 100vw, 768px\" \/><\/div>\n\t\t<\/a>\n\t\t\t\t<div class=\"elementor-post__text\">\n\t\t\t\t<h3 class=\"elementor-post__title\">\n\t\t\t<a href=\"https:\/\/nuevalibertad.org\/en\/por-que-francia-paso-del-apoyo-al-rechazo-del-acuerdo-ue-mercosur\/\" >\n\t\t\t\t\u00bfPor qu\u00e9 Francia pas\u00f3 del apoyo al rechazo del acuerdo UE-Mercosur?\t\t\t<\/a>\n\t\t<\/h3>\n\t\t\t\t\t<div class=\"elementor-post__read-more-wrapper\">\n\t\t\n\t\t<a class=\"elementor-post__read-more\" href=\"https:\/\/nuevalibertad.org\/en\/por-que-francia-paso-del-apoyo-al-rechazo-del-acuerdo-ue-mercosur\/\" aria-label=\"Read more about \u00bfPor qu\u00e9 Francia pas\u00f3 del apoyo al rechazo del acuerdo UE-Mercosur?\" tabindex=\"-1\" >\n\t\t\tLeer m\u00e1s \u00bb\t\t<\/a>\n\n\t\t\t\t\t<\/div>\n\t\t\t\t<\/div>\n\t\t\t\t<\/article>\n\t\t\t\t<article class=\"elementor-post elementor-grid-item post-2621 post type-post status-publish format-standard has-post-thumbnail hentry category-articulos category-publicaciones-digitales tag-actualidad tag-crisispolitica tag-economia tag-futurogobiernomacron tag-internacional tag-politica\">\n\t\t\t\t<a class=\"elementor-post__thumbnail__link\" href=\"https:\/\/nuevalibertad.org\/en\/crisis-politica-en-francia-2025-el-gobierno-de-macron-colapsa\/\" tabindex=\"-1\" >\n\t\t\t<div class=\"elementor-post__thumbnail\"><img loading=\"lazy\" decoding=\"async\" width=\"512\" height=\"512\" src=\"https:\/\/nuevalibertad.org\/wp-content\/uploads\/2025\/09\/franciaGEMINI-1.png\" class=\"attachment-medium_large size-medium_large wp-image-2623\" alt=\"\" srcset=\"https:\/\/nuevalibertad.org\/wp-content\/uploads\/2025\/09\/franciaGEMINI-1.png 512w, https:\/\/nuevalibertad.org\/wp-content\/uploads\/2025\/09\/franciaGEMINI-1-12x12.png 12w\" sizes=\"(max-width: 512px) 100vw, 512px\" \/><\/div>\n\t\t<\/a>\n\t\t\t\t<div class=\"elementor-post__text\">\n\t\t\t\t<h3 class=\"elementor-post__title\">\n\t\t\t<a href=\"https:\/\/nuevalibertad.org\/en\/crisis-politica-en-francia-2025-el-gobierno-de-macron-colapsa\/\" >\n\t\t\t\tCrisis Pol\u00edtica en Francia 2025. El Gobierno de Macron, Colapsa\t\t\t<\/a>\n\t\t<\/h3>\n\t\t\t\t\t<div class=\"elementor-post__read-more-wrapper\">\n\t\t\n\t\t<a class=\"elementor-post__read-more\" href=\"https:\/\/nuevalibertad.org\/en\/crisis-politica-en-francia-2025-el-gobierno-de-macron-colapsa\/\" aria-label=\"Read more about Crisis Pol\u00edtica en Francia 2025. El Gobierno de Macron, Colapsa\" tabindex=\"-1\" >\n\t\t\tLeer m\u00e1s \u00bb\t\t<\/a>\n\n\t\t\t\t\t<\/div>\n\t\t\t\t<\/div>\n\t\t\t\t<\/article>\n\t\t\t\t<article class=\"elementor-post elementor-grid-item post-2616 post type-post status-publish format-standard has-post-thumbnail hentry category-articulos category-sin-categoria tag-actualidad tag-economia tag-internacional tag-politica\">\n\t\t\t\t<a class=\"elementor-post__thumbnail__link\" href=\"https:\/\/nuevalibertad.org\/en\/francia-sacrifica-su-modelo-social-para-salvar-su-economia\/\" tabindex=\"-1\" >\n\t\t\t<div class=\"elementor-post__thumbnail\"><img loading=\"lazy\" decoding=\"async\" width=\"366\" height=\"256\" src=\"https:\/\/nuevalibertad.org\/wp-content\/uploads\/2025\/07\/bayrou-RLZfWgjJPaFmmwpGTUmwXxJ-366x256@diario_abc.webp\" class=\"attachment-medium_large size-medium_large wp-image-2618\" alt=\"\" srcset=\"https:\/\/nuevalibertad.org\/wp-content\/uploads\/2025\/07\/bayrou-RLZfWgjJPaFmmwpGTUmwXxJ-366x256@diario_abc.webp 366w, https:\/\/nuevalibertad.org\/wp-content\/uploads\/2025\/07\/bayrou-RLZfWgjJPaFmmwpGTUmwXxJ-366x256@diario_abc-18x12.webp 18w\" sizes=\"(max-width: 366px) 100vw, 366px\" \/><\/div>\n\t\t<\/a>\n\t\t\t\t<div class=\"elementor-post__text\">\n\t\t\t\t<h3 class=\"elementor-post__title\">\n\t\t\t<a href=\"https:\/\/nuevalibertad.org\/en\/francia-sacrifica-su-modelo-social-para-salvar-su-economia\/\" >\n\t\t\t\tFrancia sacrifica su modelo social para salvar su econom\u00eda\t\t\t<\/a>\n\t\t<\/h3>\n\t\t\t\t\t<div class=\"elementor-post__read-more-wrapper\">\n\t\t\n\t\t<a class=\"elementor-post__read-more\" href=\"https:\/\/nuevalibertad.org\/en\/francia-sacrifica-su-modelo-social-para-salvar-su-economia\/\" aria-label=\"Read more about Francia sacrifica su modelo social para salvar su econom\u00eda\" tabindex=\"-1\" >\n\t\t\tLeer m\u00e1s \u00bb\t\t<\/a>\n\n\t\t\t\t\t<\/div>\n\t\t\t\t<\/div>\n\t\t\t\t<\/article>\n\t\t\t\t<article class=\"elementor-post elementor-grid-item post-2611 post type-post status-publish format-standard has-post-thumbnail hentry category-articulos category-publicaciones-digitales tag-actualidad tag-internacional tag-politica\">\n\t\t\t\t<a class=\"elementor-post__thumbnail__link\" href=\"https:\/\/nuevalibertad.org\/en\/expertos-internacionales-destacan-la-transformacion-de-el-salvador-como-un-modelo-regional-con-potencial-global\/\" tabindex=\"-1\" >\n\t\t\t<div class=\"elementor-post__thumbnail\"><img loading=\"lazy\" decoding=\"async\" width=\"768\" height=\"400\" src=\"https:\/\/nuevalibertad.org\/wp-content\/uploads\/2025\/07\/profile-picture-nb-768x400.webp\" class=\"attachment-medium_large size-medium_large wp-image-2612\" alt=\"\" srcset=\"https:\/\/nuevalibertad.org\/wp-content\/uploads\/2025\/07\/profile-picture-nb-768x400.webp 768w, https:\/\/nuevalibertad.org\/wp-content\/uploads\/2025\/07\/profile-picture-nb-800x417.webp 800w, https:\/\/nuevalibertad.org\/wp-content\/uploads\/2025\/07\/profile-picture-nb-1024x534.webp 1024w, https:\/\/nuevalibertad.org\/wp-content\/uploads\/2025\/07\/profile-picture-nb-18x9.webp 18w, https:\/\/nuevalibertad.org\/wp-content\/uploads\/2025\/07\/profile-picture-nb.webp 1170w\" sizes=\"(max-width: 768px) 100vw, 768px\" \/><\/div>\n\t\t<\/a>\n\t\t\t\t<div class=\"elementor-post__text\">\n\t\t\t\t<h3 class=\"elementor-post__title\">\n\t\t\t<a href=\"https:\/\/nuevalibertad.org\/en\/expertos-internacionales-destacan-la-transformacion-de-el-salvador-como-un-modelo-regional-con-potencial-global\/\" >\n\t\t\t\tExpertos Internacionales Destacan la Transformaci\u00f3n de El Salvador como un Modelo Regional con Potencial Global\t\t\t<\/a>\n\t\t<\/h3>\n\t\t\t\t\t<div class=\"elementor-post__read-more-wrapper\">\n\t\t\n\t\t<a class=\"elementor-post__read-more\" href=\"https:\/\/nuevalibertad.org\/en\/expertos-internacionales-destacan-la-transformacion-de-el-salvador-como-un-modelo-regional-con-potencial-global\/\" aria-label=\"Read more about Expertos Internacionales Destacan la Transformaci\u00f3n de El Salvador como un Modelo Regional con Potencial Global\" tabindex=\"-1\" >\n\t\t\tLeer m\u00e1s \u00bb\t\t<\/a>\n\n\t\t\t\t\t<\/div>\n\t\t\t\t<\/div>\n\t\t\t\t<\/article>\n\t\t\t\t<article class=\"elementor-post elementor-grid-item post-2579 post type-post status-publish format-standard has-post-thumbnail hentry category-articulos category-publicaciones-digitales tag-actualidad tag-francia tag-internacional tag-libertad\">\n\t\t\t\t<a class=\"elementor-post__thumbnail__link\" href=\"https:\/\/nuevalibertad.org\/en\/los-jovenes-de-la-era-digital-y-redes-sociales-vuelven-a-la-fe-entre-pantallas-y-espiritualidad\/\" tabindex=\"-1\" >\n\t\t\t<div class=\"elementor-post__thumbnail\"><img loading=\"lazy\" decoding=\"async\" width=\"768\" height=\"512\" src=\"https:\/\/nuevalibertad.org\/wp-content\/uploads\/2025\/04\/FOTOIICATOLICOS-768x512.jpg\" class=\"attachment-medium_large size-medium_large wp-image-2580\" alt=\"\" srcset=\"https:\/\/nuevalibertad.org\/wp-content\/uploads\/2025\/04\/FOTOIICATOLICOS-768x512.jpg 768w, https:\/\/nuevalibertad.org\/wp-content\/uploads\/2025\/04\/FOTOIICATOLICOS-800x533.jpg 800w, https:\/\/nuevalibertad.org\/wp-content\/uploads\/2025\/04\/FOTOIICATOLICOS-1024x683.jpg 1024w, https:\/\/nuevalibertad.org\/wp-content\/uploads\/2025\/04\/FOTOIICATOLICOS-1536x1024.jpg 1536w, https:\/\/nuevalibertad.org\/wp-content\/uploads\/2025\/04\/FOTOIICATOLICOS-2048x1366.jpg 2048w, https:\/\/nuevalibertad.org\/wp-content\/uploads\/2025\/04\/FOTOIICATOLICOS-18x12.jpg 18w\" sizes=\"(max-width: 768px) 100vw, 768px\" \/><\/div>\n\t\t<\/a>\n\t\t\t\t<div class=\"elementor-post__text\">\n\t\t\t\t<h3 class=\"elementor-post__title\">\n\t\t\t<a href=\"https:\/\/nuevalibertad.org\/en\/los-jovenes-de-la-era-digital-y-redes-sociales-vuelven-a-la-fe-entre-pantallas-y-espiritualidad\/\" >\n\t\t\t\tLos j\u00f3venes de la era digital y redes sociales, vuelven a la fe; Entre pantallas y espiritualidad.\t\t\t<\/a>\n\t\t<\/h3>\n\t\t\t\t\t<div class=\"elementor-post__read-more-wrapper\">\n\t\t\n\t\t<a class=\"elementor-post__read-more\" href=\"https:\/\/nuevalibertad.org\/en\/los-jovenes-de-la-era-digital-y-redes-sociales-vuelven-a-la-fe-entre-pantallas-y-espiritualidad\/\" aria-label=\"Read more about Los j\u00f3venes de la era digital y redes sociales, vuelven a la fe; Entre pantallas y espiritualidad.\" tabindex=\"-1\" >\n\t\t\tLeer m\u00e1s \u00bb\t\t<\/a>\n\n\t\t\t\t\t<\/div>\n\t\t\t\t<\/div>\n\t\t\t\t<\/article>\n\t\t\t\t<article class=\"elementor-post elementor-grid-item post-2568 post type-post status-publish format-standard has-post-thumbnail hentry category-articulos category-publicaciones-digitales tag-actualidad tag-democracia tag-internacional tag-libertad tag-politica\">\n\t\t\t\t<a class=\"elementor-post__thumbnail__link\" href=\"https:\/\/nuevalibertad.org\/en\/adios-le-pen-lo-importante-es-el-proyecto-no-las-personas\/\" tabindex=\"-1\" >\n\t\t\t<div class=\"elementor-post__thumbnail\"><img loading=\"lazy\" decoding=\"async\" width=\"768\" height=\"432\" src=\"https:\/\/nuevalibertad.org\/wp-content\/uploads\/2025\/04\/Le-Pen-TF1-768x432.png\" class=\"attachment-medium_large size-medium_large wp-image-2570\" alt=\"\" srcset=\"https:\/\/nuevalibertad.org\/wp-content\/uploads\/2025\/04\/Le-Pen-TF1-768x432.png 768w, https:\/\/nuevalibertad.org\/wp-content\/uploads\/2025\/04\/Le-Pen-TF1-800x450.png 800w, https:\/\/nuevalibertad.org\/wp-content\/uploads\/2025\/04\/Le-Pen-TF1-1024x577.png 1024w, https:\/\/nuevalibertad.org\/wp-content\/uploads\/2025\/04\/Le-Pen-TF1-18x10.png 18w, https:\/\/nuevalibertad.org\/wp-content\/uploads\/2025\/04\/Le-Pen-TF1.png 1030w\" sizes=\"(max-width: 768px) 100vw, 768px\" \/><\/div>\n\t\t<\/a>\n\t\t\t\t<div class=\"elementor-post__text\">\n\t\t\t\t<h3 class=\"elementor-post__title\">\n\t\t\t<a href=\"https:\/\/nuevalibertad.org\/en\/adios-le-pen-lo-importante-es-el-proyecto-no-las-personas\/\" >\n\t\t\t\tAdi\u00f3s Le Pen, \u00ablo importante es el proyecto no las personas\u00bb .\t\t\t<\/a>\n\t\t<\/h3>\n\t\t\t\t\t<div class=\"elementor-post__read-more-wrapper\">\n\t\t\n\t\t<a class=\"elementor-post__read-more\" href=\"https:\/\/nuevalibertad.org\/en\/adios-le-pen-lo-importante-es-el-proyecto-no-las-personas\/\" aria-label=\"Read more about Adi\u00f3s Le Pen, \u00ablo importante es el proyecto no las personas\u00bb .\" tabindex=\"-1\" >\n\t\t\tLeer m\u00e1s \u00bb\t\t<\/a>\n\n\t\t\t\t\t<\/div>\n\t\t\t\t<\/div>\n\t\t\t\t<\/article>\n\t\t\t\t<article class=\"elementor-post elementor-grid-item post-2539 post type-post status-publish format-standard has-post-thumbnail hentry category-articulos category-publicaciones-digitales tag-actualidad tag-democracia tag-elecciones tag-internacional tag-politica tag-usa\">\n\t\t\t\t<a class=\"elementor-post__thumbnail__link\" href=\"https:\/\/nuevalibertad.org\/en\/y-trump-no-defraudo\/\" tabindex=\"-1\" >\n\t\t\t<div class=\"elementor-post__thumbnail\"><img loading=\"lazy\" decoding=\"async\" width=\"300\" height=\"168\" src=\"https:\/\/nuevalibertad.org\/wp-content\/uploads\/2025\/01\/trump.jpeg\" class=\"attachment-medium_large size-medium_large wp-image-2540\" alt=\"\" srcset=\"https:\/\/nuevalibertad.org\/wp-content\/uploads\/2025\/01\/trump.jpeg 300w, https:\/\/nuevalibertad.org\/wp-content\/uploads\/2025\/01\/trump-18x10.jpeg 18w\" sizes=\"(max-width: 300px) 100vw, 300px\" \/><\/div>\n\t\t<\/a>\n\t\t\t\t<div class=\"elementor-post__text\">\n\t\t\t\t<h3 class=\"elementor-post__title\">\n\t\t\t<a href=\"https:\/\/nuevalibertad.org\/en\/y-trump-no-defraudo\/\" >\n\t\t\t\tY Trump no defraud\u00f3\t\t\t<\/a>\n\t\t<\/h3>\n\t\t\t\t\t<div class=\"elementor-post__read-more-wrapper\">\n\t\t\n\t\t<a class=\"elementor-post__read-more\" href=\"https:\/\/nuevalibertad.org\/en\/y-trump-no-defraudo\/\" aria-label=\"Read more about Y Trump no defraud\u00f3\" tabindex=\"-1\" >\n\t\t\tLeer m\u00e1s \u00bb\t\t<\/a>\n\n\t\t\t\t\t<\/div>\n\t\t\t\t<\/div>\n\t\t\t\t<\/article>\n\t\t\t\t<\/div>\n\t\t\n\t\t\t\t\t\t<\/div>\n\t\t\t\t<\/div>\n\t\t\t\t\t<\/div>\n\t\t<\/div>\n\t\t\t\t\t<\/div>\n\t\t<\/section>\n\t\t\t\t<section class=\"elementor-section elementor-inner-section elementor-element elementor-element-6aa084e elementor-section-boxed elementor-section-height-default elementor-section-height-default\" data-id=\"6aa084e\" data-element_type=\"section\" data-e-type=\"section\">\n\t\t\t\t\t\t<div class=\"elementor-container elementor-column-gap-no\">\n\t\t\t\t\t<div class=\"elementor-column elementor-col-50 elementor-inner-column elementor-element elementor-element-43454af\" data-id=\"43454af\" data-element_type=\"column\" data-e-type=\"column\" data-settings=\"{&quot;background_background&quot;:&quot;classic&quot;}\">\n\t\t\t<div class=\"elementor-widget-wrap elementor-element-populated\">\n\t\t\t\t\t\t<div class=\"elementor-element elementor-element-8a170d4 elementor-widget elementor-widget-heading\" data-id=\"8a170d4\" data-element_type=\"widget\" data-e-type=\"widget\" data-widget_type=\"heading.default\">\n\t\t\t\t<div class=\"elementor-widget-container\">\n\t\t\t\t\t<h2 class=\"elementor-heading-title elementor-size-default\">Digital Posts<\/h2>\t\t\t\t<\/div>\n\t\t\t\t<\/div>\n\t\t\t\t<div class=\"elementor-element elementor-element-071ca7e elementor-widget-divider--view-line elementor-widget elementor-widget-divider\" data-id=\"071ca7e\" data-element_type=\"widget\" data-e-type=\"widget\" data-widget_type=\"divider.default\">\n\t\t\t\t<div class=\"elementor-widget-container\">\n\t\t\t\t\t\t\t<div class=\"elementor-divider\">\n\t\t\t<span class=\"elementor-divider-separator\">\n\t\t\t\t\t\t<\/span>\n\t\t<\/div>\n\t\t\t\t\t\t<\/div>\n\t\t\t\t<\/div>\n\t\t\t\t\t<\/div>\n\t\t<\/div>\n\t\t\t\t<div class=\"elementor-column elementor-col-50 elementor-inner-column elementor-element elementor-element-65463b5\" data-id=\"65463b5\" data-element_type=\"column\" data-e-type=\"column\" data-settings=\"{&quot;background_background&quot;:&quot;classic&quot;}\">\n\t\t\t<div class=\"elementor-widget-wrap elementor-element-populated\">\n\t\t\t\t\t\t<div class=\"elementor-element elementor-element-179d537 elementor-align-right elementor-mobile-align-center elementor-widget elementor-widget-button\" data-id=\"179d537\" data-element_type=\"widget\" data-e-type=\"widget\" data-widget_type=\"button.default\">\n\t\t\t\t<div class=\"elementor-widget-container\">\n\t\t\t\t\t\t\t\t\t<div class=\"elementor-button-wrapper\">\n\t\t\t\t\t<a class=\"elementor-button elementor-button-link elementor-size-sm\" href=\"https:\/\/nuevalibertad.org\/en\/publicaciones-digitales\/\">\n\t\t\t\t\t\t<span class=\"elementor-button-content-wrapper\">\n\t\t\t\t\t\t\t\t\t<span class=\"elementor-button-text\">See all<\/span>\n\t\t\t\t\t<\/span>\n\t\t\t\t\t<\/a>\n\t\t\t\t<\/div>\n\t\t\t\t\t\t\t\t<\/div>\n\t\t\t\t<\/div>\n\t\t\t\t\t<\/div>\n\t\t<\/div>\n\t\t\t\t\t<\/div>\n\t\t<\/section>\n\t\t\t\t<section class=\"elementor-section elementor-inner-section elementor-element elementor-element-4b7b156 elementor-section-boxed elementor-section-height-default elementor-section-height-default\" data-id=\"4b7b156\" data-element_type=\"section\" data-e-type=\"section\">\n\t\t\t\t\t\t<div class=\"elementor-container elementor-column-gap-no\">\n\t\t\t\t\t<div class=\"elementor-column elementor-col-100 elementor-inner-column elementor-element elementor-element-908ec0f\" data-id=\"908ec0f\" data-element_type=\"column\" data-e-type=\"column\" data-settings=\"{&quot;background_background&quot;:&quot;classic&quot;}\">\n\t\t\t<div class=\"elementor-widget-wrap elementor-element-populated\">\n\t\t\t\t\t\t<div class=\"elementor-element elementor-element-e1b6087 elementor-grid-4 elementor-posts--align-center elementor-grid-tablet-2 elementor-grid-mobile-1 elementor-posts--thumbnail-top elementor-widget elementor-widget-posts\" data-id=\"e1b6087\" data-element_type=\"widget\" data-e-type=\"widget\" data-settings=\"{&quot;classic_columns&quot;:&quot;4&quot;,&quot;classic_columns_tablet&quot;:&quot;2&quot;,&quot;classic_columns_mobile&quot;:&quot;1&quot;,&quot;classic_row_gap&quot;:{&quot;unit&quot;:&quot;px&quot;,&quot;size&quot;:35,&quot;sizes&quot;:[]},&quot;classic_row_gap_tablet&quot;:{&quot;unit&quot;:&quot;px&quot;,&quot;size&quot;:&quot;&quot;,&quot;sizes&quot;:[]},&quot;classic_row_gap_mobile&quot;:{&quot;unit&quot;:&quot;px&quot;,&quot;size&quot;:&quot;&quot;,&quot;sizes&quot;:[]}}\" data-widget_type=\"posts.classic\">\n\t\t\t\t<div class=\"elementor-widget-container\">\n\t\t\t\t\t\t\t<div class=\"elementor-posts-container elementor-posts elementor-posts--skin-classic elementor-grid\">\n\t\t\t\t<article class=\"elementor-post elementor-grid-item post-2649 post type-post status-publish format-standard has-post-thumbnail hentry category-publicaciones-digitales tag-actualidad tag-economia tag-internacional tag-negocios\">\n\t\t\t\t<a class=\"elementor-post__thumbnail__link\" href=\"https:\/\/nuevalibertad.org\/en\/breves-economias-mexico-america-central-y-caribes-semana-29-enero-de-2026\/\" tabindex=\"-1\" >\n\t\t\t<div class=\"elementor-post__thumbnail\"><img loading=\"lazy\" decoding=\"async\" width=\"768\" height=\"734\" src=\"https:\/\/nuevalibertad.org\/wp-content\/uploads\/2024\/01\/mexico-centroamerica-caribes-768x734.jpeg\" class=\"attachment-medium_large size-medium_large wp-image-2316\" alt=\"Globo del Mundo mostrando M\u00e9xico, Am\u00e9rica Central y Caribes\" srcset=\"https:\/\/nuevalibertad.org\/wp-content\/uploads\/2024\/01\/mexico-centroamerica-caribes-768x734.jpeg 768w, https:\/\/nuevalibertad.org\/wp-content\/uploads\/2024\/01\/mexico-centroamerica-caribes-300x287.jpeg 300w, https:\/\/nuevalibertad.org\/wp-content\/uploads\/2024\/01\/mexico-centroamerica-caribes-1024x978.jpeg 1024w, https:\/\/nuevalibertad.org\/wp-content\/uploads\/2024\/01\/mexico-centroamerica-caribes-13x12.jpeg 13w, https:\/\/nuevalibertad.org\/wp-content\/uploads\/2024\/01\/mexico-centroamerica-caribes.jpeg 1077w\" sizes=\"(max-width: 768px) 100vw, 768px\" \/><\/div>\n\t\t<\/a>\n\t\t\t\t<div class=\"elementor-post__text\">\n\t\t\t\t<h3 class=\"elementor-post__title\">\n\t\t\t<a href=\"https:\/\/nuevalibertad.org\/en\/breves-economias-mexico-america-central-y-caribes-semana-29-enero-de-2026\/\" >\n\t\t\t\tBreves Econom\u00edas, M\u00e9xico, Am\u00e9rica Central y Caribes. Semana 29 enero de 2026\t\t\t<\/a>\n\t\t<\/h3>\n\t\t\t\t\t<div class=\"elementor-post__read-more-wrapper\">\n\t\t\n\t\t<a class=\"elementor-post__read-more\" href=\"https:\/\/nuevalibertad.org\/en\/breves-economias-mexico-america-central-y-caribes-semana-29-enero-de-2026\/\" aria-label=\"Read more about Breves Econom\u00edas, M\u00e9xico, Am\u00e9rica Central y Caribes. Semana 29 enero de 2026\" tabindex=\"-1\" >\n\t\t\tLeer m\u00e1s \u00bb\t\t<\/a>\n\n\t\t\t\t\t<\/div>\n\t\t\t\t<\/div>\n\t\t\t\t<\/article>\n\t\t\t\t<article class=\"elementor-post elementor-grid-item post-2640 post type-post status-publish format-standard has-post-thumbnail hentry category-publicaciones-digitales tag-actualidad tag-economia tag-internacional tag-negocios\">\n\t\t\t\t<a class=\"elementor-post__thumbnail__link\" href=\"https:\/\/nuevalibertad.org\/en\/breves-economias-mexico-america-central-y-caribes-semana-8-de-enero-2026\/\" tabindex=\"-1\" >\n\t\t\t<div class=\"elementor-post__thumbnail\"><img loading=\"lazy\" decoding=\"async\" width=\"768\" height=\"734\" src=\"https:\/\/nuevalibertad.org\/wp-content\/uploads\/2024\/01\/mexico-centroamerica-caribes-768x734.jpeg\" class=\"attachment-medium_large size-medium_large wp-image-2316\" alt=\"Globo del Mundo mostrando M\u00e9xico, Am\u00e9rica Central y Caribes\" srcset=\"https:\/\/nuevalibertad.org\/wp-content\/uploads\/2024\/01\/mexico-centroamerica-caribes-768x734.jpeg 768w, https:\/\/nuevalibertad.org\/wp-content\/uploads\/2024\/01\/mexico-centroamerica-caribes-300x287.jpeg 300w, https:\/\/nuevalibertad.org\/wp-content\/uploads\/2024\/01\/mexico-centroamerica-caribes-1024x978.jpeg 1024w, https:\/\/nuevalibertad.org\/wp-content\/uploads\/2024\/01\/mexico-centroamerica-caribes-13x12.jpeg 13w, https:\/\/nuevalibertad.org\/wp-content\/uploads\/2024\/01\/mexico-centroamerica-caribes.jpeg 1077w\" sizes=\"(max-width: 768px) 100vw, 768px\" \/><\/div>\n\t\t<\/a>\n\t\t\t\t<div class=\"elementor-post__text\">\n\t\t\t\t<h3 class=\"elementor-post__title\">\n\t\t\t<a href=\"https:\/\/nuevalibertad.org\/en\/breves-economias-mexico-america-central-y-caribes-semana-8-de-enero-2026\/\" >\n\t\t\t\tBreves Econom\u00edas, M\u00e9xico, Am\u00e9rica Central y Caribes. Semana 8 de Enero 2026\t\t\t<\/a>\n\t\t<\/h3>\n\t\t\t\t\t<div class=\"elementor-post__read-more-wrapper\">\n\t\t\n\t\t<a class=\"elementor-post__read-more\" href=\"https:\/\/nuevalibertad.org\/en\/breves-economias-mexico-america-central-y-caribes-semana-8-de-enero-2026\/\" aria-label=\"Read more about Breves Econom\u00edas, M\u00e9xico, Am\u00e9rica Central y Caribes. Semana 8 de Enero 2026\" tabindex=\"-1\" >\n\t\t\tLeer m\u00e1s \u00bb\t\t<\/a>\n\n\t\t\t\t\t<\/div>\n\t\t\t\t<\/div>\n\t\t\t\t<\/article>\n\t\t\t\t<article class=\"elementor-post elementor-grid-item post-2621 post type-post status-publish format-standard has-post-thumbnail hentry category-articulos category-publicaciones-digitales tag-actualidad tag-crisispolitica tag-economia tag-futurogobiernomacron tag-internacional tag-politica\">\n\t\t\t\t<a class=\"elementor-post__thumbnail__link\" href=\"https:\/\/nuevalibertad.org\/en\/crisis-politica-en-francia-2025-el-gobierno-de-macron-colapsa\/\" tabindex=\"-1\" >\n\t\t\t<div class=\"elementor-post__thumbnail\"><img loading=\"lazy\" decoding=\"async\" width=\"512\" height=\"512\" src=\"https:\/\/nuevalibertad.org\/wp-content\/uploads\/2025\/09\/franciaGEMINI-1.png\" class=\"attachment-medium_large size-medium_large wp-image-2623\" alt=\"\" srcset=\"https:\/\/nuevalibertad.org\/wp-content\/uploads\/2025\/09\/franciaGEMINI-1.png 512w, https:\/\/nuevalibertad.org\/wp-content\/uploads\/2025\/09\/franciaGEMINI-1-12x12.png 12w\" sizes=\"(max-width: 512px) 100vw, 512px\" \/><\/div>\n\t\t<\/a>\n\t\t\t\t<div class=\"elementor-post__text\">\n\t\t\t\t<h3 class=\"elementor-post__title\">\n\t\t\t<a href=\"https:\/\/nuevalibertad.org\/en\/crisis-politica-en-francia-2025-el-gobierno-de-macron-colapsa\/\" >\n\t\t\t\tCrisis Pol\u00edtica en Francia 2025. El Gobierno de Macron, Colapsa\t\t\t<\/a>\n\t\t<\/h3>\n\t\t\t\t\t<div class=\"elementor-post__read-more-wrapper\">\n\t\t\n\t\t<a class=\"elementor-post__read-more\" href=\"https:\/\/nuevalibertad.org\/en\/crisis-politica-en-francia-2025-el-gobierno-de-macron-colapsa\/\" aria-label=\"Read more about Crisis Pol\u00edtica en Francia 2025. El Gobierno de Macron, Colapsa\" tabindex=\"-1\" >\n\t\t\tLeer m\u00e1s \u00bb\t\t<\/a>\n\n\t\t\t\t\t<\/div>\n\t\t\t\t<\/div>\n\t\t\t\t<\/article>\n\t\t\t\t<article class=\"elementor-post elementor-grid-item post-2611 post type-post status-publish format-standard has-post-thumbnail hentry category-articulos category-publicaciones-digitales tag-actualidad tag-internacional tag-politica\">\n\t\t\t\t<a class=\"elementor-post__thumbnail__link\" href=\"https:\/\/nuevalibertad.org\/en\/expertos-internacionales-destacan-la-transformacion-de-el-salvador-como-un-modelo-regional-con-potencial-global\/\" tabindex=\"-1\" >\n\t\t\t<div class=\"elementor-post__thumbnail\"><img loading=\"lazy\" decoding=\"async\" width=\"768\" height=\"400\" src=\"https:\/\/nuevalibertad.org\/wp-content\/uploads\/2025\/07\/profile-picture-nb-768x400.webp\" class=\"attachment-medium_large size-medium_large wp-image-2612\" alt=\"\" srcset=\"https:\/\/nuevalibertad.org\/wp-content\/uploads\/2025\/07\/profile-picture-nb-768x400.webp 768w, https:\/\/nuevalibertad.org\/wp-content\/uploads\/2025\/07\/profile-picture-nb-800x417.webp 800w, https:\/\/nuevalibertad.org\/wp-content\/uploads\/2025\/07\/profile-picture-nb-1024x534.webp 1024w, https:\/\/nuevalibertad.org\/wp-content\/uploads\/2025\/07\/profile-picture-nb-18x9.webp 18w, https:\/\/nuevalibertad.org\/wp-content\/uploads\/2025\/07\/profile-picture-nb.webp 1170w\" sizes=\"(max-width: 768px) 100vw, 768px\" \/><\/div>\n\t\t<\/a>\n\t\t\t\t<div class=\"elementor-post__text\">\n\t\t\t\t<h3 class=\"elementor-post__title\">\n\t\t\t<a href=\"https:\/\/nuevalibertad.org\/en\/expertos-internacionales-destacan-la-transformacion-de-el-salvador-como-un-modelo-regional-con-potencial-global\/\" >\n\t\t\t\tExpertos Internacionales Destacan la Transformaci\u00f3n de El Salvador como un Modelo Regional con Potencial Global\t\t\t<\/a>\n\t\t<\/h3>\n\t\t\t\t\t<div class=\"elementor-post__read-more-wrapper\">\n\t\t\n\t\t<a class=\"elementor-post__read-more\" href=\"https:\/\/nuevalibertad.org\/en\/expertos-internacionales-destacan-la-transformacion-de-el-salvador-como-un-modelo-regional-con-potencial-global\/\" aria-label=\"Read more about Expertos Internacionales Destacan la Transformaci\u00f3n de El Salvador como un Modelo Regional con Potencial Global\" tabindex=\"-1\" >\n\t\t\tLeer m\u00e1s \u00bb\t\t<\/a>\n\n\t\t\t\t\t<\/div>\n\t\t\t\t<\/div>\n\t\t\t\t<\/article>\n\t\t\t\t<article class=\"elementor-post elementor-grid-item post-2579 post type-post status-publish format-standard has-post-thumbnail hentry category-articulos category-publicaciones-digitales tag-actualidad tag-francia tag-internacional tag-libertad\">\n\t\t\t\t<a class=\"elementor-post__thumbnail__link\" href=\"https:\/\/nuevalibertad.org\/en\/los-jovenes-de-la-era-digital-y-redes-sociales-vuelven-a-la-fe-entre-pantallas-y-espiritualidad\/\" tabindex=\"-1\" >\n\t\t\t<div class=\"elementor-post__thumbnail\"><img loading=\"lazy\" decoding=\"async\" width=\"768\" height=\"512\" src=\"https:\/\/nuevalibertad.org\/wp-content\/uploads\/2025\/04\/FOTOIICATOLICOS-768x512.jpg\" class=\"attachment-medium_large size-medium_large wp-image-2580\" alt=\"\" srcset=\"https:\/\/nuevalibertad.org\/wp-content\/uploads\/2025\/04\/FOTOIICATOLICOS-768x512.jpg 768w, https:\/\/nuevalibertad.org\/wp-content\/uploads\/2025\/04\/FOTOIICATOLICOS-800x533.jpg 800w, https:\/\/nuevalibertad.org\/wp-content\/uploads\/2025\/04\/FOTOIICATOLICOS-1024x683.jpg 1024w, https:\/\/nuevalibertad.org\/wp-content\/uploads\/2025\/04\/FOTOIICATOLICOS-1536x1024.jpg 1536w, https:\/\/nuevalibertad.org\/wp-content\/uploads\/2025\/04\/FOTOIICATOLICOS-2048x1366.jpg 2048w, https:\/\/nuevalibertad.org\/wp-content\/uploads\/2025\/04\/FOTOIICATOLICOS-18x12.jpg 18w\" sizes=\"(max-width: 768px) 100vw, 768px\" \/><\/div>\n\t\t<\/a>\n\t\t\t\t<div class=\"elementor-post__text\">\n\t\t\t\t<h3 class=\"elementor-post__title\">\n\t\t\t<a href=\"https:\/\/nuevalibertad.org\/en\/los-jovenes-de-la-era-digital-y-redes-sociales-vuelven-a-la-fe-entre-pantallas-y-espiritualidad\/\" >\n\t\t\t\tLos j\u00f3venes de la era digital y redes sociales, vuelven a la fe; Entre pantallas y espiritualidad.\t\t\t<\/a>\n\t\t<\/h3>\n\t\t\t\t\t<div class=\"elementor-post__read-more-wrapper\">\n\t\t\n\t\t<a class=\"elementor-post__read-more\" href=\"https:\/\/nuevalibertad.org\/en\/los-jovenes-de-la-era-digital-y-redes-sociales-vuelven-a-la-fe-entre-pantallas-y-espiritualidad\/\" aria-label=\"Read more about Los j\u00f3venes de la era digital y redes sociales, vuelven a la fe; Entre pantallas y espiritualidad.\" tabindex=\"-1\" >\n\t\t\tLeer m\u00e1s \u00bb\t\t<\/a>\n\n\t\t\t\t\t<\/div>\n\t\t\t\t<\/div>\n\t\t\t\t<\/article>\n\t\t\t\t<article class=\"elementor-post elementor-grid-item post-2568 post type-post status-publish format-standard has-post-thumbnail hentry category-articulos category-publicaciones-digitales tag-actualidad tag-democracia tag-internacional tag-libertad tag-politica\">\n\t\t\t\t<a class=\"elementor-post__thumbnail__link\" href=\"https:\/\/nuevalibertad.org\/en\/adios-le-pen-lo-importante-es-el-proyecto-no-las-personas\/\" tabindex=\"-1\" >\n\t\t\t<div class=\"elementor-post__thumbnail\"><img loading=\"lazy\" decoding=\"async\" width=\"768\" height=\"432\" src=\"https:\/\/nuevalibertad.org\/wp-content\/uploads\/2025\/04\/Le-Pen-TF1-768x432.png\" class=\"attachment-medium_large size-medium_large wp-image-2570\" alt=\"\" srcset=\"https:\/\/nuevalibertad.org\/wp-content\/uploads\/2025\/04\/Le-Pen-TF1-768x432.png 768w, https:\/\/nuevalibertad.org\/wp-content\/uploads\/2025\/04\/Le-Pen-TF1-800x450.png 800w, https:\/\/nuevalibertad.org\/wp-content\/uploads\/2025\/04\/Le-Pen-TF1-1024x577.png 1024w, https:\/\/nuevalibertad.org\/wp-content\/uploads\/2025\/04\/Le-Pen-TF1-18x10.png 18w, https:\/\/nuevalibertad.org\/wp-content\/uploads\/2025\/04\/Le-Pen-TF1.png 1030w\" sizes=\"(max-width: 768px) 100vw, 768px\" \/><\/div>\n\t\t<\/a>\n\t\t\t\t<div class=\"elementor-post__text\">\n\t\t\t\t<h3 class=\"elementor-post__title\">\n\t\t\t<a href=\"https:\/\/nuevalibertad.org\/en\/adios-le-pen-lo-importante-es-el-proyecto-no-las-personas\/\" >\n\t\t\t\tAdi\u00f3s Le Pen, \u00ablo importante es el proyecto no las personas\u00bb .\t\t\t<\/a>\n\t\t<\/h3>\n\t\t\t\t\t<div class=\"elementor-post__read-more-wrapper\">\n\t\t\n\t\t<a class=\"elementor-post__read-more\" href=\"https:\/\/nuevalibertad.org\/en\/adios-le-pen-lo-importante-es-el-proyecto-no-las-personas\/\" aria-label=\"Read more about Adi\u00f3s Le Pen, \u00ablo importante es el proyecto no las personas\u00bb .\" tabindex=\"-1\" >\n\t\t\tLeer m\u00e1s \u00bb\t\t<\/a>\n\n\t\t\t\t\t<\/div>\n\t\t\t\t<\/div>\n\t\t\t\t<\/article>\n\t\t\t\t<article class=\"elementor-post elementor-grid-item post-2539 post type-post status-publish format-standard has-post-thumbnail hentry category-articulos category-publicaciones-digitales tag-actualidad tag-democracia tag-elecciones tag-internacional tag-politica tag-usa\">\n\t\t\t\t<a class=\"elementor-post__thumbnail__link\" href=\"https:\/\/nuevalibertad.org\/en\/y-trump-no-defraudo\/\" tabindex=\"-1\" >\n\t\t\t<div class=\"elementor-post__thumbnail\"><img loading=\"lazy\" decoding=\"async\" width=\"300\" height=\"168\" src=\"https:\/\/nuevalibertad.org\/wp-content\/uploads\/2025\/01\/trump.jpeg\" class=\"attachment-medium_large size-medium_large wp-image-2540\" alt=\"\" srcset=\"https:\/\/nuevalibertad.org\/wp-content\/uploads\/2025\/01\/trump.jpeg 300w, https:\/\/nuevalibertad.org\/wp-content\/uploads\/2025\/01\/trump-18x10.jpeg 18w\" sizes=\"(max-width: 300px) 100vw, 300px\" \/><\/div>\n\t\t<\/a>\n\t\t\t\t<div class=\"elementor-post__text\">\n\t\t\t\t<h3 class=\"elementor-post__title\">\n\t\t\t<a href=\"https:\/\/nuevalibertad.org\/en\/y-trump-no-defraudo\/\" >\n\t\t\t\tY Trump no defraud\u00f3\t\t\t<\/a>\n\t\t<\/h3>\n\t\t\t\t\t<div class=\"elementor-post__read-more-wrapper\">\n\t\t\n\t\t<a class=\"elementor-post__read-more\" href=\"https:\/\/nuevalibertad.org\/en\/y-trump-no-defraudo\/\" aria-label=\"Read more about Y Trump no defraud\u00f3\" tabindex=\"-1\" >\n\t\t\tLeer m\u00e1s \u00bb\t\t<\/a>\n\n\t\t\t\t\t<\/div>\n\t\t\t\t<\/div>\n\t\t\t\t<\/article>\n\t\t\t\t<article class=\"elementor-post elementor-grid-item post-2537 post type-post status-publish format-standard has-post-thumbnail hentry category-publicaciones-digitales tag-actualidad tag-democracia tag-economia tag-internacional tag-negocios tag-politica\">\n\t\t\t\t<a class=\"elementor-post__thumbnail__link\" href=\"https:\/\/nuevalibertad.org\/en\/breves-economias-mexico-america-central-y-caribes-semana-del-23-de-enero-2025\/\" tabindex=\"-1\" >\n\t\t\t<div class=\"elementor-post__thumbnail\"><img loading=\"lazy\" decoding=\"async\" width=\"768\" height=\"734\" src=\"https:\/\/nuevalibertad.org\/wp-content\/uploads\/2024\/01\/mexico-centroamerica-caribes-768x734.jpeg\" class=\"attachment-medium_large size-medium_large wp-image-2316\" alt=\"Globo del Mundo mostrando M\u00e9xico, Am\u00e9rica Central y Caribes\" srcset=\"https:\/\/nuevalibertad.org\/wp-content\/uploads\/2024\/01\/mexico-centroamerica-caribes-768x734.jpeg 768w, https:\/\/nuevalibertad.org\/wp-content\/uploads\/2024\/01\/mexico-centroamerica-caribes-300x287.jpeg 300w, https:\/\/nuevalibertad.org\/wp-content\/uploads\/2024\/01\/mexico-centroamerica-caribes-1024x978.jpeg 1024w, https:\/\/nuevalibertad.org\/wp-content\/uploads\/2024\/01\/mexico-centroamerica-caribes-13x12.jpeg 13w, https:\/\/nuevalibertad.org\/wp-content\/uploads\/2024\/01\/mexico-centroamerica-caribes.jpeg 1077w\" sizes=\"(max-width: 768px) 100vw, 768px\" \/><\/div>\n\t\t<\/a>\n\t\t\t\t<div class=\"elementor-post__text\">\n\t\t\t\t<h3 class=\"elementor-post__title\">\n\t\t\t<a href=\"https:\/\/nuevalibertad.org\/en\/breves-economias-mexico-america-central-y-caribes-semana-del-23-de-enero-2025\/\" >\n\t\t\t\tBreves Econom\u00edas, M\u00e9xico, Am\u00e9rica Central y Caribes. Semana del 23 de enero 2025.\t\t\t<\/a>\n\t\t<\/h3>\n\t\t\t\t\t<div class=\"elementor-post__read-more-wrapper\">\n\t\t\n\t\t<a class=\"elementor-post__read-more\" href=\"https:\/\/nuevalibertad.org\/en\/breves-economias-mexico-america-central-y-caribes-semana-del-23-de-enero-2025\/\" aria-label=\"Read more about Breves Econom\u00edas, M\u00e9xico, Am\u00e9rica Central y Caribes. Semana del 23 de enero 2025.\" tabindex=\"-1\" >\n\t\t\tLeer m\u00e1s \u00bb\t\t<\/a>\n\n\t\t\t\t\t<\/div>\n\t\t\t\t<\/div>\n\t\t\t\t<\/article>\n\t\t\t\t<\/div>\n\t\t\n\t\t\t\t\t\t<\/div>\n\t\t\t\t<\/div>\n\t\t\t\t\t<\/div>\n\t\t<\/div>\n\t\t\t\t\t<\/div>\n\t\t<\/section>\n\t\t\t\t<section class=\"elementor-section elementor-inner-section elementor-element elementor-element-cd17105 elementor-section-boxed elementor-section-height-default elementor-section-height-default\" data-id=\"cd17105\" data-element_type=\"section\" data-e-type=\"section\">\n\t\t\t\t\t\t<div class=\"elementor-container elementor-column-gap-no\">\n\t\t\t\t\t<div class=\"elementor-column elementor-col-50 elementor-inner-column elementor-element elementor-element-9834604\" data-id=\"9834604\" data-element_type=\"column\" data-e-type=\"column\" data-settings=\"{&quot;background_background&quot;:&quot;classic&quot;}\">\n\t\t\t<div class=\"elementor-widget-wrap elementor-element-populated\">\n\t\t\t\t\t\t<div class=\"elementor-element elementor-element-e2312f6 elementor-widget elementor-widget-heading\" data-id=\"e2312f6\" data-element_type=\"widget\" data-e-type=\"widget\" data-widget_type=\"heading.default\">\n\t\t\t\t<div class=\"elementor-widget-container\">\n\t\t\t\t\t<h2 class=\"elementor-heading-title elementor-size-default\">Blog<\/h2>\t\t\t\t<\/div>\n\t\t\t\t<\/div>\n\t\t\t\t<div class=\"elementor-element elementor-element-dda8b74 elementor-widget-divider--view-line elementor-widget elementor-widget-divider\" data-id=\"dda8b74\" data-element_type=\"widget\" data-e-type=\"widget\" data-widget_type=\"divider.default\">\n\t\t\t\t<div class=\"elementor-widget-container\">\n\t\t\t\t\t\t\t<div class=\"elementor-divider\">\n\t\t\t<span class=\"elementor-divider-separator\">\n\t\t\t\t\t\t<\/span>\n\t\t<\/div>\n\t\t\t\t\t\t<\/div>\n\t\t\t\t<\/div>\n\t\t\t\t\t<\/div>\n\t\t<\/div>\n\t\t\t\t<div class=\"elementor-column elementor-col-50 elementor-inner-column elementor-element elementor-element-b0e8171\" data-id=\"b0e8171\" data-element_type=\"column\" data-e-type=\"column\" data-settings=\"{&quot;background_background&quot;:&quot;classic&quot;}\">\n\t\t\t<div class=\"elementor-widget-wrap elementor-element-populated\">\n\t\t\t\t\t\t<div class=\"elementor-element elementor-element-066b76d elementor-align-right elementor-mobile-align-center elementor-widget elementor-widget-button\" data-id=\"066b76d\" data-element_type=\"widget\" data-e-type=\"widget\" data-widget_type=\"button.default\">\n\t\t\t\t<div class=\"elementor-widget-container\">\n\t\t\t\t\t\t\t\t\t<div class=\"elementor-button-wrapper\">\n\t\t\t\t\t<a class=\"elementor-button elementor-button-link elementor-size-sm\" href=\"https:\/\/nuevalibertad.org\/en\/blog\/\">\n\t\t\t\t\t\t<span class=\"elementor-button-content-wrapper\">\n\t\t\t\t\t\t\t\t\t<span class=\"elementor-button-text\">See all<\/span>\n\t\t\t\t\t<\/span>\n\t\t\t\t\t<\/a>\n\t\t\t\t<\/div>\n\t\t\t\t\t\t\t\t<\/div>\n\t\t\t\t<\/div>\n\t\t\t\t\t<\/div>\n\t\t<\/div>\n\t\t\t\t\t<\/div>\n\t\t<\/section>\n\t\t\t\t<section class=\"elementor-section elementor-inner-section elementor-element elementor-element-d49ba27 elementor-section-boxed elementor-section-height-default elementor-section-height-default\" data-id=\"d49ba27\" data-element_type=\"section\" data-e-type=\"section\">\n\t\t\t\t\t\t<div class=\"elementor-container elementor-column-gap-no\">\n\t\t\t\t\t<div class=\"elementor-column elementor-col-100 elementor-inner-column elementor-element elementor-element-82287b7\" data-id=\"82287b7\" data-element_type=\"column\" data-e-type=\"column\" data-settings=\"{&quot;background_background&quot;:&quot;classic&quot;}\">\n\t\t\t<div class=\"elementor-widget-wrap elementor-element-populated\">\n\t\t\t\t\t\t<div class=\"elementor-element elementor-element-8f0385b elementor-grid-4 elementor-posts--align-center elementor-grid-tablet-2 elementor-grid-mobile-1 elementor-posts--thumbnail-top elementor-widget elementor-widget-posts\" data-id=\"8f0385b\" data-element_type=\"widget\" data-e-type=\"widget\" data-settings=\"{&quot;classic_columns&quot;:&quot;4&quot;,&quot;classic_columns_tablet&quot;:&quot;2&quot;,&quot;classic_columns_mobile&quot;:&quot;1&quot;,&quot;classic_row_gap&quot;:{&quot;unit&quot;:&quot;px&quot;,&quot;size&quot;:35,&quot;sizes&quot;:[]},&quot;classic_row_gap_tablet&quot;:{&quot;unit&quot;:&quot;px&quot;,&quot;size&quot;:&quot;&quot;,&quot;sizes&quot;:[]},&quot;classic_row_gap_mobile&quot;:{&quot;unit&quot;:&quot;px&quot;,&quot;size&quot;:&quot;&quot;,&quot;sizes&quot;:[]}}\" data-widget_type=\"posts.classic\">\n\t\t\t\t<div class=\"elementor-widget-container\">\n\t\t\t\t\t\t\t<div class=\"elementor-posts-container elementor-posts elementor-posts--skin-classic elementor-grid\">\n\t\t\t\t<article class=\"elementor-post elementor-grid-item post-2414 post type-post status-publish format-standard has-post-thumbnail hentry category-articulos category-blog tag-actualidad tag-democracia tag-elecciones tag-internacional tag-politica tag-seguridad\">\n\t\t\t\t<a class=\"elementor-post__thumbnail__link\" href=\"https:\/\/nuevalibertad.org\/en\/la-violencia-politica-marca-el-panorama-electoral-en-mexico\/\" tabindex=\"-1\" >\n\t\t\t<div class=\"elementor-post__thumbnail\"><img loading=\"lazy\" decoding=\"async\" width=\"500\" height=\"300\" src=\"https:\/\/nuevalibertad.org\/wp-content\/uploads\/2023\/09\/Mexico.jpg\" class=\"attachment-medium_large size-medium_large wp-image-1849\" alt=\"\" srcset=\"https:\/\/nuevalibertad.org\/wp-content\/uploads\/2023\/09\/Mexico.jpg 500w, https:\/\/nuevalibertad.org\/wp-content\/uploads\/2023\/09\/Mexico-300x180.jpg 300w, https:\/\/nuevalibertad.org\/wp-content\/uploads\/2023\/09\/elementor\/thumbs\/Mexico-qcsspksnvh3fh40cc1uyiglugub8e3skvyvin4mzec.jpg 83w\" sizes=\"(max-width: 500px) 100vw, 500px\" \/><\/div>\n\t\t<\/a>\n\t\t\t\t<div class=\"elementor-post__text\">\n\t\t\t\t<h3 class=\"elementor-post__title\">\n\t\t\t<a href=\"https:\/\/nuevalibertad.org\/en\/la-violencia-politica-marca-el-panorama-electoral-en-mexico\/\" >\n\t\t\t\tLa violencia pol\u00edtica marca el panorama electoral en M\u00e9xico .\t\t\t<\/a>\n\t\t<\/h3>\n\t\t\t\t\t<div class=\"elementor-post__read-more-wrapper\">\n\t\t\n\t\t<a class=\"elementor-post__read-more\" href=\"https:\/\/nuevalibertad.org\/en\/la-violencia-politica-marca-el-panorama-electoral-en-mexico\/\" aria-label=\"Read more about La violencia pol\u00edtica marca el panorama electoral en M\u00e9xico .\" tabindex=\"-1\" >\n\t\t\tLeer m\u00e1s \u00bb\t\t<\/a>\n\n\t\t\t\t\t<\/div>\n\t\t\t\t<\/div>\n\t\t\t\t<\/article>\n\t\t\t\t<article class=\"elementor-post elementor-grid-item post-2377 post type-post status-publish format-standard has-post-thumbnail hentry category-blog\">\n\t\t\t\t<a class=\"elementor-post__thumbnail__link\" href=\"https:\/\/nuevalibertad.org\/en\/20-anos-11-marzo-2004\/\" tabindex=\"-1\" >\n\t\t\t<div class=\"elementor-post__thumbnail\"><img loading=\"lazy\" decoding=\"async\" width=\"768\" height=\"768\" src=\"https:\/\/nuevalibertad.org\/wp-content\/uploads\/2024\/03\/11marzo-768x768.jpeg\" class=\"attachment-medium_large size-medium_large wp-image-2378\" alt=\"\" srcset=\"https:\/\/nuevalibertad.org\/wp-content\/uploads\/2024\/03\/11marzo-768x768.jpeg 768w, https:\/\/nuevalibertad.org\/wp-content\/uploads\/2024\/03\/11marzo-800x800.jpeg 800w, https:\/\/nuevalibertad.org\/wp-content\/uploads\/2024\/03\/11marzo-1024x1024.jpeg 1024w, https:\/\/nuevalibertad.org\/wp-content\/uploads\/2024\/03\/11marzo-700x700.jpeg 700w, https:\/\/nuevalibertad.org\/wp-content\/uploads\/2024\/03\/11marzo-12x12.jpeg 12w, https:\/\/nuevalibertad.org\/wp-content\/uploads\/2024\/03\/11marzo.jpeg 1080w\" sizes=\"(max-width: 768px) 100vw, 768px\" \/><\/div>\n\t\t<\/a>\n\t\t\t\t<div class=\"elementor-post__text\">\n\t\t\t\t<h3 class=\"elementor-post__title\">\n\t\t\t<a href=\"https:\/\/nuevalibertad.org\/en\/20-anos-11-marzo-2004\/\" >\n\t\t\t\t20 a\u00f1os. 11 marzo 2004\t\t\t<\/a>\n\t\t<\/h3>\n\t\t\t\t\t<div class=\"elementor-post__read-more-wrapper\">\n\t\t\n\t\t<a class=\"elementor-post__read-more\" href=\"https:\/\/nuevalibertad.org\/en\/20-anos-11-marzo-2004\/\" aria-label=\"Read more about 20 a\u00f1os. 11 marzo 2004\" tabindex=\"-1\" >\n\t\t\tLeer m\u00e1s \u00bb\t\t<\/a>\n\n\t\t\t\t\t<\/div>\n\t\t\t\t<\/div>\n\t\t\t\t<\/article>\n\t\t\t\t<article class=\"elementor-post elementor-grid-item post-2367 post type-post status-publish format-standard has-post-thumbnail hentry category-actividades category-blog\">\n\t\t\t\t<a class=\"elementor-post__thumbnail__link\" href=\"https:\/\/nuevalibertad.org\/en\/coffe-connection\/\" tabindex=\"-1\" >\n\t\t\t<div class=\"elementor-post__thumbnail\"><img loading=\"lazy\" decoding=\"async\" width=\"316\" height=\"293\" src=\"https:\/\/nuevalibertad.org\/wp-content\/uploads\/2024\/03\/COFFE-CONNECTION-2.jpeg\" class=\"attachment-medium_large size-medium_large wp-image-2374\" alt=\"\" srcset=\"https:\/\/nuevalibertad.org\/wp-content\/uploads\/2024\/03\/COFFE-CONNECTION-2.jpeg 316w, https:\/\/nuevalibertad.org\/wp-content\/uploads\/2024\/03\/COFFE-CONNECTION-2-13x12.jpeg 13w\" sizes=\"(max-width: 316px) 100vw, 316px\" \/><\/div>\n\t\t<\/a>\n\t\t\t\t<div class=\"elementor-post__text\">\n\t\t\t\t<h3 class=\"elementor-post__title\">\n\t\t\t<a href=\"https:\/\/nuevalibertad.org\/en\/coffe-connection\/\" >\n\t\t\t\tCOFFE CONNECTION\t\t\t<\/a>\n\t\t<\/h3>\n\t\t\t\t\t<div class=\"elementor-post__read-more-wrapper\">\n\t\t\n\t\t<a class=\"elementor-post__read-more\" href=\"https:\/\/nuevalibertad.org\/en\/coffe-connection\/\" aria-label=\"Read more about COFFE CONNECTION\" tabindex=\"-1\" >\n\t\t\tLeer m\u00e1s \u00bb\t\t<\/a>\n\n\t\t\t\t\t<\/div>\n\t\t\t\t<\/div>\n\t\t\t\t<\/article>\n\t\t\t\t<article class=\"elementor-post elementor-grid-item post-2352 post type-post status-publish format-standard has-post-thumbnail hentry category-articulos category-blog tag-internacional tag-mujeres\">\n\t\t\t\t<a class=\"elementor-post__thumbnail__link\" href=\"https:\/\/nuevalibertad.org\/en\/macron-blinda-el-derecho-al-aborto-en-la-constitucion-a-la-vez-fomenta-la-natalidad-por-encontrarse-en-la-tasa-mas-baja-desde-el-fin-de-la-segunda-guerra-mundial\/\" tabindex=\"-1\" >\n\t\t\t<div class=\"elementor-post__thumbnail\"><img loading=\"lazy\" decoding=\"async\" width=\"768\" height=\"432\" src=\"https:\/\/nuevalibertad.org\/wp-content\/uploads\/2024\/03\/foto2articulo-768x432.webp\" class=\"attachment-medium_large size-medium_large wp-image-2358\" alt=\"\" srcset=\"https:\/\/nuevalibertad.org\/wp-content\/uploads\/2024\/03\/foto2articulo-768x432.webp 768w, https:\/\/nuevalibertad.org\/wp-content\/uploads\/2024\/03\/foto2articulo-800x450.webp 800w, https:\/\/nuevalibertad.org\/wp-content\/uploads\/2024\/03\/foto2articulo-1024x576.webp 1024w, https:\/\/nuevalibertad.org\/wp-content\/uploads\/2024\/03\/foto2articulo-1536x864.webp 1536w, https:\/\/nuevalibertad.org\/wp-content\/uploads\/2024\/03\/foto2articulo-18x10.webp 18w, https:\/\/nuevalibertad.org\/wp-content\/uploads\/2024\/03\/foto2articulo.webp 1600w\" sizes=\"(max-width: 768px) 100vw, 768px\" \/><\/div>\n\t\t<\/a>\n\t\t\t\t<div class=\"elementor-post__text\">\n\t\t\t\t<h3 class=\"elementor-post__title\">\n\t\t\t<a href=\"https:\/\/nuevalibertad.org\/en\/macron-blinda-el-derecho-al-aborto-en-la-constitucion-a-la-vez-fomenta-la-natalidad-por-encontrarse-en-la-tasa-mas-baja-desde-el-fin-de-la-segunda-guerra-mundial\/\" >\n\t\t\t\tMacron blinda el derecho al aborto en la Constituci\u00f3n, a la vez fomenta la natalidad por encontrarse en la tasa m\u00e1s baja desde el fin de la Segunda Guerra Mundial.\t\t\t<\/a>\n\t\t<\/h3>\n\t\t\t\t\t<div class=\"elementor-post__read-more-wrapper\">\n\t\t\n\t\t<a class=\"elementor-post__read-more\" href=\"https:\/\/nuevalibertad.org\/en\/macron-blinda-el-derecho-al-aborto-en-la-constitucion-a-la-vez-fomenta-la-natalidad-por-encontrarse-en-la-tasa-mas-baja-desde-el-fin-de-la-segunda-guerra-mundial\/\" aria-label=\"Read more about Macron blinda el derecho al aborto en la Constituci\u00f3n, a la vez fomenta la natalidad por encontrarse en la tasa m\u00e1s baja desde el fin de la Segunda Guerra Mundial.\" tabindex=\"-1\" >\n\t\t\tLeer m\u00e1s \u00bb\t\t<\/a>\n\n\t\t\t\t\t<\/div>\n\t\t\t\t<\/div>\n\t\t\t\t<\/article>\n\t\t\t\t<article class=\"elementor-post elementor-grid-item post-2338 post type-post status-publish format-standard has-post-thumbnail hentry category-articulos category-blog category-sin-categoria tag-democracia tag-elecciones tag-impacto-social tag-ultra-voting\">\n\t\t\t\t<a class=\"elementor-post__thumbnail__link\" href=\"https:\/\/nuevalibertad.org\/en\/el-impacto-social-y-politico-del-ultra-voting\/\" tabindex=\"-1\" >\n\t\t\t<div class=\"elementor-post__thumbnail\"><img loading=\"lazy\" decoding=\"async\" width=\"768\" height=\"1152\" src=\"https:\/\/nuevalibertad.org\/wp-content\/uploads\/2024\/03\/electronic-vote2-768x1152.jpeg\" class=\"attachment-medium_large size-medium_large wp-image-2343\" alt=\"\" srcset=\"https:\/\/nuevalibertad.org\/wp-content\/uploads\/2024\/03\/electronic-vote2-768x1152.jpeg 768w, https:\/\/nuevalibertad.org\/wp-content\/uploads\/2024\/03\/electronic-vote2-200x300.jpeg 200w, https:\/\/nuevalibertad.org\/wp-content\/uploads\/2024\/03\/electronic-vote2-683x1024.jpeg 683w, https:\/\/nuevalibertad.org\/wp-content\/uploads\/2024\/03\/electronic-vote2-1024x1536.jpeg 1024w, https:\/\/nuevalibertad.org\/wp-content\/uploads\/2024\/03\/electronic-vote2-1365x2048.jpeg 1365w, https:\/\/nuevalibertad.org\/wp-content\/uploads\/2024\/03\/electronic-vote2-8x12.jpeg 8w, https:\/\/nuevalibertad.org\/wp-content\/uploads\/2024\/03\/electronic-vote2-scaled.jpeg 1706w\" sizes=\"(max-width: 768px) 100vw, 768px\" \/><\/div>\n\t\t<\/a>\n\t\t\t\t<div class=\"elementor-post__text\">\n\t\t\t\t<h3 class=\"elementor-post__title\">\n\t\t\t<a href=\"https:\/\/nuevalibertad.org\/en\/el-impacto-social-y-politico-del-ultra-voting\/\" >\n\t\t\t\tEl impacto social y pol\u00edtico del ultra voting\t\t\t<\/a>\n\t\t<\/h3>\n\t\t\t\t\t<div class=\"elementor-post__read-more-wrapper\">\n\t\t\n\t\t<a class=\"elementor-post__read-more\" href=\"https:\/\/nuevalibertad.org\/en\/el-impacto-social-y-politico-del-ultra-voting\/\" aria-label=\"Read more about El impacto social y pol\u00edtico del ultra voting\" tabindex=\"-1\" >\n\t\t\tLeer m\u00e1s \u00bb\t\t<\/a>\n\n\t\t\t\t\t<\/div>\n\t\t\t\t<\/div>\n\t\t\t\t<\/article>\n\t\t\t\t<article class=\"elementor-post elementor-grid-item post-2327 post type-post status-publish format-standard has-post-thumbnail hentry category-articulos category-blog category-sin-categoria tag-democracia tag-droga tag-ecuador tag-el-salvador\">\n\t\t\t\t<a class=\"elementor-post__thumbnail__link\" href=\"https:\/\/nuevalibertad.org\/en\/ecuador-sufrira-las-inesperadas-consecuencias-del-exito-de-bukele-en-el-salvador\/\" tabindex=\"-1\" >\n\t\t\t<div class=\"elementor-post__thumbnail\"><img loading=\"lazy\" decoding=\"async\" width=\"261\" height=\"193\" src=\"https:\/\/nuevalibertad.org\/wp-content\/uploads\/2024\/03\/guayaquil-1.jpg\" class=\"attachment-medium_large size-medium_large wp-image-2330\" alt=\"\" srcset=\"https:\/\/nuevalibertad.org\/wp-content\/uploads\/2024\/03\/guayaquil-1.jpg 261w, https:\/\/nuevalibertad.org\/wp-content\/uploads\/2024\/03\/guayaquil-1-16x12.jpg 16w\" sizes=\"(max-width: 261px) 100vw, 261px\" \/><\/div>\n\t\t<\/a>\n\t\t\t\t<div class=\"elementor-post__text\">\n\t\t\t\t<h3 class=\"elementor-post__title\">\n\t\t\t<a href=\"https:\/\/nuevalibertad.org\/en\/ecuador-sufrira-las-inesperadas-consecuencias-del-exito-de-bukele-en-el-salvador\/\" >\n\t\t\t\tEcuador sufrir\u00e1 las inesperadas consecuencias del \u00e9xito de Bukele en El Salvador\t\t\t<\/a>\n\t\t<\/h3>\n\t\t\t\t\t<div class=\"elementor-post__read-more-wrapper\">\n\t\t\n\t\t<a class=\"elementor-post__read-more\" href=\"https:\/\/nuevalibertad.org\/en\/ecuador-sufrira-las-inesperadas-consecuencias-del-exito-de-bukele-en-el-salvador\/\" aria-label=\"Read more about Ecuador sufrir\u00e1 las inesperadas consecuencias del \u00e9xito de Bukele en El Salvador\" tabindex=\"-1\" >\n\t\t\tLeer m\u00e1s \u00bb\t\t<\/a>\n\n\t\t\t\t\t<\/div>\n\t\t\t\t<\/div>\n\t\t\t\t<\/article>\n\t\t\t\t<article class=\"elementor-post elementor-grid-item post-2270 post type-post status-publish format-standard has-post-thumbnail hentry category-articulos category-blog tag-geopolitics\">\n\t\t\t\t<a class=\"elementor-post__thumbnail__link\" href=\"https:\/\/nuevalibertad.org\/en\/ais-impact-on-geopolitics-navigating-the-new-arms-race\/\" tabindex=\"-1\" >\n\t\t\t<div class=\"elementor-post__thumbnail\"><img loading=\"lazy\" decoding=\"async\" width=\"768\" height=\"1150\" src=\"https:\/\/nuevalibertad.org\/wp-content\/uploads\/2024\/01\/IA-geopolitics-768x1150.jpg\" class=\"attachment-medium_large size-medium_large wp-image-2271\" alt=\"\" srcset=\"https:\/\/nuevalibertad.org\/wp-content\/uploads\/2024\/01\/IA-geopolitics-768x1150.jpg 768w, https:\/\/nuevalibertad.org\/wp-content\/uploads\/2024\/01\/IA-geopolitics-200x300.jpg 200w, https:\/\/nuevalibertad.org\/wp-content\/uploads\/2024\/01\/IA-geopolitics-684x1024.jpg 684w, https:\/\/nuevalibertad.org\/wp-content\/uploads\/2024\/01\/IA-geopolitics-1025x1536.jpg 1025w, https:\/\/nuevalibertad.org\/wp-content\/uploads\/2024\/01\/IA-geopolitics-1367x2048.jpg 1367w, https:\/\/nuevalibertad.org\/wp-content\/uploads\/2024\/01\/IA-geopolitics-8x12.jpg 8w, https:\/\/nuevalibertad.org\/wp-content\/uploads\/2024\/01\/IA-geopolitics-scaled.jpg 1709w\" sizes=\"(max-width: 768px) 100vw, 768px\" \/><\/div>\n\t\t<\/a>\n\t\t\t\t<div class=\"elementor-post__text\">\n\t\t\t\t<h3 class=\"elementor-post__title\">\n\t\t\t<a href=\"https:\/\/nuevalibertad.org\/en\/ais-impact-on-geopolitics-navigating-the-new-arms-race\/\" >\n\t\t\t\tAI&#8217;s Impact on Geopolitics: Navigating the New Arms Race\t\t\t<\/a>\n\t\t<\/h3>\n\t\t\t\t\t<div class=\"elementor-post__read-more-wrapper\">\n\t\t\n\t\t<a class=\"elementor-post__read-more\" href=\"https:\/\/nuevalibertad.org\/en\/ais-impact-on-geopolitics-navigating-the-new-arms-race\/\" aria-label=\"Read more about AI&#8217;s Impact on Geopolitics: Navigating the New Arms Race\" tabindex=\"-1\" >\n\t\t\tLeer m\u00e1s \u00bb\t\t<\/a>\n\n\t\t\t\t\t<\/div>\n\t\t\t\t<\/div>\n\t\t\t\t<\/article>\n\t\t\t\t<article class=\"elementor-post elementor-grid-item post-2280 post type-post status-publish format-standard has-post-thumbnail hentry category-articulos category-blog tag-frente-obrero tag-roberto-vaquero\">\n\t\t\t\t<a class=\"elementor-post__thumbnail__link\" href=\"https:\/\/nuevalibertad.org\/en\/el-fenomeno-del-frente-obrero-en-espana\/\" tabindex=\"-1\" >\n\t\t\t<div class=\"elementor-post__thumbnail\"><img loading=\"lazy\" decoding=\"async\" width=\"225\" height=\"225\" src=\"https:\/\/nuevalibertad.org\/wp-content\/uploads\/2024\/01\/Roberto-Vaquero.jpg\" class=\"attachment-medium_large size-medium_large wp-image-2282\" alt=\"\" srcset=\"https:\/\/nuevalibertad.org\/wp-content\/uploads\/2024\/01\/Roberto-Vaquero.jpg 225w, https:\/\/nuevalibertad.org\/wp-content\/uploads\/2024\/01\/Roberto-Vaquero-150x150.jpg 150w, https:\/\/nuevalibertad.org\/wp-content\/uploads\/2024\/01\/Roberto-Vaquero-12x12.jpg 12w\" sizes=\"(max-width: 225px) 100vw, 225px\" \/><\/div>\n\t\t<\/a>\n\t\t\t\t<div class=\"elementor-post__text\">\n\t\t\t\t<h3 class=\"elementor-post__title\">\n\t\t\t<a href=\"https:\/\/nuevalibertad.org\/en\/el-fenomeno-del-frente-obrero-en-espana\/\" >\n\t\t\t\tEl fen\u00f3meno del Frente Obrero en Espa\u00f1a\t\t\t<\/a>\n\t\t<\/h3>\n\t\t\t\t\t<div class=\"elementor-post__read-more-wrapper\">\n\t\t\n\t\t<a class=\"elementor-post__read-more\" href=\"https:\/\/nuevalibertad.org\/en\/el-fenomeno-del-frente-obrero-en-espana\/\" aria-label=\"Read more about El fen\u00f3meno del Frente Obrero en Espa\u00f1a\" tabindex=\"-1\" >\n\t\t\tLeer m\u00e1s \u00bb\t\t<\/a>\n\n\t\t\t\t\t<\/div>\n\t\t\t\t<\/div>\n\t\t\t\t<\/article>\n\t\t\t\t<\/div>\n\t\t\n\t\t\t\t\t\t<\/div>\n\t\t\t\t<\/div>\n\t\t\t\t\t<\/div>\n\t\t<\/div>\n\t\t\t\t\t<\/div>\n\t\t<\/section>\n\t\t\t\t<section class=\"elementor-section elementor-inner-section elementor-element elementor-element-826a93a elementor-section-boxed elementor-section-height-default elementor-section-height-default\" data-id=\"826a93a\" data-element_type=\"section\" data-e-type=\"section\">\n\t\t\t\t\t\t<div class=\"elementor-container elementor-column-gap-no\">\n\t\t\t\t\t<div class=\"elementor-column elementor-col-50 elementor-inner-column elementor-element elementor-element-012614d\" data-id=\"012614d\" data-element_type=\"column\" data-e-type=\"column\" data-settings=\"{&quot;background_background&quot;:&quot;classic&quot;}\">\n\t\t\t<div class=\"elementor-widget-wrap elementor-element-populated\">\n\t\t\t\t\t\t<div class=\"elementor-element elementor-element-48d9b39 elementor-widget elementor-widget-heading\" data-id=\"48d9b39\" data-element_type=\"widget\" data-e-type=\"widget\" data-widget_type=\"heading.default\">\n\t\t\t\t<div class=\"elementor-widget-container\">\n\t\t\t\t\t<h2 class=\"elementor-heading-title elementor-size-default\">YouTube Channel<\/h2>\t\t\t\t<\/div>\n\t\t\t\t<\/div>\n\t\t\t\t<div class=\"elementor-element elementor-element-bf78e9e elementor-widget-divider--view-line elementor-widget elementor-widget-divider\" data-id=\"bf78e9e\" data-element_type=\"widget\" data-e-type=\"widget\" data-widget_type=\"divider.default\">\n\t\t\t\t<div class=\"elementor-widget-container\">\n\t\t\t\t\t\t\t<div class=\"elementor-divider\">\n\t\t\t<span class=\"elementor-divider-separator\">\n\t\t\t\t\t\t<\/span>\n\t\t<\/div>\n\t\t\t\t\t\t<\/div>\n\t\t\t\t<\/div>\n\t\t\t\t\t<\/div>\n\t\t<\/div>\n\t\t\t\t<div class=\"elementor-column elementor-col-50 elementor-inner-column elementor-element elementor-element-85b6c2e\" data-id=\"85b6c2e\" data-element_type=\"column\" data-e-type=\"column\" data-settings=\"{&quot;background_background&quot;:&quot;classic&quot;}\">\n\t\t\t<div class=\"elementor-widget-wrap elementor-element-populated\">\n\t\t\t\t\t\t<div class=\"elementor-element elementor-element-49abb4e elementor-align-right elementor-mobile-align-center elementor-widget elementor-widget-button\" data-id=\"49abb4e\" data-element_type=\"widget\" data-e-type=\"widget\" data-widget_type=\"button.default\">\n\t\t\t\t<div class=\"elementor-widget-container\">\n\t\t\t\t\t\t\t\t\t<div class=\"elementor-button-wrapper\">\n\t\t\t\t\t<a class=\"elementor-button elementor-button-link elementor-size-sm\" href=\"https:\/\/nuevalibertad.org\/en\/canal-de-youtube\/\">\n\t\t\t\t\t\t<span class=\"elementor-button-content-wrapper\">\n\t\t\t\t\t\t\t\t\t<span class=\"elementor-button-text\">See all<\/span>\n\t\t\t\t\t<\/span>\n\t\t\t\t\t<\/a>\n\t\t\t\t<\/div>\n\t\t\t\t\t\t\t\t<\/div>\n\t\t\t\t<\/div>\n\t\t\t\t\t<\/div>\n\t\t<\/div>\n\t\t\t\t\t<\/div>\n\t\t<\/section>\n\t\t\t\t<section class=\"elementor-section elementor-inner-section elementor-element elementor-element-75ae2d2 elementor-section-boxed elementor-section-height-default elementor-section-height-default\" data-id=\"75ae2d2\" data-element_type=\"section\" data-e-type=\"section\">\n\t\t\t\t\t\t<div class=\"elementor-container elementor-column-gap-no\">\n\t\t\t\t\t<div class=\"elementor-column elementor-col-100 elementor-inner-column elementor-element elementor-element-5167fc9\" data-id=\"5167fc9\" data-element_type=\"column\" data-e-type=\"column\" data-settings=\"{&quot;background_background&quot;:&quot;classic&quot;}\">\n\t\t\t<div class=\"elementor-widget-wrap elementor-element-populated\">\n\t\t\t\t\t\t<div class=\"elementor-element elementor-element-ba520b3 elementor-grid-4 elementor-posts--align-center elementor-grid-tablet-2 elementor-grid-mobile-1 elementor-posts--thumbnail-top elementor-widget elementor-widget-posts\" data-id=\"ba520b3\" data-element_type=\"widget\" data-e-type=\"widget\" data-settings=\"{&quot;classic_columns&quot;:&quot;4&quot;,&quot;classic_columns_tablet&quot;:&quot;2&quot;,&quot;classic_columns_mobile&quot;:&quot;1&quot;,&quot;classic_row_gap&quot;:{&quot;unit&quot;:&quot;px&quot;,&quot;size&quot;:35,&quot;sizes&quot;:[]},&quot;classic_row_gap_tablet&quot;:{&quot;unit&quot;:&quot;px&quot;,&quot;size&quot;:&quot;&quot;,&quot;sizes&quot;:[]},&quot;classic_row_gap_mobile&quot;:{&quot;unit&quot;:&quot;px&quot;,&quot;size&quot;:&quot;&quot;,&quot;sizes&quot;:[]}}\" data-widget_type=\"posts.classic\">\n\t\t\t\t<div class=\"elementor-widget-container\">\n\t\t\t\t\t\t\t<div class=\"elementor-posts-container elementor-posts elementor-posts--skin-classic elementor-grid\">\n\t\t\t\t<article class=\"elementor-post elementor-grid-item post-2416 post type-post status-publish format-standard has-post-thumbnail hentry category-canal-de-youtube tag-actualidad tag-economia tag-internacional tag-sentidocomun\">\n\t\t\t\t<a class=\"elementor-post__thumbnail__link\" href=\"https:\/\/nuevalibertad.org\/en\/ni-derecha-ni-izquierda-sentido-comun\/\" tabindex=\"-1\" >\n\t\t\t<div class=\"elementor-post__thumbnail\"><img loading=\"lazy\" decoding=\"async\" width=\"450\" height=\"800\" src=\"https:\/\/nuevalibertad.org\/wp-content\/uploads\/2024\/05\/WhatsApp-Image-2024-05-29-at-10.40.27-450x800.jpeg\" class=\"attachment-medium size-medium wp-image-2417\" alt=\"\" srcset=\"https:\/\/nuevalibertad.org\/wp-content\/uploads\/2024\/05\/WhatsApp-Image-2024-05-29-at-10.40.27-450x800.jpeg 450w, https:\/\/nuevalibertad.org\/wp-content\/uploads\/2024\/05\/WhatsApp-Image-2024-05-29-at-10.40.27-576x1024.jpeg 576w, https:\/\/nuevalibertad.org\/wp-content\/uploads\/2024\/05\/WhatsApp-Image-2024-05-29-at-10.40.27-768x1366.jpeg 768w, https:\/\/nuevalibertad.org\/wp-content\/uploads\/2024\/05\/WhatsApp-Image-2024-05-29-at-10.40.27-864x1536.jpeg 864w, https:\/\/nuevalibertad.org\/wp-content\/uploads\/2024\/05\/WhatsApp-Image-2024-05-29-at-10.40.27-7x12.jpeg 7w, https:\/\/nuevalibertad.org\/wp-content\/uploads\/2024\/05\/WhatsApp-Image-2024-05-29-at-10.40.27.jpeg 1079w\" sizes=\"(max-width: 450px) 100vw, 450px\" \/><\/div>\n\t\t<\/a>\n\t\t\t\t<div class=\"elementor-post__text\">\n\t\t\t\t<h3 class=\"elementor-post__title\">\n\t\t\t<a href=\"https:\/\/nuevalibertad.org\/en\/ni-derecha-ni-izquierda-sentido-comun\/\" >\n\t\t\t\tNi derecha, ni izquierda. Sentido com\u00fan .\t\t\t<\/a>\n\t\t<\/h3>\n\t\t\t\t\t<div class=\"elementor-post__read-more-wrapper\">\n\t\t\n\t\t<a class=\"elementor-post__read-more\" href=\"https:\/\/nuevalibertad.org\/en\/ni-derecha-ni-izquierda-sentido-comun\/\" aria-label=\"Read more about Ni derecha, ni izquierda. Sentido com\u00fan .\" tabindex=\"-1\" >\n\t\t\tLeer m\u00e1s \u00bb\t\t<\/a>\n\n\t\t\t\t\t<\/div>\n\t\t\t\t<\/div>\n\t\t\t\t<\/article>\n\t\t\t\t<article class=\"elementor-post elementor-grid-item post-2393 post type-post status-publish format-video has-post-thumbnail hentry category-canal-de-youtube tag-libertad tag-politica post_format-post-format-video\">\n\t\t\t\t<a class=\"elementor-post__thumbnail__link\" href=\"https:\/\/nuevalibertad.org\/en\/antonio-escohotado-la-libertad-es-poder-hacer-y-deshacer-que-suele-impulsar-el-poder-politico-nlg\/\" tabindex=\"-1\" >\n\t\t\t<div class=\"elementor-post__thumbnail\"><img loading=\"lazy\" decoding=\"async\" width=\"300\" height=\"200\" src=\"https:\/\/nuevalibertad.org\/wp-content\/uploads\/2023\/08\/libro-y-lentes-300x200.jpg\" class=\"attachment-medium size-medium wp-image-1673\" alt=\"\" srcset=\"https:\/\/nuevalibertad.org\/wp-content\/uploads\/2023\/08\/libro-y-lentes-300x200.jpg 300w, https:\/\/nuevalibertad.org\/wp-content\/uploads\/2023\/08\/libro-y-lentes-1024x683.jpg 1024w, https:\/\/nuevalibertad.org\/wp-content\/uploads\/2023\/08\/libro-y-lentes-768x512.jpg 768w, https:\/\/nuevalibertad.org\/wp-content\/uploads\/2023\/08\/libro-y-lentes-1536x1024.jpg 1536w, https:\/\/nuevalibertad.org\/wp-content\/uploads\/2023\/08\/libro-y-lentes.jpg 1920w\" sizes=\"(max-width: 300px) 100vw, 300px\" \/><\/div>\n\t\t<\/a>\n\t\t\t\t<div class=\"elementor-post__text\">\n\t\t\t\t<h3 class=\"elementor-post__title\">\n\t\t\t<a href=\"https:\/\/nuevalibertad.org\/en\/antonio-escohotado-la-libertad-es-poder-hacer-y-deshacer-que-suele-impulsar-el-poder-politico-nlg\/\" >\n\t\t\t\tAntonio Escohotado: \u00abLa libertad es poder hacer y deshacer que suele impulsar el poder pol\u00edtico\u00bb-NLG\t\t\t<\/a>\n\t\t<\/h3>\n\t\t\t\t\t<div class=\"elementor-post__read-more-wrapper\">\n\t\t\n\t\t<a class=\"elementor-post__read-more\" href=\"https:\/\/nuevalibertad.org\/en\/antonio-escohotado-la-libertad-es-poder-hacer-y-deshacer-que-suele-impulsar-el-poder-politico-nlg\/\" aria-label=\"Read more about Antonio Escohotado: \u00abLa libertad es poder hacer y deshacer que suele impulsar el poder pol\u00edtico\u00bb-NLG\" tabindex=\"-1\" >\n\t\t\tLeer m\u00e1s \u00bb\t\t<\/a>\n\n\t\t\t\t\t<\/div>\n\t\t\t\t<\/div>\n\t\t\t\t<\/article>\n\t\t\t\t<article class=\"elementor-post elementor-grid-item post-2389 post type-post status-publish format-video has-post-thumbnail hentry category-canal-de-youtube tag-america tag-francia tag-libros tag-negocios tag-nlg post_format-post-format-video\">\n\t\t\t\t<a class=\"elementor-post__thumbnail__link\" href=\"https:\/\/nuevalibertad.org\/en\/nlg-y-la-escuela-de-posgrado-de-cetys-universidad-presentan-antioxydants-pour-lentreprise-familiale\/\" tabindex=\"-1\" >\n\t\t\t<div class=\"elementor-post__thumbnail\"><img loading=\"lazy\" decoding=\"async\" width=\"300\" height=\"300\" src=\"https:\/\/nuevalibertad.org\/wp-content\/uploads\/2024\/02\/WhatsApp-Image-2024-02-06-at-18.23.56-300x300.jpeg\" class=\"attachment-medium size-medium wp-image-2302\" alt=\"\" srcset=\"https:\/\/nuevalibertad.org\/wp-content\/uploads\/2024\/02\/WhatsApp-Image-2024-02-06-at-18.23.56-300x300.jpeg 300w, https:\/\/nuevalibertad.org\/wp-content\/uploads\/2024\/02\/WhatsApp-Image-2024-02-06-at-18.23.56-1024x1024.jpeg 1024w, https:\/\/nuevalibertad.org\/wp-content\/uploads\/2024\/02\/WhatsApp-Image-2024-02-06-at-18.23.56-150x150.jpeg 150w, https:\/\/nuevalibertad.org\/wp-content\/uploads\/2024\/02\/WhatsApp-Image-2024-02-06-at-18.23.56-768x768.jpeg 768w, https:\/\/nuevalibertad.org\/wp-content\/uploads\/2024\/02\/WhatsApp-Image-2024-02-06-at-18.23.56-12x12.jpeg 12w, https:\/\/nuevalibertad.org\/wp-content\/uploads\/2024\/02\/WhatsApp-Image-2024-02-06-at-18.23.56.jpeg 1080w\" sizes=\"(max-width: 300px) 100vw, 300px\" \/><\/div>\n\t\t<\/a>\n\t\t\t\t<div class=\"elementor-post__text\">\n\t\t\t\t<h3 class=\"elementor-post__title\">\n\t\t\t<a href=\"https:\/\/nuevalibertad.org\/en\/nlg-y-la-escuela-de-posgrado-de-cetys-universidad-presentan-antioxydants-pour-lentreprise-familiale\/\" >\n\t\t\t\tNLG y la Escuela de Posgrado de CETYS Universidad, presentan Antioxydants pour l&#8217;entreprise familiale\t\t\t<\/a>\n\t\t<\/h3>\n\t\t\t\t\t<div class=\"elementor-post__read-more-wrapper\">\n\t\t\n\t\t<a class=\"elementor-post__read-more\" href=\"https:\/\/nuevalibertad.org\/en\/nlg-y-la-escuela-de-posgrado-de-cetys-universidad-presentan-antioxydants-pour-lentreprise-familiale\/\" aria-label=\"Read more about NLG y la Escuela de Posgrado de CETYS Universidad, presentan Antioxydants pour l&#8217;entreprise familiale\" tabindex=\"-1\" >\n\t\t\tLeer m\u00e1s \u00bb\t\t<\/a>\n\n\t\t\t\t\t<\/div>\n\t\t\t\t<\/div>\n\t\t\t\t<\/article>\n\t\t\t\t<article class=\"elementor-post elementor-grid-item post-1887 post type-post status-publish format-standard hentry category-canal-de-youtube tag-gobierno-corporativo\">\n\t\t\t\t<div class=\"elementor-post__text\">\n\t\t\t\t<h3 class=\"elementor-post__title\">\n\t\t\t<a href=\"https:\/\/nuevalibertad.org\/en\/entrevista-yoadministrador-sobre-gobierno-corporativo\/\" >\n\t\t\t\tEntrevista a \u00cd\u00f1igo Lanchares sobre gobierno corporativo\t\t\t<\/a>\n\t\t<\/h3>\n\t\t\t\t\t<div class=\"elementor-post__read-more-wrapper\">\n\t\t\n\t\t<a class=\"elementor-post__read-more\" href=\"https:\/\/nuevalibertad.org\/en\/entrevista-yoadministrador-sobre-gobierno-corporativo\/\" aria-label=\"Read more about Entrevista a \u00cd\u00f1igo Lanchares sobre gobierno corporativo\" tabindex=\"-1\" >\n\t\t\tLeer m\u00e1s \u00bb\t\t<\/a>\n\n\t\t\t\t\t<\/div>\n\t\t\t\t<\/div>\n\t\t\t\t<\/article>\n\t\t\t\t<\/div>\n\t\t\n\t\t\t\t\t\t<\/div>\n\t\t\t\t<\/div>\n\t\t\t\t\t<\/div>\n\t\t<\/div>\n\t\t\t\t\t<\/div>\n\t\t<\/section>\n\t\t\t\t\t<\/div>\n\t\t<\/div>\n\t\t\t\t\t<\/div>\n\t\t<\/section>\n\t\t\t\t<\/div>","protected":false},"excerpt":{"rendered":"<p>PUBLICACIONES Libros Ver todos Art\u00edculos Ver todos Publicaciones Digitales Ver todos Blog Ver todos Canal de YouTube Ver todos<\/p>","protected":false},"author":1,"featured_media":0,"parent":0,"menu_order":0,"comment_status":"closed","ping_status":"closed","template":"","meta":{"sfsi_plus_gutenberg_text_before_share":"","sfsi_plus_gutenberg_show_text_before_share":"","sfsi_plus_gutenberg_icon_type":"","sfsi_plus_gutenberg_icon_alignemt":"","sfsi_plus_gutenburg_max_per_row":"","site-sidebar-layout":"default","site-content-layout":"page-builder","ast-global-header-display":"","ast-banner-title-visibility":"","ast-main-header-display":"","ast-hfb-above-header-display":"","ast-hfb-below-header-display":"","ast-hfb-mobile-header-display":"","site-post-title":"disabled","ast-breadcrumbs-content":"disabled","ast-featured-img":"disabled","footer-sml-layout":"","theme-transparent-header-meta":"enabled","adv-header-id-meta":"","stick-header-meta":"","header-above-stick-meta":"","header-main-stick-meta":"","header-below-stick-meta":"","footnotes":""},"class_list":["post-1352","page","type-page","status-publish","hentry"],"yoast_head":"<!-- This site is optimized with the Yoast SEO plugin v27.4 - https:\/\/yoast.com\/product\/yoast-seo-wordpress\/ -->\n<title>Publicaciones - Nueva Libertad y Gobierno<\/title>\n<meta name=\"robots\" content=\"index, follow, max-snippet:-1, max-image-preview:large, max-video-preview:-1\" \/>\n<link rel=\"canonical\" href=\"https:\/\/nuevalibertad.org\/en\/publicaciones\/\" \/>\n<meta property=\"og:locale\" content=\"en_US\" \/>\n<meta property=\"og:type\" content=\"article\" \/>\n<meta property=\"og:title\" content=\"Publicaciones - Nueva Libertad y Gobierno\" \/>\n<meta property=\"og:description\" content=\"PUBLICACIONES Libros Ver todos Art\u00edculos Ver todos Publicaciones Digitales Ver todos Blog Ver todos Canal de YouTube Ver todos\" \/>\n<meta property=\"og:url\" content=\"https:\/\/nuevalibertad.org\/en\/publicaciones\/\" \/>\n<meta property=\"og:site_name\" content=\"Nueva Libertad y Gobierno\" \/>\n<meta property=\"article:modified_time\" content=\"2024-03-06T11:49:36+00:00\" \/>\n<meta name=\"twitter:card\" content=\"summary_large_image\" \/>\n<meta name=\"twitter:label1\" content=\"Est. reading time\" \/>\n\t<meta name=\"twitter:data1\" content=\"4 minutes\" \/>\n<script type=\"application\/ld+json\" class=\"yoast-schema-graph\">{\"@context\":\"https:\\\/\\\/schema.org\",\"@graph\":[{\"@type\":\"WebPage\",\"@id\":\"https:\\\/\\\/nuevalibertad.org\\\/publicaciones\\\/\",\"url\":\"https:\\\/\\\/nuevalibertad.org\\\/publicaciones\\\/\",\"name\":\"Publicaciones - Nueva Libertad y Gobierno\",\"isPartOf\":{\"@id\":\"https:\\\/\\\/nuevalibertad.org\\\/#website\"},\"datePublished\":\"2023-08-08T11:49:21+00:00\",\"dateModified\":\"2024-03-06T11:49:36+00:00\",\"breadcrumb\":{\"@id\":\"https:\\\/\\\/nuevalibertad.org\\\/publicaciones\\\/#breadcrumb\"},\"inLanguage\":\"en-US\",\"potentialAction\":[{\"@type\":\"ReadAction\",\"target\":[\"https:\\\/\\\/nuevalibertad.org\\\/publicaciones\\\/\"]}]},{\"@type\":\"BreadcrumbList\",\"@id\":\"https:\\\/\\\/nuevalibertad.org\\\/publicaciones\\\/#breadcrumb\",\"itemListElement\":[{\"@type\":\"ListItem\",\"position\":1,\"name\":\"Portada\",\"item\":\"https:\\\/\\\/nuevalibertad.org\\\/\"},{\"@type\":\"ListItem\",\"position\":2,\"name\":\"Publicaciones\"}]},{\"@type\":\"WebSite\",\"@id\":\"https:\\\/\\\/nuevalibertad.org\\\/#website\",\"url\":\"https:\\\/\\\/nuevalibertad.org\\\/\",\"name\":\"Nueva Libertad y Gobierno\",\"description\":\"Enfocados en la direcci\u00f3n correcta\",\"publisher\":{\"@id\":\"https:\\\/\\\/nuevalibertad.org\\\/#organization\"},\"potentialAction\":[{\"@type\":\"SearchAction\",\"target\":{\"@type\":\"EntryPoint\",\"urlTemplate\":\"https:\\\/\\\/nuevalibertad.org\\\/?s={search_term_string}\"},\"query-input\":{\"@type\":\"PropertyValueSpecification\",\"valueRequired\":true,\"valueName\":\"search_term_string\"}}],\"inLanguage\":\"en-US\"},{\"@type\":\"Organization\",\"@id\":\"https:\\\/\\\/nuevalibertad.org\\\/#organization\",\"name\":\"Nueva Libertad y Gobierno\",\"url\":\"https:\\\/\\\/nuevalibertad.org\\\/\",\"logo\":{\"@type\":\"ImageObject\",\"inLanguage\":\"en-US\",\"@id\":\"https:\\\/\\\/nuevalibertad.org\\\/#\\\/schema\\\/logo\\\/image\\\/\",\"url\":\"https:\\\/\\\/nuevalibertad.org\\\/wp-content\\\/uploads\\\/2023\\\/07\\\/cropped-nlg-1.png\",\"contentUrl\":\"https:\\\/\\\/nuevalibertad.org\\\/wp-content\\\/uploads\\\/2023\\\/07\\\/cropped-nlg-1.png\",\"width\":321,\"height\":189,\"caption\":\"Nueva Libertad y Gobierno\"},\"image\":{\"@id\":\"https:\\\/\\\/nuevalibertad.org\\\/#\\\/schema\\\/logo\\\/image\\\/\"}}]}<\/script>\n<!-- \/ Yoast SEO plugin. -->","yoast_head_json":{"title":"Publicaciones - Nueva Libertad y Gobierno","robots":{"index":"index","follow":"follow","max-snippet":"max-snippet:-1","max-image-preview":"max-image-preview:large","max-video-preview":"max-video-preview:-1"},"canonical":"https:\/\/nuevalibertad.org\/en\/publicaciones\/","og_locale":"en_US","og_type":"article","og_title":"Publicaciones - Nueva Libertad y Gobierno","og_description":"PUBLICACIONES Libros Ver todos Art\u00edculos Ver todos Publicaciones Digitales Ver todos Blog Ver todos Canal de YouTube Ver todos","og_url":"https:\/\/nuevalibertad.org\/en\/publicaciones\/","og_site_name":"Nueva Libertad y Gobierno","article_modified_time":"2024-03-06T11:49:36+00:00","twitter_card":"summary_large_image","twitter_misc":{"Est. reading time":"4 minutes"},"schema":{"@context":"https:\/\/schema.org","@graph":[{"@type":"WebPage","@id":"https:\/\/nuevalibertad.org\/publicaciones\/","url":"https:\/\/nuevalibertad.org\/publicaciones\/","name":"Publicaciones - Nueva Libertad y Gobierno","isPartOf":{"@id":"https:\/\/nuevalibertad.org\/#website"},"datePublished":"2023-08-08T11:49:21+00:00","dateModified":"2024-03-06T11:49:36+00:00","breadcrumb":{"@id":"https:\/\/nuevalibertad.org\/publicaciones\/#breadcrumb"},"inLanguage":"en-US","potentialAction":[{"@type":"ReadAction","target":["https:\/\/nuevalibertad.org\/publicaciones\/"]}]},{"@type":"BreadcrumbList","@id":"https:\/\/nuevalibertad.org\/publicaciones\/#breadcrumb","itemListElement":[{"@type":"ListItem","position":1,"name":"Portada","item":"https:\/\/nuevalibertad.org\/"},{"@type":"ListItem","position":2,"name":"Publicaciones"}]},{"@type":"WebSite","@id":"https:\/\/nuevalibertad.org\/#website","url":"https:\/\/nuevalibertad.org\/","name":"Nueva Libertad y Gobierno","description":"Enfocados en la direcci\u00f3n correcta","publisher":{"@id":"https:\/\/nuevalibertad.org\/#organization"},"potentialAction":[{"@type":"SearchAction","target":{"@type":"EntryPoint","urlTemplate":"https:\/\/nuevalibertad.org\/?s={search_term_string}"},"query-input":{"@type":"PropertyValueSpecification","valueRequired":true,"valueName":"search_term_string"}}],"inLanguage":"en-US"},{"@type":"Organization","@id":"https:\/\/nuevalibertad.org\/#organization","name":"Nueva Libertad y Gobierno","url":"https:\/\/nuevalibertad.org\/","logo":{"@type":"ImageObject","inLanguage":"en-US","@id":"https:\/\/nuevalibertad.org\/#\/schema\/logo\/image\/","url":"https:\/\/nuevalibertad.org\/wp-content\/uploads\/2023\/07\/cropped-nlg-1.png","contentUrl":"https:\/\/nuevalibertad.org\/wp-content\/uploads\/2023\/07\/cropped-nlg-1.png","width":321,"height":189,"caption":"Nueva Libertad y Gobierno"},"image":{"@id":"https:\/\/nuevalibertad.org\/#\/schema\/logo\/image\/"}}]}},"jetpack_sharing_enabled":true,"_links":{"self":[{"href":"https:\/\/nuevalibertad.org\/en\/wp-json\/wp\/v2\/pages\/1352","targetHints":{"allow":["GET"]}}],"collection":[{"href":"https:\/\/nuevalibertad.org\/en\/wp-json\/wp\/v2\/pages"}],"about":[{"href":"https:\/\/nuevalibertad.org\/en\/wp-json\/wp\/v2\/types\/page"}],"author":[{"embeddable":true,"href":"https:\/\/nuevalibertad.org\/en\/wp-json\/wp\/v2\/users\/1"}],"replies":[{"embeddable":true,"href":"https:\/\/nuevalibertad.org\/en\/wp-json\/wp\/v2\/comments?post=1352"}],"version-history":[{"count":97,"href":"https:\/\/nuevalibertad.org\/en\/wp-json\/wp\/v2\/pages\/1352\/revisions"}],"predecessor-version":[{"id":2350,"href":"https:\/\/nuevalibertad.org\/en\/wp-json\/wp\/v2\/pages\/1352\/revisions\/2350"}],"wp:attachment":[{"href":"https:\/\/nuevalibertad.org\/en\/wp-json\/wp\/v2\/media?parent=1352"}],"curies":[{"name":"wp","href":"https:\/\/api.w.org\/{rel}","templated":true}]}}