{"id":1650,"date":"2023-08-24T06:40:11","date_gmt":"2023-08-24T06:40:11","guid":{"rendered":"https:\/\/nuevalibertad.org\/?page_id=1650"},"modified":"2023-09-29T19:04:35","modified_gmt":"2023-09-29T19:04:35","slug":"articulos","status":"publish","type":"page","link":"https:\/\/nuevalibertad.org\/en\/articulos\/","title":{"rendered":"Articles"},"content":{"rendered":"<div data-elementor-type=\"wp-page\" data-elementor-id=\"1650\" class=\"elementor elementor-1650\" data-elementor-post-type=\"page\">\n\t\t\t\t\t\t<section class=\"elementor-section elementor-top-section elementor-element elementor-element-9a92740 elementor-section-boxed elementor-section-height-default elementor-section-height-default\" data-id=\"9a92740\" data-element_type=\"section\" data-e-type=\"section\" data-settings=\"{&quot;background_background&quot;:&quot;classic&quot;}\">\n\t\t\t\t\t\t<div class=\"elementor-container elementor-column-gap-no\">\n\t\t\t\t\t<div class=\"elementor-column elementor-col-100 elementor-top-column elementor-element elementor-element-7d6afba\" data-id=\"7d6afba\" data-element_type=\"column\" data-e-type=\"column\">\n\t\t\t<div class=\"elementor-widget-wrap elementor-element-populated\">\n\t\t\t\t\t\t<section class=\"elementor-section elementor-inner-section elementor-element elementor-element-f3a2c22 elementor-section-boxed elementor-section-height-default elementor-section-height-default\" data-id=\"f3a2c22\" data-element_type=\"section\" data-e-type=\"section\">\n\t\t\t\t\t\t<div class=\"elementor-container elementor-column-gap-no\">\n\t\t\t\t\t<div class=\"elementor-column elementor-col-100 elementor-inner-column elementor-element elementor-element-be51ca6\" data-id=\"be51ca6\" data-element_type=\"column\" data-e-type=\"column\" data-settings=\"{&quot;background_background&quot;:&quot;classic&quot;}\">\n\t\t\t<div class=\"elementor-widget-wrap elementor-element-populated\">\n\t\t\t\t\t\t<div class=\"elementor-element elementor-element-76fc848 elementor-widget elementor-widget-heading\" data-id=\"76fc848\" data-element_type=\"widget\" data-e-type=\"widget\" data-widget_type=\"heading.default\">\n\t\t\t\t<div class=\"elementor-widget-container\">\n\t\t\t\t\t<h2 class=\"elementor-heading-title elementor-size-default\">Articles<\/h2>\t\t\t\t<\/div>\n\t\t\t\t<\/div>\n\t\t\t\t<div class=\"elementor-element elementor-element-1e38a9e elementor-widget-divider--view-line elementor-widget elementor-widget-divider\" data-id=\"1e38a9e\" data-element_type=\"widget\" data-e-type=\"widget\" data-widget_type=\"divider.default\">\n\t\t\t\t<div class=\"elementor-widget-container\">\n\t\t\t\t\t\t\t<div class=\"elementor-divider\">\n\t\t\t<span class=\"elementor-divider-separator\">\n\t\t\t\t\t\t<\/span>\n\t\t<\/div>\n\t\t\t\t\t\t<\/div>\n\t\t\t\t<\/div>\n\t\t\t\t\t<\/div>\n\t\t<\/div>\n\t\t\t\t\t<\/div>\n\t\t<\/section>\n\t\t\t\t<section class=\"elementor-section elementor-inner-section elementor-element elementor-element-fce945f elementor-section-boxed elementor-section-height-default elementor-section-height-default\" data-id=\"fce945f\" data-element_type=\"section\" data-e-type=\"section\">\n\t\t\t\t\t\t<div class=\"elementor-container elementor-column-gap-no\">\n\t\t\t\t\t<div class=\"elementor-column elementor-col-100 elementor-inner-column elementor-element elementor-element-9a86a2a\" data-id=\"9a86a2a\" data-element_type=\"column\" data-e-type=\"column\" data-settings=\"{&quot;background_background&quot;:&quot;classic&quot;}\">\n\t\t\t<div class=\"elementor-widget-wrap elementor-element-populated\">\n\t\t\t\t\t\t<div class=\"elementor-element elementor-element-a8e988d elementor-grid-4 elementor-posts--align-center elementor-grid-tablet-2 elementor-grid-mobile-1 elementor-posts--thumbnail-top elementor-widget elementor-widget-posts\" data-id=\"a8e988d\" data-element_type=\"widget\" data-e-type=\"widget\" data-settings=\"{&quot;classic_columns&quot;:&quot;4&quot;,&quot;pagination_type&quot;:&quot;numbers&quot;,&quot;classic_columns_tablet&quot;:&quot;2&quot;,&quot;classic_columns_mobile&quot;:&quot;1&quot;,&quot;classic_row_gap&quot;:{&quot;unit&quot;:&quot;px&quot;,&quot;size&quot;:35,&quot;sizes&quot;:[]},&quot;classic_row_gap_tablet&quot;:{&quot;unit&quot;:&quot;px&quot;,&quot;size&quot;:&quot;&quot;,&quot;sizes&quot;:[]},&quot;classic_row_gap_mobile&quot;:{&quot;unit&quot;:&quot;px&quot;,&quot;size&quot;:&quot;&quot;,&quot;sizes&quot;:[]}}\" data-widget_type=\"posts.classic\">\n\t\t\t\t<div class=\"elementor-widget-container\">\n\t\t\t\t\t\t\t<div class=\"elementor-posts-container elementor-posts elementor-posts--skin-classic elementor-grid\">\n\t\t\t\t<article class=\"elementor-post elementor-grid-item post-2653 post type-post status-publish format-standard has-post-thumbnail hentry category-articulos tag-gobierno-corporativo tag-politica\">\n\t\t\t\t<a class=\"elementor-post__thumbnail__link\" href=\"https:\/\/nuevalibertad.org\/en\/el-dilema-del-fundador\/\" tabindex=\"-1\" >\n\t\t\t<div class=\"elementor-post__thumbnail\"><img fetchpriority=\"high\" decoding=\"async\" width=\"800\" height=\"533\" src=\"https:\/\/nuevalibertad.org\/wp-content\/uploads\/2026\/03\/HOMBREempresa-800x533.jpg\" class=\"attachment-medium size-medium wp-image-2654\" alt=\"banco de imagenes\" srcset=\"https:\/\/nuevalibertad.org\/wp-content\/uploads\/2026\/03\/HOMBREempresa-800x533.jpg 800w, https:\/\/nuevalibertad.org\/wp-content\/uploads\/2026\/03\/HOMBREempresa-1024x683.jpg 1024w, https:\/\/nuevalibertad.org\/wp-content\/uploads\/2026\/03\/HOMBREempresa-768x512.jpg 768w, https:\/\/nuevalibertad.org\/wp-content\/uploads\/2026\/03\/HOMBREempresa-1536x1024.jpg 1536w, https:\/\/nuevalibertad.org\/wp-content\/uploads\/2026\/03\/HOMBREempresa-2048x1365.jpg 2048w, https:\/\/nuevalibertad.org\/wp-content\/uploads\/2026\/03\/HOMBREempresa-18x12.jpg 18w\" sizes=\"(max-width: 800px) 100vw, 800px\" \/><\/div>\n\t\t<\/a>\n\t\t\t\t<div class=\"elementor-post__text\">\n\t\t\t\t<h3 class=\"elementor-post__title\">\n\t\t\t<a href=\"https:\/\/nuevalibertad.org\/en\/el-dilema-del-fundador\/\" >\n\t\t\t\tEl Dilema del Fundador\t\t\t<\/a>\n\t\t<\/h3>\n\t\t\t\t\t<div class=\"elementor-post__read-more-wrapper\">\n\t\t\n\t\t<a class=\"elementor-post__read-more\" href=\"https:\/\/nuevalibertad.org\/en\/el-dilema-del-fundador\/\" aria-label=\"Read more about El Dilema del Fundador\" tabindex=\"-1\" >\n\t\t\tLeer m\u00e1s \u00bb\t\t<\/a>\n\n\t\t\t\t\t<\/div>\n\t\t\t\t<\/div>\n\t\t\t\t<\/article>\n\t\t\t\t<article class=\"elementor-post elementor-grid-item post-2642 post type-post status-publish format-standard has-post-thumbnail hentry category-articulos tag-acuerdo-ue-mercosur tag-internacional\">\n\t\t\t\t<a class=\"elementor-post__thumbnail__link\" href=\"https:\/\/nuevalibertad.org\/en\/por-que-francia-paso-del-apoyo-al-rechazo-del-acuerdo-ue-mercosur\/\" tabindex=\"-1\" >\n\t\t\t<div class=\"elementor-post__thumbnail\"><img decoding=\"async\" width=\"800\" height=\"533\" src=\"https:\/\/nuevalibertad.org\/wp-content\/uploads\/2026\/01\/pexels-ieva-brinkmane-1052950035-20432167-800x533.jpg\" class=\"attachment-medium size-medium wp-image-2643\" alt=\"Foto Banco Imagenes autoria: Ieva Brinkmane\" srcset=\"https:\/\/nuevalibertad.org\/wp-content\/uploads\/2026\/01\/pexels-ieva-brinkmane-1052950035-20432167-800x533.jpg 800w, https:\/\/nuevalibertad.org\/wp-content\/uploads\/2026\/01\/pexels-ieva-brinkmane-1052950035-20432167-1024x683.jpg 1024w, https:\/\/nuevalibertad.org\/wp-content\/uploads\/2026\/01\/pexels-ieva-brinkmane-1052950035-20432167-768x512.jpg 768w, https:\/\/nuevalibertad.org\/wp-content\/uploads\/2026\/01\/pexels-ieva-brinkmane-1052950035-20432167-1536x1024.jpg 1536w, https:\/\/nuevalibertad.org\/wp-content\/uploads\/2026\/01\/pexels-ieva-brinkmane-1052950035-20432167-2048x1365.jpg 2048w, https:\/\/nuevalibertad.org\/wp-content\/uploads\/2026\/01\/pexels-ieva-brinkmane-1052950035-20432167-18x12.jpg 18w\" sizes=\"(max-width: 800px) 100vw, 800px\" \/><\/div>\n\t\t<\/a>\n\t\t\t\t<div class=\"elementor-post__text\">\n\t\t\t\t<h3 class=\"elementor-post__title\">\n\t\t\t<a href=\"https:\/\/nuevalibertad.org\/en\/por-que-francia-paso-del-apoyo-al-rechazo-del-acuerdo-ue-mercosur\/\" >\n\t\t\t\t\u00bfPor qu\u00e9 Francia pas\u00f3 del apoyo al rechazo del acuerdo UE-Mercosur?\t\t\t<\/a>\n\t\t<\/h3>\n\t\t\t\t\t<div class=\"elementor-post__read-more-wrapper\">\n\t\t\n\t\t<a class=\"elementor-post__read-more\" href=\"https:\/\/nuevalibertad.org\/en\/por-que-francia-paso-del-apoyo-al-rechazo-del-acuerdo-ue-mercosur\/\" aria-label=\"Read more about \u00bfPor qu\u00e9 Francia pas\u00f3 del apoyo al rechazo del acuerdo UE-Mercosur?\" tabindex=\"-1\" >\n\t\t\tLeer m\u00e1s \u00bb\t\t<\/a>\n\n\t\t\t\t\t<\/div>\n\t\t\t\t<\/div>\n\t\t\t\t<\/article>\n\t\t\t\t<article class=\"elementor-post elementor-grid-item post-2621 post type-post status-publish format-standard has-post-thumbnail hentry category-articulos category-publicaciones-digitales tag-actualidad tag-crisispolitica tag-economia tag-futurogobiernomacron tag-internacional tag-politica\">\n\t\t\t\t<a class=\"elementor-post__thumbnail__link\" href=\"https:\/\/nuevalibertad.org\/en\/crisis-politica-en-francia-2025-el-gobierno-de-macron-colapsa\/\" tabindex=\"-1\" >\n\t\t\t<div class=\"elementor-post__thumbnail\"><img decoding=\"async\" width=\"512\" height=\"512\" src=\"https:\/\/nuevalibertad.org\/wp-content\/uploads\/2025\/09\/franciaGEMINI-1.png\" class=\"attachment-medium size-medium wp-image-2623\" alt=\"\" srcset=\"https:\/\/nuevalibertad.org\/wp-content\/uploads\/2025\/09\/franciaGEMINI-1.png 512w, https:\/\/nuevalibertad.org\/wp-content\/uploads\/2025\/09\/franciaGEMINI-1-12x12.png 12w\" sizes=\"(max-width: 512px) 100vw, 512px\" \/><\/div>\n\t\t<\/a>\n\t\t\t\t<div class=\"elementor-post__text\">\n\t\t\t\t<h3 class=\"elementor-post__title\">\n\t\t\t<a href=\"https:\/\/nuevalibertad.org\/en\/crisis-politica-en-francia-2025-el-gobierno-de-macron-colapsa\/\" >\n\t\t\t\tCrisis Pol\u00edtica en Francia 2025. El Gobierno de Macron, Colapsa\t\t\t<\/a>\n\t\t<\/h3>\n\t\t\t\t\t<div class=\"elementor-post__read-more-wrapper\">\n\t\t\n\t\t<a class=\"elementor-post__read-more\" href=\"https:\/\/nuevalibertad.org\/en\/crisis-politica-en-francia-2025-el-gobierno-de-macron-colapsa\/\" aria-label=\"Read more about Crisis Pol\u00edtica en Francia 2025. El Gobierno de Macron, Colapsa\" tabindex=\"-1\" >\n\t\t\tLeer m\u00e1s \u00bb\t\t<\/a>\n\n\t\t\t\t\t<\/div>\n\t\t\t\t<\/div>\n\t\t\t\t<\/article>\n\t\t\t\t<article class=\"elementor-post elementor-grid-item post-2616 post type-post status-publish format-standard has-post-thumbnail hentry category-articulos category-sin-categoria tag-actualidad tag-economia tag-internacional tag-politica\">\n\t\t\t\t<a class=\"elementor-post__thumbnail__link\" href=\"https:\/\/nuevalibertad.org\/en\/francia-sacrifica-su-modelo-social-para-salvar-su-economia\/\" tabindex=\"-1\" >\n\t\t\t<div class=\"elementor-post__thumbnail\"><img loading=\"lazy\" decoding=\"async\" width=\"366\" height=\"256\" src=\"https:\/\/nuevalibertad.org\/wp-content\/uploads\/2025\/07\/bayrou-RLZfWgjJPaFmmwpGTUmwXxJ-366x256@diario_abc.webp\" class=\"attachment-medium size-medium wp-image-2618\" alt=\"\" srcset=\"https:\/\/nuevalibertad.org\/wp-content\/uploads\/2025\/07\/bayrou-RLZfWgjJPaFmmwpGTUmwXxJ-366x256@diario_abc.webp 366w, https:\/\/nuevalibertad.org\/wp-content\/uploads\/2025\/07\/bayrou-RLZfWgjJPaFmmwpGTUmwXxJ-366x256@diario_abc-18x12.webp 18w\" sizes=\"(max-width: 366px) 100vw, 366px\" \/><\/div>\n\t\t<\/a>\n\t\t\t\t<div class=\"elementor-post__text\">\n\t\t\t\t<h3 class=\"elementor-post__title\">\n\t\t\t<a href=\"https:\/\/nuevalibertad.org\/en\/francia-sacrifica-su-modelo-social-para-salvar-su-economia\/\" >\n\t\t\t\tFrancia sacrifica su modelo social para salvar su econom\u00eda\t\t\t<\/a>\n\t\t<\/h3>\n\t\t\t\t\t<div class=\"elementor-post__read-more-wrapper\">\n\t\t\n\t\t<a class=\"elementor-post__read-more\" href=\"https:\/\/nuevalibertad.org\/en\/francia-sacrifica-su-modelo-social-para-salvar-su-economia\/\" aria-label=\"Read more about Francia sacrifica su modelo social para salvar su econom\u00eda\" tabindex=\"-1\" >\n\t\t\tLeer m\u00e1s \u00bb\t\t<\/a>\n\n\t\t\t\t\t<\/div>\n\t\t\t\t<\/div>\n\t\t\t\t<\/article>\n\t\t\t\t<article class=\"elementor-post elementor-grid-item post-2611 post type-post status-publish format-standard has-post-thumbnail hentry category-articulos category-publicaciones-digitales tag-actualidad tag-internacional tag-politica\">\n\t\t\t\t<a class=\"elementor-post__thumbnail__link\" href=\"https:\/\/nuevalibertad.org\/en\/expertos-internacionales-destacan-la-transformacion-de-el-salvador-como-un-modelo-regional-con-potencial-global\/\" tabindex=\"-1\" >\n\t\t\t<div class=\"elementor-post__thumbnail\"><img loading=\"lazy\" decoding=\"async\" width=\"800\" height=\"417\" src=\"https:\/\/nuevalibertad.org\/wp-content\/uploads\/2025\/07\/profile-picture-nb-800x417.webp\" class=\"attachment-medium size-medium wp-image-2612\" alt=\"\" srcset=\"https:\/\/nuevalibertad.org\/wp-content\/uploads\/2025\/07\/profile-picture-nb-800x417.webp 800w, https:\/\/nuevalibertad.org\/wp-content\/uploads\/2025\/07\/profile-picture-nb-1024x534.webp 1024w, https:\/\/nuevalibertad.org\/wp-content\/uploads\/2025\/07\/profile-picture-nb-768x400.webp 768w, https:\/\/nuevalibertad.org\/wp-content\/uploads\/2025\/07\/profile-picture-nb-18x9.webp 18w, https:\/\/nuevalibertad.org\/wp-content\/uploads\/2025\/07\/profile-picture-nb.webp 1170w\" sizes=\"(max-width: 800px) 100vw, 800px\" \/><\/div>\n\t\t<\/a>\n\t\t\t\t<div class=\"elementor-post__text\">\n\t\t\t\t<h3 class=\"elementor-post__title\">\n\t\t\t<a href=\"https:\/\/nuevalibertad.org\/en\/expertos-internacionales-destacan-la-transformacion-de-el-salvador-como-un-modelo-regional-con-potencial-global\/\" >\n\t\t\t\tExpertos Internacionales Destacan la Transformaci\u00f3n de El Salvador como un Modelo Regional con Potencial Global\t\t\t<\/a>\n\t\t<\/h3>\n\t\t\t\t\t<div class=\"elementor-post__read-more-wrapper\">\n\t\t\n\t\t<a class=\"elementor-post__read-more\" href=\"https:\/\/nuevalibertad.org\/en\/expertos-internacionales-destacan-la-transformacion-de-el-salvador-como-un-modelo-regional-con-potencial-global\/\" aria-label=\"Read more about Expertos Internacionales Destacan la Transformaci\u00f3n de El Salvador como un Modelo Regional con Potencial Global\" tabindex=\"-1\" >\n\t\t\tLeer m\u00e1s \u00bb\t\t<\/a>\n\n\t\t\t\t\t<\/div>\n\t\t\t\t<\/div>\n\t\t\t\t<\/article>\n\t\t\t\t<article class=\"elementor-post elementor-grid-item post-2579 post type-post status-publish format-standard has-post-thumbnail hentry category-articulos category-publicaciones-digitales tag-actualidad tag-francia tag-internacional tag-libertad\">\n\t\t\t\t<a class=\"elementor-post__thumbnail__link\" href=\"https:\/\/nuevalibertad.org\/en\/los-jovenes-de-la-era-digital-y-redes-sociales-vuelven-a-la-fe-entre-pantallas-y-espiritualidad\/\" tabindex=\"-1\" >\n\t\t\t<div class=\"elementor-post__thumbnail\"><img loading=\"lazy\" decoding=\"async\" width=\"800\" height=\"533\" src=\"https:\/\/nuevalibertad.org\/wp-content\/uploads\/2025\/04\/FOTOIICATOLICOS-800x533.jpg\" class=\"attachment-medium size-medium wp-image-2580\" alt=\"\" srcset=\"https:\/\/nuevalibertad.org\/wp-content\/uploads\/2025\/04\/FOTOIICATOLICOS-800x533.jpg 800w, https:\/\/nuevalibertad.org\/wp-content\/uploads\/2025\/04\/FOTOIICATOLICOS-1024x683.jpg 1024w, https:\/\/nuevalibertad.org\/wp-content\/uploads\/2025\/04\/FOTOIICATOLICOS-768x512.jpg 768w, https:\/\/nuevalibertad.org\/wp-content\/uploads\/2025\/04\/FOTOIICATOLICOS-1536x1024.jpg 1536w, https:\/\/nuevalibertad.org\/wp-content\/uploads\/2025\/04\/FOTOIICATOLICOS-2048x1366.jpg 2048w, https:\/\/nuevalibertad.org\/wp-content\/uploads\/2025\/04\/FOTOIICATOLICOS-18x12.jpg 18w\" sizes=\"(max-width: 800px) 100vw, 800px\" \/><\/div>\n\t\t<\/a>\n\t\t\t\t<div class=\"elementor-post__text\">\n\t\t\t\t<h3 class=\"elementor-post__title\">\n\t\t\t<a href=\"https:\/\/nuevalibertad.org\/en\/los-jovenes-de-la-era-digital-y-redes-sociales-vuelven-a-la-fe-entre-pantallas-y-espiritualidad\/\" >\n\t\t\t\tLos j\u00f3venes de la era digital y redes sociales, vuelven a la fe; Entre pantallas y espiritualidad.\t\t\t<\/a>\n\t\t<\/h3>\n\t\t\t\t\t<div class=\"elementor-post__read-more-wrapper\">\n\t\t\n\t\t<a class=\"elementor-post__read-more\" href=\"https:\/\/nuevalibertad.org\/en\/los-jovenes-de-la-era-digital-y-redes-sociales-vuelven-a-la-fe-entre-pantallas-y-espiritualidad\/\" aria-label=\"Read more about Los j\u00f3venes de la era digital y redes sociales, vuelven a la fe; Entre pantallas y espiritualidad.\" tabindex=\"-1\" >\n\t\t\tLeer m\u00e1s \u00bb\t\t<\/a>\n\n\t\t\t\t\t<\/div>\n\t\t\t\t<\/div>\n\t\t\t\t<\/article>\n\t\t\t\t<article class=\"elementor-post elementor-grid-item post-2568 post type-post status-publish format-standard has-post-thumbnail hentry category-articulos category-publicaciones-digitales tag-actualidad tag-democracia tag-internacional tag-libertad tag-politica\">\n\t\t\t\t<a class=\"elementor-post__thumbnail__link\" href=\"https:\/\/nuevalibertad.org\/en\/adios-le-pen-lo-importante-es-el-proyecto-no-las-personas\/\" tabindex=\"-1\" >\n\t\t\t<div class=\"elementor-post__thumbnail\"><img loading=\"lazy\" decoding=\"async\" width=\"800\" height=\"450\" src=\"https:\/\/nuevalibertad.org\/wp-content\/uploads\/2025\/04\/Le-Pen-TF1-800x450.png\" class=\"attachment-medium size-medium wp-image-2570\" alt=\"\" srcset=\"https:\/\/nuevalibertad.org\/wp-content\/uploads\/2025\/04\/Le-Pen-TF1-800x450.png 800w, https:\/\/nuevalibertad.org\/wp-content\/uploads\/2025\/04\/Le-Pen-TF1-1024x577.png 1024w, https:\/\/nuevalibertad.org\/wp-content\/uploads\/2025\/04\/Le-Pen-TF1-768x432.png 768w, https:\/\/nuevalibertad.org\/wp-content\/uploads\/2025\/04\/Le-Pen-TF1-18x10.png 18w, https:\/\/nuevalibertad.org\/wp-content\/uploads\/2025\/04\/Le-Pen-TF1.png 1030w\" sizes=\"(max-width: 800px) 100vw, 800px\" \/><\/div>\n\t\t<\/a>\n\t\t\t\t<div class=\"elementor-post__text\">\n\t\t\t\t<h3 class=\"elementor-post__title\">\n\t\t\t<a href=\"https:\/\/nuevalibertad.org\/en\/adios-le-pen-lo-importante-es-el-proyecto-no-las-personas\/\" >\n\t\t\t\tAdi\u00f3s Le Pen, \u00ablo importante es el proyecto no las personas\u00bb .\t\t\t<\/a>\n\t\t<\/h3>\n\t\t\t\t\t<div class=\"elementor-post__read-more-wrapper\">\n\t\t\n\t\t<a class=\"elementor-post__read-more\" href=\"https:\/\/nuevalibertad.org\/en\/adios-le-pen-lo-importante-es-el-proyecto-no-las-personas\/\" aria-label=\"Read more about Adi\u00f3s Le Pen, \u00ablo importante es el proyecto no las personas\u00bb .\" tabindex=\"-1\" >\n\t\t\tLeer m\u00e1s \u00bb\t\t<\/a>\n\n\t\t\t\t\t<\/div>\n\t\t\t\t<\/div>\n\t\t\t\t<\/article>\n\t\t\t\t<article class=\"elementor-post elementor-grid-item post-2539 post type-post status-publish format-standard has-post-thumbnail hentry category-articulos category-publicaciones-digitales tag-actualidad tag-democracia tag-elecciones tag-internacional tag-politica tag-usa\">\n\t\t\t\t<a class=\"elementor-post__thumbnail__link\" href=\"https:\/\/nuevalibertad.org\/en\/y-trump-no-defraudo\/\" tabindex=\"-1\" >\n\t\t\t<div class=\"elementor-post__thumbnail\"><img loading=\"lazy\" decoding=\"async\" width=\"300\" height=\"168\" src=\"https:\/\/nuevalibertad.org\/wp-content\/uploads\/2025\/01\/trump.jpeg\" class=\"attachment-medium size-medium wp-image-2540\" alt=\"\" srcset=\"https:\/\/nuevalibertad.org\/wp-content\/uploads\/2025\/01\/trump.jpeg 300w, https:\/\/nuevalibertad.org\/wp-content\/uploads\/2025\/01\/trump-18x10.jpeg 18w\" sizes=\"(max-width: 300px) 100vw, 300px\" \/><\/div>\n\t\t<\/a>\n\t\t\t\t<div class=\"elementor-post__text\">\n\t\t\t\t<h3 class=\"elementor-post__title\">\n\t\t\t<a href=\"https:\/\/nuevalibertad.org\/en\/y-trump-no-defraudo\/\" >\n\t\t\t\tY Trump no defraud\u00f3\t\t\t<\/a>\n\t\t<\/h3>\n\t\t\t\t\t<div class=\"elementor-post__read-more-wrapper\">\n\t\t\n\t\t<a class=\"elementor-post__read-more\" href=\"https:\/\/nuevalibertad.org\/en\/y-trump-no-defraudo\/\" aria-label=\"Read more about Y Trump no defraud\u00f3\" tabindex=\"-1\" >\n\t\t\tLeer m\u00e1s \u00bb\t\t<\/a>\n\n\t\t\t\t\t<\/div>\n\t\t\t\t<\/div>\n\t\t\t\t<\/article>\n\t\t\t\t<article class=\"elementor-post elementor-grid-item post-2529 post type-post status-publish format-standard has-post-thumbnail hentry category-articulos tag-actualidad tag-democracia tag-economia tag-elecciones tag-internacional tag-libertad tag-negocios tag-politica\">\n\t\t\t\t<a class=\"elementor-post__thumbnail__link\" href=\"https:\/\/nuevalibertad.org\/en\/fundamentos-para-una-alianza-estrategica-por-la-libertad-por-don-victor-pavon-presidente-del-centro-de-estudios-sociales-ces-miembro-del-foro-de-madrid\/\" tabindex=\"-1\" >\n\t\t\t<div class=\"elementor-post__thumbnail\"><img loading=\"lazy\" decoding=\"async\" width=\"798\" height=\"800\" src=\"https:\/\/nuevalibertad.org\/wp-content\/uploads\/2024\/11\/VictorPavon-798x800.jpeg\" class=\"attachment-medium size-medium wp-image-2531\" alt=\"\" srcset=\"https:\/\/nuevalibertad.org\/wp-content\/uploads\/2024\/11\/VictorPavon-798x800.jpeg 798w, https:\/\/nuevalibertad.org\/wp-content\/uploads\/2024\/11\/VictorPavon-768x770.jpeg 768w, https:\/\/nuevalibertad.org\/wp-content\/uploads\/2024\/11\/VictorPavon-12x12.jpeg 12w, https:\/\/nuevalibertad.org\/wp-content\/uploads\/2024\/11\/VictorPavon.jpeg 958w\" sizes=\"(max-width: 798px) 100vw, 798px\" \/><\/div>\n\t\t<\/a>\n\t\t\t\t<div class=\"elementor-post__text\">\n\t\t\t\t<h3 class=\"elementor-post__title\">\n\t\t\t<a href=\"https:\/\/nuevalibertad.org\/en\/fundamentos-para-una-alianza-estrategica-por-la-libertad-por-don-victor-pavon-presidente-del-centro-de-estudios-sociales-ces-miembro-del-foro-de-madrid\/\" >\n\t\t\t\tFundamentos para una Alianza Estrat\u00e9gica por la Libertad. Por Don V\u00edctor Pav\u00f3n, Presidente del Centro de Estudios Sociales (CES). Miembro del Foro de Madrid\t\t\t<\/a>\n\t\t<\/h3>\n\t\t\t\t\t<div class=\"elementor-post__read-more-wrapper\">\n\t\t\n\t\t<a class=\"elementor-post__read-more\" href=\"https:\/\/nuevalibertad.org\/en\/fundamentos-para-una-alianza-estrategica-por-la-libertad-por-don-victor-pavon-presidente-del-centro-de-estudios-sociales-ces-miembro-del-foro-de-madrid\/\" aria-label=\"Read more about Fundamentos para una Alianza Estrat\u00e9gica por la Libertad. Por Don V\u00edctor Pav\u00f3n, Presidente del Centro de Estudios Sociales (CES). Miembro del Foro de Madrid\" tabindex=\"-1\" >\n\t\t\tLeer m\u00e1s \u00bb\t\t<\/a>\n\n\t\t\t\t\t<\/div>\n\t\t\t\t<\/div>\n\t\t\t\t<\/article>\n\t\t\t\t<article class=\"elementor-post elementor-grid-item post-2503 post type-post status-publish format-standard has-post-thumbnail hentry category-articulos tag-actualidad tag-internacional tag-libertad tag-paz tag-politica\">\n\t\t\t\t<a class=\"elementor-post__thumbnail__link\" href=\"https:\/\/nuevalibertad.org\/en\/plan-de-seguridad-del-pdte-bukele-salva-el-futuro-de-ninos-y-adolescentes\/\" tabindex=\"-1\" >\n\t\t\t<div class=\"elementor-post__thumbnail\"><img loading=\"lazy\" decoding=\"async\" width=\"800\" height=\"450\" src=\"https:\/\/nuevalibertad.org\/wp-content\/uploads\/2024\/10\/112944680_mediaitem112944679.jpg.webp\" class=\"attachment-medium size-medium wp-image-2505\" alt=\"\" srcset=\"https:\/\/nuevalibertad.org\/wp-content\/uploads\/2024\/10\/112944680_mediaitem112944679.jpg.webp 800w, https:\/\/nuevalibertad.org\/wp-content\/uploads\/2024\/10\/112944680_mediaitem112944679.jpg-768x432.webp 768w, https:\/\/nuevalibertad.org\/wp-content\/uploads\/2024\/10\/112944680_mediaitem112944679.jpg-18x10.webp 18w\" sizes=\"(max-width: 800px) 100vw, 800px\" \/><\/div>\n\t\t<\/a>\n\t\t\t\t<div class=\"elementor-post__text\">\n\t\t\t\t<h3 class=\"elementor-post__title\">\n\t\t\t<a href=\"https:\/\/nuevalibertad.org\/en\/plan-de-seguridad-del-pdte-bukele-salva-el-futuro-de-ninos-y-adolescentes\/\" >\n\t\t\t\tSeguridad y Educaci\u00f3n: El Metodo Bukele Reduce la Deserci\u00f3n Escolar en El Salvador.\t\t\t<\/a>\n\t\t<\/h3>\n\t\t\t\t\t<div class=\"elementor-post__read-more-wrapper\">\n\t\t\n\t\t<a class=\"elementor-post__read-more\" href=\"https:\/\/nuevalibertad.org\/en\/plan-de-seguridad-del-pdte-bukele-salva-el-futuro-de-ninos-y-adolescentes\/\" aria-label=\"Read more about Seguridad y Educaci\u00f3n: El Metodo Bukele Reduce la Deserci\u00f3n Escolar en El Salvador.\" tabindex=\"-1\" >\n\t\t\tLeer m\u00e1s \u00bb\t\t<\/a>\n\n\t\t\t\t\t<\/div>\n\t\t\t\t<\/div>\n\t\t\t\t<\/article>\n\t\t\t\t<article class=\"elementor-post elementor-grid-item post-2495 post type-post status-publish format-standard has-post-thumbnail hentry category-articulos tag-actualidad tag-democracia tag-diplomacia tag-internacional tag-politica\">\n\t\t\t\t<a class=\"elementor-post__thumbnail__link\" href=\"https:\/\/nuevalibertad.org\/en\/diplomacia-analisis-de-sus-capacidades-y-potencial\/\" tabindex=\"-1\" >\n\t\t\t<div class=\"elementor-post__thumbnail\"><img loading=\"lazy\" decoding=\"async\" width=\"346\" height=\"168\" src=\"https:\/\/nuevalibertad.org\/wp-content\/uploads\/2024\/10\/Image3diplomacia.jpg\" class=\"attachment-medium size-medium wp-image-2497\" alt=\"\" srcset=\"https:\/\/nuevalibertad.org\/wp-content\/uploads\/2024\/10\/Image3diplomacia.jpg 346w, https:\/\/nuevalibertad.org\/wp-content\/uploads\/2024\/10\/Image3diplomacia-18x9.jpg 18w\" sizes=\"(max-width: 346px) 100vw, 346px\" \/><\/div>\n\t\t<\/a>\n\t\t\t\t<div class=\"elementor-post__text\">\n\t\t\t\t<h3 class=\"elementor-post__title\">\n\t\t\t<a href=\"https:\/\/nuevalibertad.org\/en\/diplomacia-analisis-de-sus-capacidades-y-potencial\/\" >\n\t\t\t\tDiplomacia: An\u00e1lisis de sus capacidades y potencial.\t\t\t<\/a>\n\t\t<\/h3>\n\t\t\t\t\t<div class=\"elementor-post__read-more-wrapper\">\n\t\t\n\t\t<a class=\"elementor-post__read-more\" href=\"https:\/\/nuevalibertad.org\/en\/diplomacia-analisis-de-sus-capacidades-y-potencial\/\" aria-label=\"Read more about Diplomacia: An\u00e1lisis de sus capacidades y potencial.\" tabindex=\"-1\" >\n\t\t\tLeer m\u00e1s \u00bb\t\t<\/a>\n\n\t\t\t\t\t<\/div>\n\t\t\t\t<\/div>\n\t\t\t\t<\/article>\n\t\t\t\t<article class=\"elementor-post elementor-grid-item post-2482 post type-post status-publish format-standard has-post-thumbnail hentry category-articulos tag-actualidad tag-economia tag-estadosunidos tag-europa tag-internacional tag-negocios tag-politica\">\n\t\t\t\t<a class=\"elementor-post__thumbnail__link\" href=\"https:\/\/nuevalibertad.org\/en\/marruecos-puerta-de-entrada-de-china-a-la-union-europea\/\" tabindex=\"-1\" >\n\t\t\t<div class=\"elementor-post__thumbnail\"><img loading=\"lazy\" decoding=\"async\" width=\"800\" height=\"450\" src=\"https:\/\/nuevalibertad.org\/wp-content\/uploads\/2024\/09\/acuerdochinamarruecos-800x450.jpg\" class=\"attachment-medium size-medium wp-image-2489\" alt=\"\" srcset=\"https:\/\/nuevalibertad.org\/wp-content\/uploads\/2024\/09\/acuerdochinamarruecos-800x450.jpg 800w, https:\/\/nuevalibertad.org\/wp-content\/uploads\/2024\/09\/acuerdochinamarruecos-1024x576.jpg 1024w, https:\/\/nuevalibertad.org\/wp-content\/uploads\/2024\/09\/acuerdochinamarruecos-768x432.jpg 768w, https:\/\/nuevalibertad.org\/wp-content\/uploads\/2024\/09\/acuerdochinamarruecos-18x10.jpg 18w, https:\/\/nuevalibertad.org\/wp-content\/uploads\/2024\/09\/acuerdochinamarruecos.jpg 1200w\" sizes=\"(max-width: 800px) 100vw, 800px\" \/><\/div>\n\t\t<\/a>\n\t\t\t\t<div class=\"elementor-post__text\">\n\t\t\t\t<h3 class=\"elementor-post__title\">\n\t\t\t<a href=\"https:\/\/nuevalibertad.org\/en\/marruecos-puerta-de-entrada-de-china-a-la-union-europea\/\" >\n\t\t\t\tMarruecos, puerta de entrada de China a la Uni\u00f3n Europea\t\t\t<\/a>\n\t\t<\/h3>\n\t\t\t\t\t<div class=\"elementor-post__read-more-wrapper\">\n\t\t\n\t\t<a class=\"elementor-post__read-more\" href=\"https:\/\/nuevalibertad.org\/en\/marruecos-puerta-de-entrada-de-china-a-la-union-europea\/\" aria-label=\"Read more about Marruecos, puerta de entrada de China a la Uni\u00f3n Europea\" tabindex=\"-1\" >\n\t\t\tLeer m\u00e1s \u00bb\t\t<\/a>\n\n\t\t\t\t\t<\/div>\n\t\t\t\t<\/div>\n\t\t\t\t<\/article>\n\t\t\t\t<article class=\"elementor-post elementor-grid-item post-2468 post type-post status-publish format-standard has-post-thumbnail hentry category-articulos category-publicaciones-digitales tag-colegios tag-educacion tag-francia tag-liceos tag-preocupacion tag-violencia\">\n\t\t\t\t<a class=\"elementor-post__thumbnail__link\" href=\"https:\/\/nuevalibertad.org\/en\/uno-de-cada-ocho-alumnos-en-francia-tienen-miedo-de-volver-a-la-escuela\/\" tabindex=\"-1\" >\n\t\t\t<div class=\"elementor-post__thumbnail\"><img loading=\"lazy\" decoding=\"async\" width=\"600\" height=\"403\" src=\"https:\/\/nuevalibertad.org\/wp-content\/uploads\/2024\/08\/colegio.avif\" class=\"attachment-medium size-medium wp-image-2470\" alt=\"\" \/><\/div>\n\t\t<\/a>\n\t\t\t\t<div class=\"elementor-post__text\">\n\t\t\t\t<h3 class=\"elementor-post__title\">\n\t\t\t<a href=\"https:\/\/nuevalibertad.org\/en\/uno-de-cada-ocho-alumnos-en-francia-tienen-miedo-de-volver-a-la-escuela\/\" >\n\t\t\t\tUno de cada ocho alumnos en Francia tienen miedo de volver a la escuela.\t\t\t<\/a>\n\t\t<\/h3>\n\t\t\t\t\t<div class=\"elementor-post__read-more-wrapper\">\n\t\t\n\t\t<a class=\"elementor-post__read-more\" href=\"https:\/\/nuevalibertad.org\/en\/uno-de-cada-ocho-alumnos-en-francia-tienen-miedo-de-volver-a-la-escuela\/\" aria-label=\"Read more about Uno de cada ocho alumnos en Francia tienen miedo de volver a la escuela.\" tabindex=\"-1\" >\n\t\t\tLeer m\u00e1s \u00bb\t\t<\/a>\n\n\t\t\t\t\t<\/div>\n\t\t\t\t<\/div>\n\t\t\t\t<\/article>\n\t\t\t\t<article class=\"elementor-post elementor-grid-item post-2427 post type-post status-publish format-standard has-post-thumbnail hentry category-articulos category-publicaciones-digitales tag-actualidad tag-hispanoamerica tag-internacional\">\n\t\t\t\t<a class=\"elementor-post__thumbnail__link\" href=\"https:\/\/nuevalibertad.org\/en\/la-lacra-de-los-accidentes-de-trafico-en-iberoamerica\/\" tabindex=\"-1\" >\n\t\t\t<div class=\"elementor-post__thumbnail\"><img loading=\"lazy\" decoding=\"async\" width=\"800\" height=\"603\" src=\"https:\/\/nuevalibertad.org\/wp-content\/uploads\/2024\/07\/carreterahispana-800x603.jpg\" class=\"attachment-medium size-medium wp-image-2429\" alt=\"\" srcset=\"https:\/\/nuevalibertad.org\/wp-content\/uploads\/2024\/07\/carreterahispana-800x603.jpg 800w, https:\/\/nuevalibertad.org\/wp-content\/uploads\/2024\/07\/carreterahispana-768x579.jpg 768w, https:\/\/nuevalibertad.org\/wp-content\/uploads\/2024\/07\/carreterahispana-16x12.jpg 16w, https:\/\/nuevalibertad.org\/wp-content\/uploads\/2024\/07\/carreterahispana.jpg 1000w\" sizes=\"(max-width: 800px) 100vw, 800px\" \/><\/div>\n\t\t<\/a>\n\t\t\t\t<div class=\"elementor-post__text\">\n\t\t\t\t<h3 class=\"elementor-post__title\">\n\t\t\t<a href=\"https:\/\/nuevalibertad.org\/en\/la-lacra-de-los-accidentes-de-trafico-en-iberoamerica\/\" >\n\t\t\t\tLa lacra de los accidentes de tr\u00e1fico en Iberoam\u00e9rica\t\t\t<\/a>\n\t\t<\/h3>\n\t\t\t\t\t<div class=\"elementor-post__read-more-wrapper\">\n\t\t\n\t\t<a class=\"elementor-post__read-more\" href=\"https:\/\/nuevalibertad.org\/en\/la-lacra-de-los-accidentes-de-trafico-en-iberoamerica\/\" aria-label=\"Read more about La lacra de los accidentes de tr\u00e1fico en Iberoam\u00e9rica\" tabindex=\"-1\" >\n\t\t\tLeer m\u00e1s \u00bb\t\t<\/a>\n\n\t\t\t\t\t<\/div>\n\t\t\t\t<\/div>\n\t\t\t\t<\/article>\n\t\t\t\t<article class=\"elementor-post elementor-grid-item post-2414 post type-post status-publish format-standard has-post-thumbnail hentry category-articulos category-blog tag-actualidad tag-democracia tag-elecciones tag-internacional tag-politica tag-seguridad\">\n\t\t\t\t<a class=\"elementor-post__thumbnail__link\" href=\"https:\/\/nuevalibertad.org\/en\/la-violencia-politica-marca-el-panorama-electoral-en-mexico\/\" tabindex=\"-1\" >\n\t\t\t<div class=\"elementor-post__thumbnail\"><img loading=\"lazy\" decoding=\"async\" width=\"300\" height=\"180\" src=\"https:\/\/nuevalibertad.org\/wp-content\/uploads\/2023\/09\/Mexico-300x180.jpg\" class=\"attachment-medium size-medium wp-image-1849\" alt=\"\" srcset=\"https:\/\/nuevalibertad.org\/wp-content\/uploads\/2023\/09\/Mexico-300x180.jpg 300w, https:\/\/nuevalibertad.org\/wp-content\/uploads\/2023\/09\/elementor\/thumbs\/Mexico-qcsspksnvh3fh40cc1uyiglugub8e3skvyvin4mzec.jpg 83w, https:\/\/nuevalibertad.org\/wp-content\/uploads\/2023\/09\/Mexico.jpg 500w\" sizes=\"(max-width: 300px) 100vw, 300px\" \/><\/div>\n\t\t<\/a>\n\t\t\t\t<div class=\"elementor-post__text\">\n\t\t\t\t<h3 class=\"elementor-post__title\">\n\t\t\t<a href=\"https:\/\/nuevalibertad.org\/en\/la-violencia-politica-marca-el-panorama-electoral-en-mexico\/\" >\n\t\t\t\tLa violencia pol\u00edtica marca el panorama electoral en M\u00e9xico .\t\t\t<\/a>\n\t\t<\/h3>\n\t\t\t\t\t<div class=\"elementor-post__read-more-wrapper\">\n\t\t\n\t\t<a class=\"elementor-post__read-more\" href=\"https:\/\/nuevalibertad.org\/en\/la-violencia-politica-marca-el-panorama-electoral-en-mexico\/\" aria-label=\"Read more about La violencia pol\u00edtica marca el panorama electoral en M\u00e9xico .\" tabindex=\"-1\" >\n\t\t\tLeer m\u00e1s \u00bb\t\t<\/a>\n\n\t\t\t\t\t<\/div>\n\t\t\t\t<\/div>\n\t\t\t\t<\/article>\n\t\t\t\t<article class=\"elementor-post elementor-grid-item post-2404 post type-post status-publish format-standard has-post-thumbnail hentry category-articulos category-publicaciones-digitales tag-actualidad tag-internacional tag-mexico tag-mujeres\">\n\t\t\t\t<a class=\"elementor-post__thumbnail__link\" href=\"https:\/\/nuevalibertad.org\/en\/prestigiosa-revista-diplomatica-de-mexico-destaca-el-coloquio-organizado-por-el-think-tank-nueva-libertad-y-gobierno-nlg\/\" tabindex=\"-1\" >\n\t\t\t<div class=\"elementor-post__thumbnail\"><img loading=\"lazy\" decoding=\"async\" width=\"800\" height=\"770\" src=\"https:\/\/nuevalibertad.org\/wp-content\/uploads\/2024\/05\/WhatsApp-Image-2024-05-23-at-09.00.11-800x770.jpeg\" class=\"attachment-medium size-medium wp-image-2406\" alt=\"\" srcset=\"https:\/\/nuevalibertad.org\/wp-content\/uploads\/2024\/05\/WhatsApp-Image-2024-05-23-at-09.00.11-800x770.jpeg 800w, https:\/\/nuevalibertad.org\/wp-content\/uploads\/2024\/05\/WhatsApp-Image-2024-05-23-at-09.00.11-1024x986.jpeg 1024w, https:\/\/nuevalibertad.org\/wp-content\/uploads\/2024\/05\/WhatsApp-Image-2024-05-23-at-09.00.11-768x739.jpeg 768w, https:\/\/nuevalibertad.org\/wp-content\/uploads\/2024\/05\/WhatsApp-Image-2024-05-23-at-09.00.11-12x12.jpeg 12w, https:\/\/nuevalibertad.org\/wp-content\/uploads\/2024\/05\/WhatsApp-Image-2024-05-23-at-09.00.11.jpeg 1065w\" sizes=\"(max-width: 800px) 100vw, 800px\" \/><\/div>\n\t\t<\/a>\n\t\t\t\t<div class=\"elementor-post__text\">\n\t\t\t\t<h3 class=\"elementor-post__title\">\n\t\t\t<a href=\"https:\/\/nuevalibertad.org\/en\/prestigiosa-revista-diplomatica-de-mexico-destaca-el-coloquio-organizado-por-el-think-tank-nueva-libertad-y-gobierno-nlg\/\" >\n\t\t\t\tPrestigiosa Revista Diplom\u00e1tica de M\u00e9xico, Destaca el Coloquio Organizado por el Think Tank, Nueva Libertad y Gobierno (NLG)\t\t\t<\/a>\n\t\t<\/h3>\n\t\t\t\t\t<div class=\"elementor-post__read-more-wrapper\">\n\t\t\n\t\t<a class=\"elementor-post__read-more\" href=\"https:\/\/nuevalibertad.org\/en\/prestigiosa-revista-diplomatica-de-mexico-destaca-el-coloquio-organizado-por-el-think-tank-nueva-libertad-y-gobierno-nlg\/\" aria-label=\"Read more about Prestigiosa Revista Diplom\u00e1tica de M\u00e9xico, Destaca el Coloquio Organizado por el Think Tank, Nueva Libertad y Gobierno (NLG)\" tabindex=\"-1\" >\n\t\t\tLeer m\u00e1s \u00bb\t\t<\/a>\n\n\t\t\t\t\t<\/div>\n\t\t\t\t<\/div>\n\t\t\t\t<\/article>\n\t\t\t\t<article class=\"elementor-post elementor-grid-item post-2397 post type-post status-publish format-standard has-post-thumbnail hentry category-articulos category-publicaciones-digitales tag-actualidad tag-democracia tag-economia tag-internacional tag-politica\">\n\t\t\t\t<a class=\"elementor-post__thumbnail__link\" href=\"https:\/\/nuevalibertad.org\/en\/cuba-siempre-cuba\/\" tabindex=\"-1\" >\n\t\t\t<div class=\"elementor-post__thumbnail\"><img loading=\"lazy\" decoding=\"async\" width=\"275\" height=\"183\" src=\"https:\/\/nuevalibertad.org\/wp-content\/uploads\/2024\/05\/descarga.jpeg\" class=\"attachment-medium size-medium wp-image-2398\" alt=\"\" srcset=\"https:\/\/nuevalibertad.org\/wp-content\/uploads\/2024\/05\/descarga.jpeg 275w, https:\/\/nuevalibertad.org\/wp-content\/uploads\/2024\/05\/descarga-18x12.jpeg 18w\" sizes=\"(max-width: 275px) 100vw, 275px\" \/><\/div>\n\t\t<\/a>\n\t\t\t\t<div class=\"elementor-post__text\">\n\t\t\t\t<h3 class=\"elementor-post__title\">\n\t\t\t<a href=\"https:\/\/nuevalibertad.org\/en\/cuba-siempre-cuba\/\" >\n\t\t\t\tCuba, siempre Cuba\t\t\t<\/a>\n\t\t<\/h3>\n\t\t\t\t\t<div class=\"elementor-post__read-more-wrapper\">\n\t\t\n\t\t<a class=\"elementor-post__read-more\" href=\"https:\/\/nuevalibertad.org\/en\/cuba-siempre-cuba\/\" aria-label=\"Read more about Cuba, siempre Cuba\" tabindex=\"-1\" >\n\t\t\tLeer m\u00e1s \u00bb\t\t<\/a>\n\n\t\t\t\t\t<\/div>\n\t\t\t\t<\/div>\n\t\t\t\t<\/article>\n\t\t\t\t<article class=\"elementor-post elementor-grid-item post-2411 post type-post status-publish format-standard has-post-thumbnail hentry category-articulos category-publicaciones-digitales tag-internacional tag-liderazgo tag-negocios tag-universidades\">\n\t\t\t\t<a class=\"elementor-post__thumbnail__link\" href=\"https:\/\/nuevalibertad.org\/en\/la-universidad-columbia-de-paraguay-y-la-think-tank-nueva-libertad-y-gobierno-firman-un-convenio-de-colaboracion-academica\/\" tabindex=\"-1\" >\n\t\t\t<div class=\"elementor-post__thumbnail\"><img loading=\"lazy\" decoding=\"async\" width=\"359\" height=\"800\" src=\"https:\/\/nuevalibertad.org\/wp-content\/uploads\/2024\/05\/WhatsApp-Image-2024-05-23-at-08.51.28-359x800.jpeg\" class=\"attachment-medium size-medium wp-image-2412\" alt=\"\" srcset=\"https:\/\/nuevalibertad.org\/wp-content\/uploads\/2024\/05\/WhatsApp-Image-2024-05-23-at-08.51.28-359x800.jpeg 359w, https:\/\/nuevalibertad.org\/wp-content\/uploads\/2024\/05\/WhatsApp-Image-2024-05-23-at-08.51.28-459x1024.jpeg 459w, https:\/\/nuevalibertad.org\/wp-content\/uploads\/2024\/05\/WhatsApp-Image-2024-05-23-at-08.51.28-768x1713.jpeg 768w, https:\/\/nuevalibertad.org\/wp-content\/uploads\/2024\/05\/WhatsApp-Image-2024-05-23-at-08.51.28-689x1536.jpeg 689w, https:\/\/nuevalibertad.org\/wp-content\/uploads\/2024\/05\/WhatsApp-Image-2024-05-23-at-08.51.28-5x12.jpeg 5w, https:\/\/nuevalibertad.org\/wp-content\/uploads\/2024\/05\/WhatsApp-Image-2024-05-23-at-08.51.28.jpeg 918w\" sizes=\"(max-width: 359px) 100vw, 359px\" \/><\/div>\n\t\t<\/a>\n\t\t\t\t<div class=\"elementor-post__text\">\n\t\t\t\t<h3 class=\"elementor-post__title\">\n\t\t\t<a href=\"https:\/\/nuevalibertad.org\/en\/la-universidad-columbia-de-paraguay-y-la-think-tank-nueva-libertad-y-gobierno-firman-un-convenio-de-colaboracion-academica\/\" >\n\t\t\t\tLa Universidad Columbia de Paraguay y la Think Tank Nueva Libertad y Gobierno firman un convenio de colaboraci\u00f3n acad\u00e9mica\t\t\t<\/a>\n\t\t<\/h3>\n\t\t\t\t\t<div class=\"elementor-post__read-more-wrapper\">\n\t\t\n\t\t<a class=\"elementor-post__read-more\" href=\"https:\/\/nuevalibertad.org\/en\/la-universidad-columbia-de-paraguay-y-la-think-tank-nueva-libertad-y-gobierno-firman-un-convenio-de-colaboracion-academica\/\" aria-label=\"Read more about La Universidad Columbia de Paraguay y la Think Tank Nueva Libertad y Gobierno firman un convenio de colaboraci\u00f3n acad\u00e9mica\" tabindex=\"-1\" >\n\t\t\tLeer m\u00e1s \u00bb\t\t<\/a>\n\n\t\t\t\t\t<\/div>\n\t\t\t\t<\/div>\n\t\t\t\t<\/article>\n\t\t\t\t<article class=\"elementor-post elementor-grid-item post-2352 post type-post status-publish format-standard has-post-thumbnail hentry category-articulos category-blog tag-internacional tag-mujeres\">\n\t\t\t\t<a class=\"elementor-post__thumbnail__link\" href=\"https:\/\/nuevalibertad.org\/en\/macron-blinda-el-derecho-al-aborto-en-la-constitucion-a-la-vez-fomenta-la-natalidad-por-encontrarse-en-la-tasa-mas-baja-desde-el-fin-de-la-segunda-guerra-mundial\/\" tabindex=\"-1\" >\n\t\t\t<div class=\"elementor-post__thumbnail\"><img loading=\"lazy\" decoding=\"async\" width=\"800\" height=\"450\" src=\"https:\/\/nuevalibertad.org\/wp-content\/uploads\/2024\/03\/foto2articulo-800x450.webp\" class=\"attachment-medium size-medium wp-image-2358\" alt=\"\" srcset=\"https:\/\/nuevalibertad.org\/wp-content\/uploads\/2024\/03\/foto2articulo-800x450.webp 800w, https:\/\/nuevalibertad.org\/wp-content\/uploads\/2024\/03\/foto2articulo-1024x576.webp 1024w, https:\/\/nuevalibertad.org\/wp-content\/uploads\/2024\/03\/foto2articulo-768x432.webp 768w, https:\/\/nuevalibertad.org\/wp-content\/uploads\/2024\/03\/foto2articulo-1536x864.webp 1536w, https:\/\/nuevalibertad.org\/wp-content\/uploads\/2024\/03\/foto2articulo-18x10.webp 18w, https:\/\/nuevalibertad.org\/wp-content\/uploads\/2024\/03\/foto2articulo.webp 1600w\" sizes=\"(max-width: 800px) 100vw, 800px\" \/><\/div>\n\t\t<\/a>\n\t\t\t\t<div class=\"elementor-post__text\">\n\t\t\t\t<h3 class=\"elementor-post__title\">\n\t\t\t<a href=\"https:\/\/nuevalibertad.org\/en\/macron-blinda-el-derecho-al-aborto-en-la-constitucion-a-la-vez-fomenta-la-natalidad-por-encontrarse-en-la-tasa-mas-baja-desde-el-fin-de-la-segunda-guerra-mundial\/\" >\n\t\t\t\tMacron blinda el derecho al aborto en la Constituci\u00f3n, a la vez fomenta la natalidad por encontrarse en la tasa m\u00e1s baja desde el fin de la Segunda Guerra Mundial.\t\t\t<\/a>\n\t\t<\/h3>\n\t\t\t\t\t<div class=\"elementor-post__read-more-wrapper\">\n\t\t\n\t\t<a class=\"elementor-post__read-more\" href=\"https:\/\/nuevalibertad.org\/en\/macron-blinda-el-derecho-al-aborto-en-la-constitucion-a-la-vez-fomenta-la-natalidad-por-encontrarse-en-la-tasa-mas-baja-desde-el-fin-de-la-segunda-guerra-mundial\/\" aria-label=\"Read more about Macron blinda el derecho al aborto en la Constituci\u00f3n, a la vez fomenta la natalidad por encontrarse en la tasa m\u00e1s baja desde el fin de la Segunda Guerra Mundial.\" tabindex=\"-1\" >\n\t\t\tLeer m\u00e1s \u00bb\t\t<\/a>\n\n\t\t\t\t\t<\/div>\n\t\t\t\t<\/div>\n\t\t\t\t<\/article>\n\t\t\t\t<article class=\"elementor-post elementor-grid-item post-2338 post type-post status-publish format-standard has-post-thumbnail hentry category-articulos category-blog category-sin-categoria tag-democracia tag-elecciones tag-impacto-social tag-ultra-voting\">\n\t\t\t\t<a class=\"elementor-post__thumbnail__link\" href=\"https:\/\/nuevalibertad.org\/en\/el-impacto-social-y-politico-del-ultra-voting\/\" tabindex=\"-1\" >\n\t\t\t<div class=\"elementor-post__thumbnail\"><img loading=\"lazy\" decoding=\"async\" width=\"200\" height=\"300\" src=\"https:\/\/nuevalibertad.org\/wp-content\/uploads\/2024\/03\/electronic-vote2-200x300.jpeg\" class=\"attachment-medium size-medium wp-image-2343\" alt=\"\" srcset=\"https:\/\/nuevalibertad.org\/wp-content\/uploads\/2024\/03\/electronic-vote2-200x300.jpeg 200w, https:\/\/nuevalibertad.org\/wp-content\/uploads\/2024\/03\/electronic-vote2-683x1024.jpeg 683w, https:\/\/nuevalibertad.org\/wp-content\/uploads\/2024\/03\/electronic-vote2-768x1152.jpeg 768w, https:\/\/nuevalibertad.org\/wp-content\/uploads\/2024\/03\/electronic-vote2-1024x1536.jpeg 1024w, https:\/\/nuevalibertad.org\/wp-content\/uploads\/2024\/03\/electronic-vote2-1365x2048.jpeg 1365w, https:\/\/nuevalibertad.org\/wp-content\/uploads\/2024\/03\/electronic-vote2-8x12.jpeg 8w, https:\/\/nuevalibertad.org\/wp-content\/uploads\/2024\/03\/electronic-vote2-scaled.jpeg 1706w\" sizes=\"(max-width: 200px) 100vw, 200px\" \/><\/div>\n\t\t<\/a>\n\t\t\t\t<div class=\"elementor-post__text\">\n\t\t\t\t<h3 class=\"elementor-post__title\">\n\t\t\t<a href=\"https:\/\/nuevalibertad.org\/en\/el-impacto-social-y-politico-del-ultra-voting\/\" >\n\t\t\t\tEl impacto social y pol\u00edtico del ultra voting\t\t\t<\/a>\n\t\t<\/h3>\n\t\t\t\t\t<div class=\"elementor-post__read-more-wrapper\">\n\t\t\n\t\t<a class=\"elementor-post__read-more\" href=\"https:\/\/nuevalibertad.org\/en\/el-impacto-social-y-politico-del-ultra-voting\/\" aria-label=\"Read more about El impacto social y pol\u00edtico del ultra voting\" tabindex=\"-1\" >\n\t\t\tLeer m\u00e1s \u00bb\t\t<\/a>\n\n\t\t\t\t\t<\/div>\n\t\t\t\t<\/div>\n\t\t\t\t<\/article>\n\t\t\t\t<\/div>\n\t\t\n\t\t\t\t<div class=\"e-load-more-anchor\" data-page=\"1\" data-max-page=\"3\" data-next-page=\"https:\/\/nuevalibertad.org\/en\/wp-json\/wp\/v2\/pages\/1650\/page\/2\/\"><\/div>\n\t\t\t\t<nav class=\"elementor-pagination\" aria-label=\"Pagination\">\n\t\t\t<span aria-current=\"page\" class=\"page-numbers current\"><span class=\"elementor-screen-only\">Page<\/span>1<\/span>\n<a class=\"page-numbers\" href=\"https:\/\/nuevalibertad.org\/en\/wp-json\/wp\/v2\/pages\/1650\/page\/2\/\"><span class=\"elementor-screen-only\">Page<\/span>2<\/a>\n<a class=\"page-numbers\" href=\"https:\/\/nuevalibertad.org\/en\/wp-json\/wp\/v2\/pages\/1650\/page\/3\/\"><span class=\"elementor-screen-only\">Page<\/span>3<\/a>\t\t<\/nav>\n\t\t\t\t\t\t<\/div>\n\t\t\t\t<\/div>\n\t\t\t\t\t<\/div>\n\t\t<\/div>\n\t\t\t\t\t<\/div>\n\t\t<\/section>\n\t\t\t\t\t<\/div>\n\t\t<\/div>\n\t\t\t\t\t<\/div>\n\t\t<\/section>\n\t\t\t\t<\/div>","protected":false},"excerpt":{"rendered":"<p>Articles<\/p>","protected":false},"author":1,"featured_media":0,"parent":0,"menu_order":0,"comment_status":"closed","ping_status":"closed","template":"","meta":{"sfsi_plus_gutenberg_text_before_share":"","sfsi_plus_gutenberg_show_text_before_share":"","sfsi_plus_gutenberg_icon_type":"","sfsi_plus_gutenberg_icon_alignemt":"","sfsi_plus_gutenburg_max_per_row":"","site-sidebar-layout":"default","site-content-layout":"page-builder","ast-global-header-display":"","ast-banner-title-visibility":"","ast-main-header-display":"","ast-hfb-above-header-display":"","ast-hfb-below-header-display":"","ast-hfb-mobile-header-display":"","site-post-title":"disabled","ast-breadcrumbs-content":"disabled","ast-featured-img":"disabled","footer-sml-layout":"","theme-transparent-header-meta":"enabled","adv-header-id-meta":"","stick-header-meta":"","header-above-stick-meta":"","header-main-stick-meta":"","header-below-stick-meta":"","footnotes":""},"class_list":["post-1650","page","type-page","status-publish","hentry"],"yoast_head":"<!-- This site is optimized with the Yoast SEO plugin v27.4 - https:\/\/yoast.com\/product\/yoast-seo-wordpress\/ -->\n<title>Art\u00edculos - Nueva Libertad y Gobierno<\/title>\n<meta name=\"robots\" content=\"index, follow, max-snippet:-1, max-image-preview:large, max-video-preview:-1\" \/>\n<link rel=\"canonical\" href=\"https:\/\/nuevalibertad.org\/en\/articulos\/\" \/>\n<meta property=\"og:locale\" content=\"en_US\" \/>\n<meta property=\"og:type\" content=\"article\" \/>\n<meta property=\"og:title\" content=\"Art\u00edculos - Nueva Libertad y Gobierno\" \/>\n<meta property=\"og:description\" content=\"Art\u00edculos\" \/>\n<meta property=\"og:url\" content=\"https:\/\/nuevalibertad.org\/en\/articulos\/\" \/>\n<meta property=\"og:site_name\" content=\"Nueva Libertad y Gobierno\" \/>\n<meta property=\"article:modified_time\" content=\"2023-09-29T19:04:35+00:00\" \/>\n<meta name=\"twitter:card\" content=\"summary_large_image\" \/>\n<meta name=\"twitter:label1\" content=\"Est. reading time\" \/>\n\t<meta name=\"twitter:data1\" content=\"4 minutes\" \/>\n<script type=\"application\/ld+json\" class=\"yoast-schema-graph\">{\"@context\":\"https:\\\/\\\/schema.org\",\"@graph\":[{\"@type\":\"WebPage\",\"@id\":\"https:\\\/\\\/nuevalibertad.org\\\/articulos\\\/\",\"url\":\"https:\\\/\\\/nuevalibertad.org\\\/articulos\\\/\",\"name\":\"Art\u00edculos - Nueva Libertad y Gobierno\",\"isPartOf\":{\"@id\":\"https:\\\/\\\/nuevalibertad.org\\\/#website\"},\"datePublished\":\"2023-08-24T06:40:11+00:00\",\"dateModified\":\"2023-09-29T19:04:35+00:00\",\"breadcrumb\":{\"@id\":\"https:\\\/\\\/nuevalibertad.org\\\/articulos\\\/#breadcrumb\"},\"inLanguage\":\"en-US\",\"potentialAction\":[{\"@type\":\"ReadAction\",\"target\":[\"https:\\\/\\\/nuevalibertad.org\\\/articulos\\\/\"]}]},{\"@type\":\"BreadcrumbList\",\"@id\":\"https:\\\/\\\/nuevalibertad.org\\\/articulos\\\/#breadcrumb\",\"itemListElement\":[{\"@type\":\"ListItem\",\"position\":1,\"name\":\"Portada\",\"item\":\"https:\\\/\\\/nuevalibertad.org\\\/\"},{\"@type\":\"ListItem\",\"position\":2,\"name\":\"Art\u00edculos\"}]},{\"@type\":\"WebSite\",\"@id\":\"https:\\\/\\\/nuevalibertad.org\\\/#website\",\"url\":\"https:\\\/\\\/nuevalibertad.org\\\/\",\"name\":\"Nueva Libertad y Gobierno\",\"description\":\"Enfocados en la direcci\u00f3n correcta\",\"publisher\":{\"@id\":\"https:\\\/\\\/nuevalibertad.org\\\/#organization\"},\"potentialAction\":[{\"@type\":\"SearchAction\",\"target\":{\"@type\":\"EntryPoint\",\"urlTemplate\":\"https:\\\/\\\/nuevalibertad.org\\\/?s={search_term_string}\"},\"query-input\":{\"@type\":\"PropertyValueSpecification\",\"valueRequired\":true,\"valueName\":\"search_term_string\"}}],\"inLanguage\":\"en-US\"},{\"@type\":\"Organization\",\"@id\":\"https:\\\/\\\/nuevalibertad.org\\\/#organization\",\"name\":\"Nueva Libertad y Gobierno\",\"url\":\"https:\\\/\\\/nuevalibertad.org\\\/\",\"logo\":{\"@type\":\"ImageObject\",\"inLanguage\":\"en-US\",\"@id\":\"https:\\\/\\\/nuevalibertad.org\\\/#\\\/schema\\\/logo\\\/image\\\/\",\"url\":\"https:\\\/\\\/nuevalibertad.org\\\/wp-content\\\/uploads\\\/2023\\\/07\\\/cropped-nlg-1.png\",\"contentUrl\":\"https:\\\/\\\/nuevalibertad.org\\\/wp-content\\\/uploads\\\/2023\\\/07\\\/cropped-nlg-1.png\",\"width\":321,\"height\":189,\"caption\":\"Nueva Libertad y Gobierno\"},\"image\":{\"@id\":\"https:\\\/\\\/nuevalibertad.org\\\/#\\\/schema\\\/logo\\\/image\\\/\"}}]}<\/script>\n<!-- \/ Yoast SEO plugin. -->","yoast_head_json":{"title":"Art\u00edculos - Nueva Libertad y Gobierno","robots":{"index":"index","follow":"follow","max-snippet":"max-snippet:-1","max-image-preview":"max-image-preview:large","max-video-preview":"max-video-preview:-1"},"canonical":"https:\/\/nuevalibertad.org\/en\/articulos\/","og_locale":"en_US","og_type":"article","og_title":"Art\u00edculos - Nueva Libertad y Gobierno","og_description":"Art\u00edculos","og_url":"https:\/\/nuevalibertad.org\/en\/articulos\/","og_site_name":"Nueva Libertad y Gobierno","article_modified_time":"2023-09-29T19:04:35+00:00","twitter_card":"summary_large_image","twitter_misc":{"Est. reading time":"4 minutes"},"schema":{"@context":"https:\/\/schema.org","@graph":[{"@type":"WebPage","@id":"https:\/\/nuevalibertad.org\/articulos\/","url":"https:\/\/nuevalibertad.org\/articulos\/","name":"Art\u00edculos - Nueva Libertad y Gobierno","isPartOf":{"@id":"https:\/\/nuevalibertad.org\/#website"},"datePublished":"2023-08-24T06:40:11+00:00","dateModified":"2023-09-29T19:04:35+00:00","breadcrumb":{"@id":"https:\/\/nuevalibertad.org\/articulos\/#breadcrumb"},"inLanguage":"en-US","potentialAction":[{"@type":"ReadAction","target":["https:\/\/nuevalibertad.org\/articulos\/"]}]},{"@type":"BreadcrumbList","@id":"https:\/\/nuevalibertad.org\/articulos\/#breadcrumb","itemListElement":[{"@type":"ListItem","position":1,"name":"Portada","item":"https:\/\/nuevalibertad.org\/"},{"@type":"ListItem","position":2,"name":"Art\u00edculos"}]},{"@type":"WebSite","@id":"https:\/\/nuevalibertad.org\/#website","url":"https:\/\/nuevalibertad.org\/","name":"Nueva Libertad y Gobierno","description":"Enfocados en la direcci\u00f3n correcta","publisher":{"@id":"https:\/\/nuevalibertad.org\/#organization"},"potentialAction":[{"@type":"SearchAction","target":{"@type":"EntryPoint","urlTemplate":"https:\/\/nuevalibertad.org\/?s={search_term_string}"},"query-input":{"@type":"PropertyValueSpecification","valueRequired":true,"valueName":"search_term_string"}}],"inLanguage":"en-US"},{"@type":"Organization","@id":"https:\/\/nuevalibertad.org\/#organization","name":"Nueva Libertad y Gobierno","url":"https:\/\/nuevalibertad.org\/","logo":{"@type":"ImageObject","inLanguage":"en-US","@id":"https:\/\/nuevalibertad.org\/#\/schema\/logo\/image\/","url":"https:\/\/nuevalibertad.org\/wp-content\/uploads\/2023\/07\/cropped-nlg-1.png","contentUrl":"https:\/\/nuevalibertad.org\/wp-content\/uploads\/2023\/07\/cropped-nlg-1.png","width":321,"height":189,"caption":"Nueva Libertad y Gobierno"},"image":{"@id":"https:\/\/nuevalibertad.org\/#\/schema\/logo\/image\/"}}]}},"jetpack_sharing_enabled":true,"_links":{"self":[{"href":"https:\/\/nuevalibertad.org\/en\/wp-json\/wp\/v2\/pages\/1650","targetHints":{"allow":["GET"]}}],"collection":[{"href":"https:\/\/nuevalibertad.org\/en\/wp-json\/wp\/v2\/pages"}],"about":[{"href":"https:\/\/nuevalibertad.org\/en\/wp-json\/wp\/v2\/types\/page"}],"author":[{"embeddable":true,"href":"https:\/\/nuevalibertad.org\/en\/wp-json\/wp\/v2\/users\/1"}],"replies":[{"embeddable":true,"href":"https:\/\/nuevalibertad.org\/en\/wp-json\/wp\/v2\/comments?post=1650"}],"version-history":[{"count":16,"href":"https:\/\/nuevalibertad.org\/en\/wp-json\/wp\/v2\/pages\/1650\/revisions"}],"predecessor-version":[{"id":1984,"href":"https:\/\/nuevalibertad.org\/en\/wp-json\/wp\/v2\/pages\/1650\/revisions\/1984"}],"wp:attachment":[{"href":"https:\/\/nuevalibertad.org\/en\/wp-json\/wp\/v2\/media?parent=1650"}],"curies":[{"name":"wp","href":"https:\/\/api.w.org\/{rel}","templated":true}]}}